{"id":976754,"date":"2024-08-28T16:50:02","date_gmt":"2024-08-28T14:50:02","guid":{"rendered":"https:\/\/www.claret.cat\/llibre\/maimai-el-caracol-de-taro-9788410200586\/"},"modified":"2024-09-26T09:45:34","modified_gmt":"2024-09-26T07:45:34","slug":"maimai-el-caracol-de-taro-9788410200586","status":"publish","type":"product","link":"https:\/\/www.claret.cat\/es\/libro\/maimai-el-caracol-de-taro-9788410200586\/","title":{"rendered":"MA\u00cfMA\u00cf, EL CARACOL DE TAR\u00d4"},"content":{"rendered":"<p>Ma\u00efma\u00ef, el caracol de Tar\u00f4, es la esperada quinta parte de la pentalog\u00eda<strong> La sombra del cardo<\/strong>, de<a href=\"https:\/\/www.claret.cat\/es\/catalogo\/?b=Aki+Shimazaki\"><strong> Aki Shimazaki<\/strong> <\/a>una de las series m\u00e1s exitosas de la<strong> literatura japonesa<\/strong> de las \u00faltimas d\u00e9cadas.<\/p>\n<p>La repentina muerte de la atractiva Mitsuko Tsuji sorprende a todos, incluidos los clientes de su librer\u00eda, Kit\u00f4. Cuando llegan visitantes para presentar sus \u00faltimos respetos, Tar\u00f4, el hijo sordomudo de Mitsuko, est\u00e1 preocupado por ciertos detalles de su historia familiar. Pero esto pierde importancia cuando llega a darle el p\u00e9same una joven que despierta en \u00e9l una profunda inquietud, algo como un amor incipiente, algo como un recuerdo precioso.<\/p>\n<p>\u00abEs hora de decir alto y claro la felicidad que conlleva cada publicaci\u00f3n de un nuevo libro de Aki Shimazaki [\u2026]. Sus enigm\u00e1ticas novelas ocupan menos de doscientas p\u00e1ginas y se guardan f\u00e1cilmente cerca del coraz\u00f3n\u00bb.<br \/>\nT\u00e9l\u00e9rama<\/p>\n","protected":false},"excerpt":{"rendered":"<p>Aki Shimazaki<\/p>\n","protected":false},"featured_media":976755,"template":"","meta":{"_acf_changed":false,"om_disable_all_campaigns":false,"rs_blank_template":"","rs_page_bg_color":"","slide_template_v7":"","inline_featured_image":false,"_monsterinsights_skip_tracking":false},"product_brand":[],"product_cat":[127,357],"product_tag":[],"class_list":["post-976754","product","type-product","status-publish","has-post-thumbnail","product_cat-novella-contemporania","product_cat-novela-contemporanea","first","instock","taxable","shipping-taxable","purchasable","product-type-simple"],"acf":{"autor":"SHIMAZAKI, AKI","codart":"841020058","libros-coleccion":"Otras Latitudes","ediciones":"1","encuadernacion":"R\u00fastica","fecha_de_publicacion":"01\/09\/2024","novedad":"1","paginas":"190","subtitulo":"","orden":"0","portada":"0","idioma":"spa","editorial":[{"ID":148581,"post_author":"3","post_date":"2022-10-14 11:59:22","post_date_gmt":"2022-10-14 09:59:22","post_content":"","post_title":"N\u00d3RDICA LIBROS","post_excerpt":"","post_status":"publish","comment_status":"closed","ping_status":"closed","post_password":"","post_name":"nordica-libros","to_ping":"","pinged":"","post_modified":"2022-10-14 11:59:22","post_modified_gmt":"2022-10-14 09:59:22","post_content_filtered":"","post_parent":0,"guid":"http:\/\/dev.claret.cat\/editorial\/nordica-libros\/","menu_order":0,"post_type":"editorial","post_mime_type":"","comment_count":"0","filter":"raw"}],"autores-libros":"","traductores-libros":"","ilustradores-libros":"","formato":"","linkebook":"","precioebook":"","ebookportada":false,"ficha":"","muestra":"","presentacion":"","booktrailer":"","resenas":"","recomendamos":"","mas_vendido":""},"aioseo_notices":[],"aioseo_head":"\n\t\t<!-- All in One SEO Pro 5.0.1.1 - aioseo.com -->\n\t<meta name=\"description\" content=\"MA\u00cfMA\u00cf, EL CARACOL DE TAR\u00d4 de Aki Shimazaki disponible a\/en Llibreria Claret.\" \/>\n\t<meta name=\"robots\" content=\"max-image-preview:large\" \/>\n\t<meta name=\"google-site-verification\" content=\"xVtlFxJ-TfkIu-D-lt7XeLobefg5EIQiXTuqcSf8Rf0\" \/>\n\t<link rel=\"canonical\" href=\"https:\/\/www.claret.cat\/es\/libro\/maimai-el-caracol-de-taro-9788410200586\/\" \/>\n\t<meta name=\"generator\" content=\"All in One SEO Pro (AIOSEO) 5.0.1.1\" \/>\n\t\t<meta property=\"og:locale\" content=\"es_ES\" \/>\n\t\t<meta property=\"og:site_name\" content=\"Llibreria Claret - Llibreria religiosa a Barcelona\" \/>\n\t\t<meta property=\"og:type\" content=\"article\" \/>\n\t\t<meta property=\"og:title\" content=\"MA\u00cfMA\u00cf, EL CARACOL DE TAR\u00d4 - Aki Shimazaki 9788410200586 | Llibreria Claret\" \/>\n\t\t<meta property=\"og:description\" content=\"MA\u00cfMA\u00cf, EL CARACOL DE TAR\u00d4 de Aki Shimazaki disponible a\/en Llibreria Claret.\" \/>\n\t\t<meta property=\"og:url\" content=\"https:\/\/www.claret.cat\/es\/libro\/maimai-el-caracol-de-taro-9788410200586\/\" \/>\n\t\t<meta property=\"og:image\" content=\"https:\/\/dev.claret.cat\/wp-content\/uploads\/logo-claret.svg\" \/>\n\t\t<meta property=\"og:image:secure_url\" content=\"https:\/\/dev.claret.cat\/wp-content\/uploads\/logo-claret.svg\" \/>\n\t\t<meta property=\"article:published_time\" content=\"2024-08-28T14:50:02+00:00\" \/>\n\t\t<meta property=\"article:modified_time\" content=\"2024-09-26T07:45:34+00:00\" \/>\n\t\t<meta property=\"article:publisher\" content=\"https:\/\/www.facebook.com\/LlibreriaClaret\" \/>\n\t\t<meta name=\"twitter:card\" content=\"summary_large_image\" \/>\n\t\t<meta name=\"twitter:site\" content=\"@LlibreriaClaret\" \/>\n\t\t<meta name=\"twitter:title\" content=\"MA\u00cfMA\u00cf, EL CARACOL DE TAR\u00d4 - Aki Shimazaki 9788410200586 | Llibreria Claret\" \/>\n\t\t<meta name=\"twitter:description\" content=\"MA\u00cfMA\u00cf, EL CARACOL DE TAR\u00d4 de Aki Shimazaki disponible a\/en Llibreria Claret.\" \/>\n\t\t<meta name=\"twitter:image\" content=\"http:\/\/dev.claret.cat\/wp-content\/uploads\/logo-claret.svg\" \/>\n\t\t<script type=\"application\/ld+json\" class=\"aioseo-schema\">\n\t\t\t{\"@context\":\"https:\\\/\\\/schema.org\",\"@graph\":[{\"@type\":\"BreadcrumbList\",\"@id\":\"https:\\\/\\\/www.claret.cat\\\/es\\\/libro\\\/maimai-el-caracol-de-taro-9788410200586\\\/#breadcrumblist\",\"itemListElement\":[{\"@type\":\"ListItem\",\"@id\":\"https:\\\/\\\/www.claret.cat\\\/es\\\/#listItem\",\"position\":1,\"name\":\"Home\",\"item\":\"https:\\\/\\\/www.claret.cat\\\/es\\\/\",\"nextItem\":{\"@type\":\"ListItem\",\"@id\":\"https:\\\/\\\/www.claret.cat\\\/?page_id=16#listItem\",\"name\":\"Botiga\"}},{\"@type\":\"ListItem\",\"@id\":\"https:\\\/\\\/www.claret.cat\\\/?page_id=16#listItem\",\"position\":2,\"name\":\"Botiga\",\"item\":\"https:\\\/\\\/www.claret.cat\\\/?page_id=16\",\"nextItem\":{\"@type\":\"ListItem\",\"@id\":\"https:\\\/\\\/www.claret.cat\\\/categoria-producto\\\/cat\\\/#listItem\",\"name\":\"CAT\"},\"previousItem\":{\"@type\":\"ListItem\",\"@id\":\"https:\\\/\\\/www.claret.cat\\\/es\\\/#listItem\",\"name\":\"Home\"}},{\"@type\":\"ListItem\",\"@id\":\"https:\\\/\\\/www.claret.cat\\\/categoria-producto\\\/cat\\\/#listItem\",\"position\":3,\"name\":\"CAT\",\"item\":\"https:\\\/\\\/www.claret.cat\\\/categoria-producto\\\/cat\\\/\",\"nextItem\":{\"@type\":\"ListItem\",\"@id\":\"https:\\\/\\\/www.claret.cat\\\/categoria-producto\\\/cat\\\/2_humanitats\\\/#listItem\",\"name\":\"Humanitats\"},\"previousItem\":{\"@type\":\"ListItem\",\"@id\":\"https:\\\/\\\/www.claret.cat\\\/?page_id=16#listItem\",\"name\":\"Botiga\"}},{\"@type\":\"ListItem\",\"@id\":\"https:\\\/\\\/www.claret.cat\\\/categoria-producto\\\/cat\\\/2_humanitats\\\/#listItem\",\"position\":4,\"name\":\"Humanitats\",\"item\":\"https:\\\/\\\/www.claret.cat\\\/categoria-producto\\\/cat\\\/2_humanitats\\\/\",\"nextItem\":{\"@type\":\"ListItem\",\"@id\":\"https:\\\/\\\/www.claret.cat\\\/categoria-producto\\\/cat\\\/2_humanitats\\\/literatura\\\/#listItem\",\"name\":\"Literatura\"},\"previousItem\":{\"@type\":\"ListItem\",\"@id\":\"https:\\\/\\\/www.claret.cat\\\/categoria-producto\\\/cat\\\/#listItem\",\"name\":\"CAT\"}},{\"@type\":\"ListItem\",\"@id\":\"https:\\\/\\\/www.claret.cat\\\/categoria-producto\\\/cat\\\/2_humanitats\\\/literatura\\\/#listItem\",\"position\":5,\"name\":\"Literatura\",\"item\":\"https:\\\/\\\/www.claret.cat\\\/categoria-producto\\\/cat\\\/2_humanitats\\\/literatura\\\/\",\"nextItem\":{\"@type\":\"ListItem\",\"@id\":\"https:\\\/\\\/www.claret.cat\\\/categoria-producto\\\/cat\\\/2_humanitats\\\/literatura\\\/novella-contemporania\\\/#listItem\",\"name\":\"Novel\\u00b7la contempor\\u00e0nia\"},\"previousItem\":{\"@type\":\"ListItem\",\"@id\":\"https:\\\/\\\/www.claret.cat\\\/categoria-producto\\\/cat\\\/2_humanitats\\\/#listItem\",\"name\":\"Humanitats\"}},{\"@type\":\"ListItem\",\"@id\":\"https:\\\/\\\/www.claret.cat\\\/categoria-producto\\\/cat\\\/2_humanitats\\\/literatura\\\/novella-contemporania\\\/#listItem\",\"position\":6,\"name\":\"Novel\\u00b7la contempor\\u00e0nia\",\"item\":\"https:\\\/\\\/www.claret.cat\\\/categoria-producto\\\/cat\\\/2_humanitats\\\/literatura\\\/novella-contemporania\\\/\",\"nextItem\":{\"@type\":\"ListItem\",\"@id\":\"https:\\\/\\\/www.claret.cat\\\/es\\\/libro\\\/maimai-el-caracol-de-taro-9788410200586\\\/#listItem\",\"name\":\"MA\\u00cfMA\\u00cf, EL CARACOL DE TAR\\u00d4\"},\"previousItem\":{\"@type\":\"ListItem\",\"@id\":\"https:\\\/\\\/www.claret.cat\\\/categoria-producto\\\/cat\\\/2_humanitats\\\/literatura\\\/#listItem\",\"name\":\"Literatura\"}},{\"@type\":\"ListItem\",\"@id\":\"https:\\\/\\\/www.claret.cat\\\/es\\\/libro\\\/maimai-el-caracol-de-taro-9788410200586\\\/#listItem\",\"position\":7,\"name\":\"MA\\u00cfMA\\u00cf, EL CARACOL DE TAR\\u00d4\",\"previousItem\":{\"@type\":\"ListItem\",\"@id\":\"https:\\\/\\\/www.claret.cat\\\/categoria-producto\\\/cat\\\/2_humanitats\\\/literatura\\\/novella-contemporania\\\/#listItem\",\"name\":\"Novel\\u00b7la contempor\\u00e0nia\"}}]},{\"@type\":\"ItemPage\",\"@id\":\"https:\\\/\\\/www.claret.cat\\\/es\\\/libro\\\/maimai-el-caracol-de-taro-9788410200586\\\/#itempage\",\"url\":\"https:\\\/\\\/www.claret.cat\\\/es\\\/libro\\\/maimai-el-caracol-de-taro-9788410200586\\\/\",\"name\":\"MA\\u00cfMA\\u00cf, EL CARACOL DE TAR\\u00d4 - Aki Shimazaki 9788410200586 | Llibreria Claret\",\"description\":\"MA\\u00cfMA\\u00cf, EL CARACOL DE TAR\\u00d4 de Aki Shimazaki disponible a\\\/en Llibreria Claret.\",\"inLanguage\":\"es-ES\",\"isPartOf\":{\"@id\":\"https:\\\/\\\/www.claret.cat\\\/es\\\/#website\"},\"breadcrumb\":{\"@id\":\"https:\\\/\\\/www.claret.cat\\\/es\\\/libro\\\/maimai-el-caracol-de-taro-9788410200586\\\/#breadcrumblist\"},\"image\":{\"@type\":\"ImageObject\",\"url\":\"https:\\\/\\\/www.claret.cat\\\/wp-content\\\/uploads\\\/.\\\/9788410200586.jpg\",\"@id\":\"https:\\\/\\\/www.claret.cat\\\/es\\\/libro\\\/maimai-el-caracol-de-taro-9788410200586\\\/#mainImage\",\"width\":250,\"height\":387,\"caption\":\"9788410200586.jpg\"},\"primaryImageOfPage\":{\"@id\":\"https:\\\/\\\/www.claret.cat\\\/es\\\/libro\\\/maimai-el-caracol-de-taro-9788410200586\\\/#mainImage\"},\"datePublished\":\"2024-08-28T16:50:02+02:00\",\"dateModified\":\"2024-09-26T09:45:34+02:00\"},{\"@type\":\"Organization\",\"@id\":\"https:\\\/\\\/www.claret.cat\\\/es\\\/#organization\",\"name\":\"Llibreria Claret\",\"description\":\"Llibreria religiosa a Barcelona\",\"url\":\"https:\\\/\\\/www.claret.cat\\\/es\\\/\",\"email\":\"comunicacio@claret.cat\",\"telephone\":\"+34933010887\",\"logo\":{\"@type\":\"ImageObject\",\"url\":\"https:\\\/\\\/www.claret.cat\\\/wp-content\\\/uploads\\\/.\\\/logo-claret-es.png\",\"@id\":\"https:\\\/\\\/www.claret.cat\\\/es\\\/libro\\\/maimai-el-caracol-de-taro-9788410200586\\\/#organizationLogo\",\"width\":195,\"height\":79},\"image\":{\"@id\":\"https:\\\/\\\/www.claret.cat\\\/es\\\/libro\\\/maimai-el-caracol-de-taro-9788410200586\\\/#organizationLogo\"},\"sameAs\":[\"https:\\\/\\\/www.facebook.com\\\/LlibreriaClaret\",\"https:\\\/\\\/twitter.com\\\/LlibreriaClaret\",\"https:\\\/\\\/www.instagram.com\\\/llibreriaclaret\\\/\",\"https:\\\/\\\/www.tiktok.com\\\/@llibreriaclaret\",\"https:\\\/\\\/www.youtube.com\\\/@llibreriaclaret\",\"https:\\\/\\\/ca.wikipedia.org\\\/wiki\\\/Editorial_Claret\"]},{\"@type\":\"WebPage\",\"@id\":\"https:\\\/\\\/www.claret.cat\\\/es\\\/libro\\\/maimai-el-caracol-de-taro-9788410200586\\\/#webpage\",\"url\":\"https:\\\/\\\/www.claret.cat\\\/es\\\/libro\\\/maimai-el-caracol-de-taro-9788410200586\\\/\",\"name\":\"MA\\u00cfMA\\u00cf, EL CARACOL DE TAR\\u00d4 - Aki Shimazaki 9788410200586 | Llibreria Claret\",\"description\":\"MA\\u00cfMA\\u00cf, EL CARACOL DE TAR\\u00d4 de Aki Shimazaki disponible a\\\/en Llibreria Claret.\",\"inLanguage\":\"es-ES\",\"isPartOf\":{\"@id\":\"https:\\\/\\\/www.claret.cat\\\/es\\\/#website\"},\"breadcrumb\":{\"@id\":\"https:\\\/\\\/www.claret.cat\\\/es\\\/libro\\\/maimai-el-caracol-de-taro-9788410200586\\\/#breadcrumblist\"},\"image\":{\"@type\":\"ImageObject\",\"url\":\"https:\\\/\\\/www.claret.cat\\\/wp-content\\\/uploads\\\/.\\\/9788410200586.jpg\",\"@id\":\"https:\\\/\\\/www.claret.cat\\\/es\\\/libro\\\/maimai-el-caracol-de-taro-9788410200586\\\/#mainImage\",\"width\":250,\"height\":387,\"caption\":\"9788410200586.jpg\"},\"primaryImageOfPage\":{\"@id\":\"https:\\\/\\\/www.claret.cat\\\/es\\\/libro\\\/maimai-el-caracol-de-taro-9788410200586\\\/#mainImage\"},\"datePublished\":\"2024-08-28T16:50:02+02:00\",\"dateModified\":\"2024-09-26T09:45:34+02:00\"},{\"@type\":\"WebSite\",\"@id\":\"https:\\\/\\\/www.claret.cat\\\/es\\\/#website\",\"url\":\"https:\\\/\\\/www.claret.cat\\\/es\\\/\",\"name\":\"Llibreria Claret Barcelona\",\"alternateName\":\"Llibreria Claret\",\"description\":\"Llibreria religiosa a Barcelona\",\"inLanguage\":\"es-ES\",\"publisher\":{\"@id\":\"https:\\\/\\\/www.claret.cat\\\/es\\\/#organization\"}}]}\n\t\t<\/script>\n\t\t<!-- All in One SEO Pro -->\r\n\t\t<title>MA\u00cfMA\u00cf, EL CARACOL DE TAR\u00d4 - Aki Shimazaki 9788410200586 | Llibreria Claret<\/title>\n\n","aioseo_head_json":{"title":"MA\u00cfMA\u00cf, EL CARACOL DE TAR\u00d4 - Aki Shimazaki 9788410200586 | Llibreria Claret","description":"MA\u00cfMA\u00cf, EL CARACOL DE TAR\u00d4 de Aki Shimazaki disponible a\/en Llibreria Claret.","canonical_url":"https:\/\/www.claret.cat\/es\/libro\/maimai-el-caracol-de-taro-9788410200586\/","robots":"max-image-preview:large","keywords":"","webmasterTools":{"google-site-verification":"xVtlFxJ-TfkIu-D-lt7XeLobefg5EIQiXTuqcSf8Rf0","miscellaneous":""},"schema":{"@context":"https:\/\/schema.org","@graph":[{"@type":"BreadcrumbList","@id":"https:\/\/www.claret.cat\/es\/libro\/maimai-el-caracol-de-taro-9788410200586\/#breadcrumblist","itemListElement":[{"@type":"ListItem","@id":"https:\/\/www.claret.cat\/es\/#listItem","position":1,"name":"Home","item":"https:\/\/www.claret.cat\/es\/","nextItem":{"@type":"ListItem","@id":"https:\/\/www.claret.cat\/?page_id=16#listItem","name":"Botiga"}},{"@type":"ListItem","@id":"https:\/\/www.claret.cat\/?page_id=16#listItem","position":2,"name":"Botiga","item":"https:\/\/www.claret.cat\/?page_id=16","nextItem":{"@type":"ListItem","@id":"https:\/\/www.claret.cat\/categoria-producto\/cat\/#listItem","name":"CAT"},"previousItem":{"@type":"ListItem","@id":"https:\/\/www.claret.cat\/es\/#listItem","name":"Home"}},{"@type":"ListItem","@id":"https:\/\/www.claret.cat\/categoria-producto\/cat\/#listItem","position":3,"name":"CAT","item":"https:\/\/www.claret.cat\/categoria-producto\/cat\/","nextItem":{"@type":"ListItem","@id":"https:\/\/www.claret.cat\/categoria-producto\/cat\/2_humanitats\/#listItem","name":"Humanitats"},"previousItem":{"@type":"ListItem","@id":"https:\/\/www.claret.cat\/?page_id=16#listItem","name":"Botiga"}},{"@type":"ListItem","@id":"https:\/\/www.claret.cat\/categoria-producto\/cat\/2_humanitats\/#listItem","position":4,"name":"Humanitats","item":"https:\/\/www.claret.cat\/categoria-producto\/cat\/2_humanitats\/","nextItem":{"@type":"ListItem","@id":"https:\/\/www.claret.cat\/categoria-producto\/cat\/2_humanitats\/literatura\/#listItem","name":"Literatura"},"previousItem":{"@type":"ListItem","@id":"https:\/\/www.claret.cat\/categoria-producto\/cat\/#listItem","name":"CAT"}},{"@type":"ListItem","@id":"https:\/\/www.claret.cat\/categoria-producto\/cat\/2_humanitats\/literatura\/#listItem","position":5,"name":"Literatura","item":"https:\/\/www.claret.cat\/categoria-producto\/cat\/2_humanitats\/literatura\/","nextItem":{"@type":"ListItem","@id":"https:\/\/www.claret.cat\/categoria-producto\/cat\/2_humanitats\/literatura\/novella-contemporania\/#listItem","name":"Novel\u00b7la contempor\u00e0nia"},"previousItem":{"@type":"ListItem","@id":"https:\/\/www.claret.cat\/categoria-producto\/cat\/2_humanitats\/#listItem","name":"Humanitats"}},{"@type":"ListItem","@id":"https:\/\/www.claret.cat\/categoria-producto\/cat\/2_humanitats\/literatura\/novella-contemporania\/#listItem","position":6,"name":"Novel\u00b7la contempor\u00e0nia","item":"https:\/\/www.claret.cat\/categoria-producto\/cat\/2_humanitats\/literatura\/novella-contemporania\/","nextItem":{"@type":"ListItem","@id":"https:\/\/www.claret.cat\/es\/libro\/maimai-el-caracol-de-taro-9788410200586\/#listItem","name":"MA\u00cfMA\u00cf, EL CARACOL DE TAR\u00d4"},"previousItem":{"@type":"ListItem","@id":"https:\/\/www.claret.cat\/categoria-producto\/cat\/2_humanitats\/literatura\/#listItem","name":"Literatura"}},{"@type":"ListItem","@id":"https:\/\/www.claret.cat\/es\/libro\/maimai-el-caracol-de-taro-9788410200586\/#listItem","position":7,"name":"MA\u00cfMA\u00cf, EL CARACOL DE TAR\u00d4","previousItem":{"@type":"ListItem","@id":"https:\/\/www.claret.cat\/categoria-producto\/cat\/2_humanitats\/literatura\/novella-contemporania\/#listItem","name":"Novel\u00b7la contempor\u00e0nia"}}]},{"@type":"ItemPage","@id":"https:\/\/www.claret.cat\/es\/libro\/maimai-el-caracol-de-taro-9788410200586\/#itempage","url":"https:\/\/www.claret.cat\/es\/libro\/maimai-el-caracol-de-taro-9788410200586\/","name":"MA\u00cfMA\u00cf, EL CARACOL DE TAR\u00d4 - Aki Shimazaki 9788410200586 | Llibreria Claret","description":"MA\u00cfMA\u00cf, EL CARACOL DE TAR\u00d4 de Aki Shimazaki disponible a\/en Llibreria Claret.","inLanguage":"es-ES","isPartOf":{"@id":"https:\/\/www.claret.cat\/es\/#website"},"breadcrumb":{"@id":"https:\/\/www.claret.cat\/es\/libro\/maimai-el-caracol-de-taro-9788410200586\/#breadcrumblist"},"image":{"@type":"ImageObject","url":"https:\/\/www.claret.cat\/wp-content\/uploads\/.\/9788410200586.jpg","@id":"https:\/\/www.claret.cat\/es\/libro\/maimai-el-caracol-de-taro-9788410200586\/#mainImage","width":250,"height":387,"caption":"9788410200586.jpg"},"primaryImageOfPage":{"@id":"https:\/\/www.claret.cat\/es\/libro\/maimai-el-caracol-de-taro-9788410200586\/#mainImage"},"datePublished":"2024-08-28T16:50:02+02:00","dateModified":"2024-09-26T09:45:34+02:00"},{"@type":"Organization","@id":"https:\/\/www.claret.cat\/es\/#organization","name":"Llibreria Claret","description":"Llibreria religiosa a Barcelona","url":"https:\/\/www.claret.cat\/es\/","email":"comunicacio@claret.cat","telephone":"+34933010887","logo":{"@type":"ImageObject","url":"https:\/\/www.claret.cat\/wp-content\/uploads\/.\/logo-claret-es.png","@id":"https:\/\/www.claret.cat\/es\/libro\/maimai-el-caracol-de-taro-9788410200586\/#organizationLogo","width":195,"height":79},"image":{"@id":"https:\/\/www.claret.cat\/es\/libro\/maimai-el-caracol-de-taro-9788410200586\/#organizationLogo"},"sameAs":["https:\/\/www.facebook.com\/LlibreriaClaret","https:\/\/twitter.com\/LlibreriaClaret","https:\/\/www.instagram.com\/llibreriaclaret\/","https:\/\/www.tiktok.com\/@llibreriaclaret","https:\/\/www.youtube.com\/@llibreriaclaret","https:\/\/ca.wikipedia.org\/wiki\/Editorial_Claret"]},{"@type":"WebPage","@id":"https:\/\/www.claret.cat\/es\/libro\/maimai-el-caracol-de-taro-9788410200586\/#webpage","url":"https:\/\/www.claret.cat\/es\/libro\/maimai-el-caracol-de-taro-9788410200586\/","name":"MA\u00cfMA\u00cf, EL CARACOL DE TAR\u00d4 - Aki Shimazaki 9788410200586 | Llibreria Claret","description":"MA\u00cfMA\u00cf, EL CARACOL DE TAR\u00d4 de Aki Shimazaki disponible a\/en Llibreria Claret.","inLanguage":"es-ES","isPartOf":{"@id":"https:\/\/www.claret.cat\/es\/#website"},"breadcrumb":{"@id":"https:\/\/www.claret.cat\/es\/libro\/maimai-el-caracol-de-taro-9788410200586\/#breadcrumblist"},"image":{"@type":"ImageObject","url":"https:\/\/www.claret.cat\/wp-content\/uploads\/.\/9788410200586.jpg","@id":"https:\/\/www.claret.cat\/es\/libro\/maimai-el-caracol-de-taro-9788410200586\/#mainImage","width":250,"height":387,"caption":"9788410200586.jpg"},"primaryImageOfPage":{"@id":"https:\/\/www.claret.cat\/es\/libro\/maimai-el-caracol-de-taro-9788410200586\/#mainImage"},"datePublished":"2024-08-28T16:50:02+02:00","dateModified":"2024-09-26T09:45:34+02:00"},{"@type":"WebSite","@id":"https:\/\/www.claret.cat\/es\/#website","url":"https:\/\/www.claret.cat\/es\/","name":"Llibreria Claret Barcelona","alternateName":"Llibreria Claret","description":"Llibreria religiosa a Barcelona","inLanguage":"es-ES","publisher":{"@id":"https:\/\/www.claret.cat\/es\/#organization"}}]},"og:locale":"es_ES","og:site_name":"Llibreria Claret - Llibreria religiosa a Barcelona","og:type":"article","og:title":"MA\u00cfMA\u00cf, EL CARACOL DE TAR\u00d4 - Aki Shimazaki 9788410200586 | Llibreria Claret","og:description":"MA\u00cfMA\u00cf, EL CARACOL DE TAR\u00d4 de Aki Shimazaki disponible a\/en Llibreria Claret.","og:url":"https:\/\/www.claret.cat\/es\/libro\/maimai-el-caracol-de-taro-9788410200586\/","og:image":"https:\/\/dev.claret.cat\/wp-content\/uploads\/logo-claret.svg","og:image:secure_url":"https:\/\/dev.claret.cat\/wp-content\/uploads\/logo-claret.svg","article:published_time":"2024-08-28T14:50:02+00:00","article:modified_time":"2024-09-26T07:45:34+00:00","article:publisher":"https:\/\/www.facebook.com\/LlibreriaClaret","twitter:card":"summary_large_image","twitter:site":"@LlibreriaClaret","twitter:title":"MA\u00cfMA\u00cf, EL CARACOL DE TAR\u00d4 - Aki Shimazaki 9788410200586 | Llibreria Claret","twitter:description":"MA\u00cfMA\u00cf, EL CARACOL DE TAR\u00d4 de Aki Shimazaki disponible a\/en Llibreria Claret.","twitter:image":"http:\/\/dev.claret.cat\/wp-content\/uploads\/logo-claret.svg"},"aioseo_meta_data":{"post_id":"976754","title":null,"description":null,"keywords":null,"keyphrases":{"focus":{"keyphrase":"Maimai","score":46,"analysis":{"keyphraseInTitle":{"score":3,"maxScore":9,"error":1},"keyphraseInDescription":{"score":3,"maxScore":9,"error":1},"keyphraseLength":{"score":9,"maxScore":9,"error":0,"length":1},"keyphraseInURL":{"score":5,"maxScore":5,"error":0},"keyphraseInIntroduction":{"score":3,"maxScore":9,"error":1},"keyphraseInSubHeadings":[],"keyphraseInImageAlt":[],"keywordDensity":{"score":0,"type":"low","maxScore":9,"error":1}}},"additional":[{"keyphrase":"aki shimazaki","score":100,"analysis":{"keyphraseInDescription":{"score":9,"maxScore":9,"error":0},"keyphraseLength":{"score":9,"maxScore":9,"error":0,"length":2},"keyphraseInIntroduction":{"score":9,"maxScore":9,"error":0},"keyphraseInImageAlt":[],"keywordDensity":{"type":"best","score":9,"maxScore":9,"error":0}}}]},"primary_term":null,"canonical_url":null,"og_title":null,"og_description":null,"og_object_type":"default","og_image_type":"default","og_image_url":null,"og_image_width":null,"og_image_height":null,"og_image_custom_url":null,"og_image_custom_fields":null,"og_video":"","og_custom_url":null,"og_article_section":null,"og_article_tags":null,"twitter_use_og":false,"twitter_card":"default","twitter_image_type":"default","twitter_image_url":null,"twitter_image_custom_url":null,"twitter_image_custom_fields":null,"twitter_title":null,"twitter_description":null,"schema":{"blockGraphs":[],"customGraphs":[],"default":{"data":{"Article":[],"Course":[],"Dataset":[],"FAQPage":[],"Movie":[],"Person":[],"Product":[],"ProductReview":[],"Car":[],"Recipe":[],"Service":[],"SoftwareApplication":[],"WebPage":[]},"graphName":"ItemPage","isEnabled":true},"graphs":[]},"schema_type":"default","schema_type_options":null,"pillar_content":false,"robots_default":true,"robots_noindex":false,"robots_noarchive":false,"robots_nosnippet":false,"robots_nofollow":false,"robots_noimageindex":false,"robots_noodp":false,"robots_notranslate":false,"robots_max_snippet":"-1","robots_max_videopreview":"-1","robots_max_imagepreview":"large","priority":null,"frequency":"default","local_seo":null,"seo_analyzer_scan_date":"2026-06-10 19:15:30","breadcrumb_settings":null,"limit_modified_date":false,"open_ai":"{\"title\":{\"suggestions\":[],\"usage\":0},\"description\":{\"suggestions\":[],\"usage\":0}}","ai":null,"created":"2024-08-28 15:03:18","updated":"2026-06-10 19:15:30","focus_keyword":"Maimai","additional_keywords":[{"word":"aki shimazaki","score":100}],"truseo_locale":null},"aioseo_breadcrumb":"<div class=\"aioseo-breadcrumbs\"><span class=\"aioseo-breadcrumb\">\n\t<a href=\"https:\/\/www.claret.cat\/es\/\" title=\"Home\">Home<\/a>\n<\/span><span class=\"aioseo-breadcrumb-separator\">&raquo;<\/span><span class=\"aioseo-breadcrumb\">\n\t<a href=\"https:\/\/www.claret.cat\/?page_id=16\" title=\"Botiga\">Botiga<\/a>\n<\/span><span class=\"aioseo-breadcrumb-separator\">&raquo;<\/span><span class=\"aioseo-breadcrumb\">\n\t<a href=\"https:\/\/www.claret.cat\/categoria-producto\/cat\/\" title=\"CAT\">CAT<\/a>\n<\/span><span class=\"aioseo-breadcrumb-separator\">&raquo;<\/span><span class=\"aioseo-breadcrumb\">\n\t<a href=\"https:\/\/www.claret.cat\/categoria-producto\/cat\/2_humanitats\/\" title=\"Humanitats\">Humanitats<\/a>\n<\/span><span class=\"aioseo-breadcrumb-separator\">&raquo;<\/span><span class=\"aioseo-breadcrumb\">\n\t<a href=\"https:\/\/www.claret.cat\/categoria-producto\/cat\/2_humanitats\/literatura\/\" title=\"Literatura\">Literatura<\/a>\n<\/span><span class=\"aioseo-breadcrumb-separator\">&raquo;<\/span><span class=\"aioseo-breadcrumb\">\n\t<a href=\"https:\/\/www.claret.cat\/categoria-producto\/cat\/2_humanitats\/literatura\/novella-contemporania\/\" title=\"Novel\u00b7la contempor\u00e0nia\">Novel\u00b7la contempor\u00e0nia<\/a>\n<\/span><span class=\"aioseo-breadcrumb-separator\">&raquo;<\/span><span class=\"aioseo-breadcrumb\">\n\tMA\u00cfMA\u00cf, EL CARACOL DE TAR\u00d4\n<\/span><\/div>","aioseo_breadcrumb_json":[{"label":"Home","link":"https:\/\/www.claret.cat\/es\/"},{"label":"Botiga","link":"https:\/\/www.claret.cat\/?page_id=16"},{"label":"CAT","link":"https:\/\/www.claret.cat\/categoria-producto\/cat\/"},{"label":"Humanitats","link":"https:\/\/www.claret.cat\/categoria-producto\/cat\/2_humanitats\/"},{"label":"Literatura","link":"https:\/\/www.claret.cat\/categoria-producto\/cat\/2_humanitats\/literatura\/"},{"label":"Novel\u00b7la contempor\u00e0nia","link":"https:\/\/www.claret.cat\/categoria-producto\/cat\/2_humanitats\/literatura\/novella-contemporania\/"},{"label":"MA\u00cfMA\u00cf, EL CARACOL DE TAR\u00d4","link":"https:\/\/www.claret.cat\/es\/libro\/maimai-el-caracol-de-taro-9788410200586\/"}],"_links":{"self":[{"href":"https:\/\/www.claret.cat\/es\/wp-json\/wp\/v2\/product\/976754","targetHints":{"allow":["GET"]}}],"collection":[{"href":"https:\/\/www.claret.cat\/es\/wp-json\/wp\/v2\/product"}],"about":[{"href":"https:\/\/www.claret.cat\/es\/wp-json\/wp\/v2\/types\/product"}],"wp:featuredmedia":[{"embeddable":true,"href":"https:\/\/www.claret.cat\/es\/wp-json\/wp\/v2\/media\/976755"}],"wp:attachment":[{"href":"https:\/\/www.claret.cat\/es\/wp-json\/wp\/v2\/media?parent=976754"}],"wp:term":[{"taxonomy":"product_brand","embeddable":true,"href":"https:\/\/www.claret.cat\/es\/wp-json\/wp\/v2\/product_brand?post=976754"},{"taxonomy":"product_cat","embeddable":true,"href":"https:\/\/www.claret.cat\/es\/wp-json\/wp\/v2\/product_cat?post=976754"},{"taxonomy":"product_tag","embeddable":true,"href":"https:\/\/www.claret.cat\/es\/wp-json\/wp\/v2\/product_tag?post=976754"}],"curies":[{"name":"wp","href":"https:\/\/api.w.org\/{rel}","templated":true}]}}