{"id":979473,"date":"2024-09-16T09:30:10","date_gmt":"2024-09-16T07:30:10","guid":{"rendered":"https:\/\/www.claret.cat\/llibre\/invertir-per-vestir-un-nou-mon-9788491365495\/"},"modified":"2025-05-26T16:30:58","modified_gmt":"2025-05-26T14:30:58","slug":"invertir-per-vestir-un-nou-mon-9788491365495","status":"publish","type":"product","link":"https:\/\/www.claret.cat\/es\/libro\/invertir-per-vestir-un-nou-mon-9788491365495\/","title":{"rendered":"INVERTIR PER VESTIR UN NOU M\u00d3N"},"content":{"rendered":"<p>\u00c9s possible invertir seguint principis \u00e8tics i morals? <em>Invertir per vestir un nou m\u00f3n<\/em>, publicat per <strong>Editorial Claret<\/strong>, ofereix una reflexi\u00f3 profunda sobre com l\u2019<strong>economia<\/strong> i l\u2019<strong>\u00e8tica<\/strong> poden anar junts.<\/p>\n<p>Partint del significat original del terme &#8216;invertir&#8217; (del llat\u00ed <em>investire<\/em>: vestir-nos segons els nostres valors), aquest llibre presenta una visi\u00f3 humanista cristiana de la inversi\u00f3, aportant casos reals que demostren com les decisions financeres poden transformar el m\u00f3n.<\/p>\n<p>Coordinat per <strong>Eduard Ib\u00e1\u00f1ez<\/strong> i <strong>Bernat Sellar\u00e8s<\/strong>, l\u2019obra recull les aportacions de diversos especialistes presentades a les jornades acad\u00e8miques \u00abInvertir \u00e9s sempre una elecci\u00f3 moral\u00bb, organitzades per la <strong>C\u00e0tedra de Pensament i Acci\u00f3 Social de l\u2019Esgl\u00e9sia<\/strong> (Facultat de Teologia de Catalunya). Una lectura imprescindible per a aquells que volen fer de la inversi\u00f3 una eina per construir un m\u00f3n m\u00e9s just i sostenible.<\/p>\n<p>Una lectura imprescindible per a inversors, professionals de les finances i qualsevol persona interessada en l\u2019<strong>economia sostenible<\/strong> i amb valors.<\/p>\n<p><em>*Aquest llibre ha estat impr\u00e8s amb <\/em><a href='https:\/\/www.claret.cat\/ecoedicio\/' rel='noopener noreferrer' target='_blank'><strong><em>paper certificat <\/em><\/strong><\/a><em>pel Forest Stewardship Council (FSC), que compleix amb els principis de gesti\u00f3 econ\u00f2mica, social i ambiental sostenibles.<\/em><\/p>\n<p><\/p>\n","protected":false},"excerpt":{"rendered":"<p>IB\u00c1\u00d1EZ, EDUARD; SELLAR\u00c8S, BERNAT<\/p>\n","protected":false},"featured_media":1003392,"template":"","meta":{"_acf_changed":false,"om_disable_all_campaigns":false,"rs_blank_template":"","rs_page_bg_color":"","slide_template_v7":"","inline_featured_image":false,"_monsterinsights_skip_tracking":false,"_monsterinsights_sitenote_active":false,"_monsterinsights_sitenote_note":"","_monsterinsights_sitenote_category":0},"product_brand":[],"product_cat":[307,495,245,581,89],"product_tag":[],"class_list":{"0":"post-979473","1":"product","2":"type-product","3":"status-publish","4":"has-post-thumbnail","6":"product_cat-catala","7":"product_cat-diversa-espiritualidad-1_espiritualidad","8":"product_cat-diversa","9":"product_cat-editorial-claret","10":"product_cat-els-mes-venuts","12":"first","13":"instock","14":"taxable","15":"shipping-taxable","16":"purchasable","17":"product-type-simple"},"acf":{"autor":"IB\u00c1\u00d1EZ, EDUARD; SELLAR\u00c8S, BERNAT","codart":"849136549","libros-coleccion":"FORA DE COL.LECCI\u00d3","ediciones":"1","encuadernacion":"R\u00fastica","fecha_de_publicacion":"08\/10\/2024","novedad":"1","paginas":"60","subtitulo":"","orden":"8","portada":"1","idioma":"cat","editorial":[{"ID":6158,"post_author":"3","post_date":"2022-07-28 17:46:08","post_date_gmt":"2022-07-28 15:46:08","post_content":"","post_title":"CLARET","post_excerpt":"","post_status":"publish","comment_status":"closed","ping_status":"closed","post_password":"","post_name":"claret","to_ping":"","pinged":"","post_modified":"2022-07-28 17:46:08","post_modified_gmt":"2022-07-28 15:46:08","post_content_filtered":"","post_parent":0,"guid":"http:\/\/dev.claret.cat\/editorial\/claret\/","menu_order":0,"post_type":"editorial","post_mime_type":"","comment_count":"0","filter":"raw"}],"autores-libros":[{"ID":5423,"post_author":"3","post_date":"2022-07-28 17:23:38","post_date_gmt":"2022-07-28 15:23:38","post_content":"<span class=\"fontstyle0\"><strong>Eduard Ib\u00e1\u00f1ez<\/strong> va n\u00e9ixer el 1969 a Barcelona, on ha viscut sempre. \u00c9s casat i pare de dos fills. Es va llicenciar en dret (1992) per la Universitat de Barcelona, on m\u00e9s tard va obtenir el t\u00edtol de doctor en dret penal (2007). \u00c9s tamb\u00e9 llicenciat en filosofia per la Universitat Ramon Llull (2012). L\u2019any 1993 va comen\u00e7ar a exercir com a advocat, dedicat principalment durant m\u00e9s de deu anys a l\u2019\u00e0mbit penal i penitenciari. L\u2019any 2002 \u00e9s nomenat director de l\u2019associaci\u00f3 Just\u00edcia i Pau de l\u2019arxidi\u00f2cesi de Barcelona, que \u00e9s la seva principal activitat professional fins al dia d'avui. Entre 2010 i 2018 ha estat president de Just\u00edcia i Pau d\u2019Espanya.<\/span>\r\n<div class=\"field field--name-body field--type-text-with-summary field--label-hidden field__item\">\r\n\r\nTamb\u00e9 ha fet classes en diversos centres universitaris, com la Facultat de Filosofia de Catalunya, la Facultat d\u2019Educaci\u00f3 Social i Treball Social de la Fundaci\u00f3 Pere Tarr\u00e9s i la Facultat de Comunicaci\u00f3 Blanquerna -de la Universitat Ramon Llull- i abans a l\u2019Institut Cat\u00f2lic d\u2019Estudis Socials de Barcelona (ICESB). Durant dos anys va treballar com a t\u00e8cnic a la Direcci\u00f3 General d\u2019Afers Religiosos, del Departament de Just\u00edcia de la Generalitat de Catalunya.\r\n\r\nT\u00e9 molts articles a revistes especialitzades i ha publicat diversos llibres, com <a href=\"https:\/\/www.claret.cat\/llibre\/leconomia-de-francesc-9788491363118\/?c=\" target=\"_blank\" rel=\"nofollow noopener\"><em>L\u2019Economia de Francesc<\/em><\/a>, (Editorial Claret, 2020); <a href=\"https:\/\/www.claret.cat\/llibre\/la-lluita-per-la-llibertat-religiosa-i-de-consciencia-9788491362456\/?c=\" target=\"_blank\" rel=\"nofollow noopener\"><em>La lluita per la llibertat religiosa i de consci\u00e8ncia<\/em><\/a> (Editorial Claret, 2019), entre d'altres.\r\n\r\n<\/div>","post_title":"EDUARD IB\u00c1\u00d1EZ","post_excerpt":"","post_status":"publish","comment_status":"closed","ping_status":"closed","post_password":"","post_name":"eduard-ibanez","to_ping":"","pinged":"","post_modified":"2024-10-10 12:42:50","post_modified_gmt":"2024-10-10 10:42:50","post_content_filtered":"","post_parent":0,"guid":"http:\/\/dev.claret.cat\/autor\/eduard-ibanez\/","menu_order":0,"post_type":"autor","post_mime_type":"","comment_count":"0","filter":"raw"},{"ID":5299,"post_author":"3","post_date":"2022-07-28 17:21:03","post_date_gmt":"2022-07-28 15:21:03","post_content":"Economista i fil\u00f2sof, <strong>Bernat Sellar\u00e8s<\/strong> \u00e9s gerent de l'Ateneu Universitari Sant Paci\u00e0 i professor a l'URL i la UAB d'Hist\u00f2ria del pensament econ\u00f2mic i pol\u00edtic. La seva traject\u00f2ria professional passa tamb\u00e9 per algunes empreses multinacionals del sector digital i l'ecommerce. Actualment, tamb\u00e9 \u00e9s membre del consell assessor de la C\u00e0tedra de pensament i acci\u00f3 social de l'Esgl\u00e9sia (Facultat de Teologia de Catalunya), del consell de redacci\u00f3 de la Revista Serra d'Or i organitzador del moviment Economy of Francesco promogut pel papa Francesc.\r\n\r\nEntre d'altres, ha publicat<a href=\"https:\/\/www.claret.cat\/llibre\/economia-i-ecologia-9788491364054\/?c=\"><em> Economia i ecologia <\/em><\/a>(Editorial Claret, 2022) o <a href=\"https:\/\/www.claret.cat\/llibre\/repensar-leconomia-a-partir-de-la-pandemia-9788491363491\/?c=\"><em>Repensar l'economia a partir de la pand\u00e8mia<\/em><\/a> (Editorial Claret, 2021).","post_title":"BERNAT SELLAR\u00c8S","post_excerpt":"","post_status":"publish","comment_status":"closed","ping_status":"closed","post_password":"","post_name":"bernat-sellares","to_ping":"","pinged":"","post_modified":"2024-10-10 12:51:27","post_modified_gmt":"2024-10-10 10:51:27","post_content_filtered":"","post_parent":0,"guid":"http:\/\/dev.claret.cat\/autor\/bernat-sellares\/","menu_order":0,"post_type":"autor","post_mime_type":"","comment_count":"0","filter":"raw"}],"booktrailer":"","linkebook":"","ficha":"849136549_1726487230.pdf","muestra":"","precioebook":"0","presentacion":"<iframe width=\"949\" height=\"433\" src=\"https:\/\/www.youtube.com\/embed\/sleZfmMARIg?si=wwtvrFVwc0AyLthP\" title=\"YouTube video player\" frameborder=\"0\" allow=\"accelerometer; autoplay; clipboard-write; encrypted-media; gyroscope; picture-in-picture; web-share\" referrerpolicy=\"strict-origin-when-cross-origin\" allowfullscreen><\/iframe>","resenas":"<p>Ag\u00e8ncia Flama, 08\/10\/2024<\/p>\n<p><a href=\"https:\/\/www.agenciaflama.cat\/eduard-ibanez-i-bernat-sellares-reflexionen-sobre-les-finances-i-la-moral-des-del-cristianisme\/\" rel=\"noopener noreferrer\" target=\"_blank\">https:\/\/www.agenciaflama.cat\/eduard-ibanez-i-bernat-sellares-reflexionen-sobre-les-finances-i-la-moral-des-del-cristianisme\/<\/a><\/p>\n<p><\/p>\n<p>Catalunya Religi\u00f3, 12\/10\/2024<\/p>\n<p><a href=\"https:\/\/www.catalunyareligio.cat\/ca\/claret-publica-llibre-sobre-inversions-finances\" rel=\"noopener noreferrer\" target=\"_blank\">https:\/\/www.catalunyareligio.cat\/ca\/claret-publica-llibre-sobre-inversions-finances<\/a><\/p>\n<p><\/p>\n<p>Catalunya Cristiana (catal\u00e0), 20\/10\/2024<\/p>\n<p><a href=\"https:\/\/drive.google.com\/file\/d\/1pN1om2UPoZapCxRC8ID-qJPf7tNlwrLV\/view?usp=sharing\" rel=\"noopener noreferrer\" target=\"_blank\">https:\/\/drive.google.com\/file\/d\/1pN1om2UPoZapCxRC8ID-qJPf7tNlwrLV\/view?usp=sharing<\/a><\/p>\n<p><\/p>\n<p>Catalunya Cristiana (castell\u00e0), 20\/10\/2024<\/p>\n<p><a href=\"https:\/\/drive.google.com\/file\/d\/1d7n9F_JvgudPpEIevoXFJ3dYPYhnhb5c\/view?usp=sharing\" rel=\"noopener noreferrer\" target=\"_blank\">https:\/\/drive.google.com\/file\/d\/1d7n9F_JvgudPpEIevoXFJ3dYPYhnhb5c\/view?usp=sharing<\/a><\/p>\n<p><\/p>\n<p>Catalunya Religi\u00f3, 31\/10\/2024<\/p>\n<p><a href=\"https:\/\/catalunyareligio.cat\/ca\/editorial-claret-presenta-invertir-vestir-nou-mon\" rel=\"noopener noreferrer\" target=\"_blank\">https:\/\/catalunyareligio.cat\/ca\/editorial-claret-presenta-invertir-vestir-nou-mon<\/a><\/p>\n<p><\/p>\n<p>Catalunya Cristiana (catal\u00e0), 10\/11\/2024<\/p>\n<p><a href=\"https:\/\/drive.google.com\/file\/d\/1VXRfjDp6qqbl7i4WqEiqNc2bCWDUyhBa\/view?usp=sharing\" rel=\"noopener noreferrer\" target=\"_blank\">https:\/\/drive.google.com\/file\/d\/1VXRfjDp6qqbl7i4WqEiqNc2bCWDUyhBa\/view?usp=sharing<\/a><\/p>\n<p><\/p>\n<p>Ag\u00e8ncia Flama, 03\/12\/2024<\/p>\n<p><a href=\"https:\/\/www.agenciaflama.cat\/bernat-sellares-les-inversions-responsables-no-nomes-busquen-benefici-economic-sino-tambe-el-be-social\/\" rel=\"noopener noreferrer\" target=\"_blank\">https:\/\/www.agenciaflama.cat\/bernat-sellares-les-inversions-responsables-no-nomes-busquen-benefici-economic-sino-tambe-el-be-social\/<\/a><\/p>\n<p><\/p>\n<p>Catalunya R\u00e0dio (Paraules de Vida), 15\/12\/2024<\/p>\n<p><a href=\"https:\/\/www.3cat.cat\/3cat\/paraules-de-vida-de-5-30-a-6-h-15122024\/audio\/1227947\/\" rel=\"noopener noreferrer\" target=\"_blank\">https:\/\/www.3cat.cat\/3cat\/paraules-de-vida-de-5-30-a-6-h-15122024\/audio\/1227947\/<\/a><\/p>\n","traductores-libros":"","ilustradores-libros":"","formato":"","ebookportada":false,"recomendamos":"","mas_vendido":""},"aioseo_notices":[],"_links":{"self":[{"href":"https:\/\/www.claret.cat\/es\/wp-json\/wp\/v2\/product\/979473","targetHints":{"allow":["GET"]}}],"collection":[{"href":"https:\/\/www.claret.cat\/es\/wp-json\/wp\/v2\/product"}],"about":[{"href":"https:\/\/www.claret.cat\/es\/wp-json\/wp\/v2\/types\/product"}],"wp:featuredmedia":[{"embeddable":true,"href":"https:\/\/www.claret.cat\/es\/wp-json\/wp\/v2\/media\/1003392"}],"wp:attachment":[{"href":"https:\/\/www.claret.cat\/es\/wp-json\/wp\/v2\/media?parent=979473"}],"wp:term":[{"taxonomy":"product_brand","embeddable":true,"href":"https:\/\/www.claret.cat\/es\/wp-json\/wp\/v2\/product_brand?post=979473"},{"taxonomy":"product_cat","embeddable":true,"href":"https:\/\/www.claret.cat\/es\/wp-json\/wp\/v2\/product_cat?post=979473"},{"taxonomy":"product_tag","embeddable":true,"href":"https:\/\/www.claret.cat\/es\/wp-json\/wp\/v2\/product_tag?post=979473"}],"curies":[{"name":"wp","href":"https:\/\/api.w.org\/{rel}","templated":true}]}}