{"id":982372,"date":"2024-09-27T10:30:02","date_gmt":"2024-09-27T08:30:02","guid":{"rendered":"https:\/\/www.claret.cat\/llibre\/observaciones-acerca-del-sentimiento-de-lo-bello-y-de-lo-sublime-9788491041009\/"},"modified":"2024-10-04T10:10:16","modified_gmt":"2024-10-04T08:10:16","slug":"observaciones-acerca-del-sentimiento-de-lo-bello-y-de-lo-sublime-9788491041009","status":"publish","type":"product","link":"https:\/\/www.claret.cat\/es\/libro\/observaciones-acerca-del-sentimiento-de-lo-bello-y-de-lo-sublime-9788491041009\/","title":{"rendered":"OBSERVACIONES ACERCA DEL SENTIMIENTO DE LO BELLO Y DE LO SUBLIME"},"content":{"rendered":"<p>\u00bfCu\u00e1l es el car\u00e1cter de los juicios est\u00e9ticos que no parecen limitarse a un sentimiento subjetivo, aunque tampoco se basan en principios racionales que los tornen cient\u00edficos? Immanuel Kant, en &#8216;Observaciones acerca del sentimiento de lo bello y de lo sublime&#8217; (1764), se interesa no tanto por el contenido cuanto por la l\u00f3gica de los juicios est\u00e9ticos. El sentimiento de lo bello surge del libre juego de la imaginaci\u00f3n y el entendimiento sin la intervenci\u00f3n de ning\u00fan concepto, a diferencia de lo que ocurre en la aprehensi\u00f3n espacio-temporal de los objetos. Por el contrario, en el sentimiento de lo sublime el juego se realiza entre la imaginaci\u00f3n y la raz\u00f3n. Lejos de expresar una propiedad de los objetos, el sentimiento de lo sublime se despierta en nosotros por el contraste de dichos objetos con nuestras ideas, particularmente las de car\u00e1cter moral. Tambi\u00e9n en esta colecci\u00f3n: &#8216;Indagaci\u00f3n filos\u00f3fica sobre el origen de nuestras ideas acerca de lo sublime y de lo bell&#8217;, de Edmund Burke.<\/p>\n","protected":false},"excerpt":{"rendered":"<p>KANT, IMMANUEL<\/p>\n","protected":false},"featured_media":982373,"template":"","meta":{"_acf_changed":false,"om_disable_all_campaigns":false,"rs_blank_template":"","rs_page_bg_color":"","slide_template_v7":"","inline_featured_image":false,"_monsterinsights_skip_tracking":false},"product_brand":[],"product_cat":[172,443],"product_tag":[],"class_list":["post-982372","product","type-product","status-publish","has-post-thumbnail","product_cat-estetica","product_cat-estetica-filosofia-2_humanidades","first","instock","taxable","shipping-taxable","purchasable","product-type-simple"],"acf":{"autor":"KANT, IMMANUEL","codart":"849104100","libros-coleccion":"FORA DE COL.LECCI\u00d3","ediciones":"1","encuadernacion":"R\u00fastica","fecha_de_publicacion":"01\/09\/2015","novedad":"1","paginas":"120","subtitulo":"","orden":"0","portada":"0","idioma":"spa","editorial":[{"ID":147398,"post_author":"3","post_date":"2022-10-14 11:50:16","post_date_gmt":"2022-10-14 09:50:16","post_content":"","post_title":"ALIANZA EDITORIAL, S. A.","post_excerpt":"","post_status":"publish","comment_status":"closed","ping_status":"closed","post_password":"","post_name":"alianza-editorial-s-a","to_ping":"","pinged":"","post_modified":"2022-10-14 11:50:16","post_modified_gmt":"2022-10-14 09:50:16","post_content_filtered":"","post_parent":0,"guid":"http:\/\/dev.claret.cat\/editorial\/alianza-editorial-s-a\/","menu_order":0,"post_type":"editorial","post_mime_type":"","comment_count":"0","filter":"raw"}]},"aioseo_notices":[],"aioseo_head":"\n\t\t<!-- All in One SEO Pro 5.0.1.1 - aioseo.com -->\n\t<meta name=\"description\" content=\"OBSERVACIONES ACERCA DEL SENTIMIENTO DE LO BELLO Y DE LO SUBLIME de KANT, IMMANUEL disponible a\/en Llibreria Claret.\" \/>\n\t<meta name=\"robots\" content=\"max-image-preview:large\" \/>\n\t<meta name=\"google-site-verification\" content=\"xVtlFxJ-TfkIu-D-lt7XeLobefg5EIQiXTuqcSf8Rf0\" \/>\n\t<link rel=\"canonical\" href=\"https:\/\/www.claret.cat\/es\/libro\/observaciones-acerca-del-sentimiento-de-lo-bello-y-de-lo-sublime-9788491041009\/\" \/>\n\t<meta name=\"generator\" content=\"All in One SEO Pro (AIOSEO) 5.0.1.1\" \/>\n\t\t<meta property=\"og:locale\" content=\"es_ES\" \/>\n\t\t<meta property=\"og:site_name\" content=\"Llibreria Claret - Llibreria religiosa a Barcelona\" \/>\n\t\t<meta property=\"og:type\" content=\"article\" \/>\n\t\t<meta property=\"og:title\" content=\"OBSERVACIONES ACERCA DEL SENTIMIENTO DE LO BELLO Y DE LO SUBLIME - KANT, IMMANUEL 9788491041009 | Llibreria Claret\" \/>\n\t\t<meta property=\"og:description\" content=\"OBSERVACIONES ACERCA DEL SENTIMIENTO DE LO BELLO Y DE LO SUBLIME de KANT, IMMANUEL disponible a\/en Llibreria Claret.\" \/>\n\t\t<meta property=\"og:url\" content=\"https:\/\/www.claret.cat\/es\/libro\/observaciones-acerca-del-sentimiento-de-lo-bello-y-de-lo-sublime-9788491041009\/\" \/>\n\t\t<meta property=\"og:image\" content=\"https:\/\/dev.claret.cat\/wp-content\/uploads\/logo-claret.svg\" \/>\n\t\t<meta property=\"og:image:secure_url\" content=\"https:\/\/dev.claret.cat\/wp-content\/uploads\/logo-claret.svg\" \/>\n\t\t<meta property=\"article:published_time\" content=\"2024-09-27T08:30:02+00:00\" \/>\n\t\t<meta property=\"article:modified_time\" content=\"2024-10-04T08:10:16+00:00\" \/>\n\t\t<meta property=\"article:publisher\" content=\"https:\/\/www.facebook.com\/LlibreriaClaret\" \/>\n\t\t<meta name=\"twitter:card\" content=\"summary_large_image\" \/>\n\t\t<meta name=\"twitter:site\" content=\"@LlibreriaClaret\" \/>\n\t\t<meta name=\"twitter:title\" content=\"OBSERVACIONES ACERCA DEL SENTIMIENTO DE LO BELLO Y DE LO SUBLIME - KANT, IMMANUEL 9788491041009 | Llibreria Claret\" \/>\n\t\t<meta name=\"twitter:description\" content=\"OBSERVACIONES ACERCA DEL SENTIMIENTO DE LO BELLO Y DE LO SUBLIME de KANT, IMMANUEL disponible a\/en Llibreria Claret.\" \/>\n\t\t<meta name=\"twitter:image\" content=\"http:\/\/dev.claret.cat\/wp-content\/uploads\/logo-claret.svg\" \/>\n\t\t<script type=\"application\/ld+json\" class=\"aioseo-schema\">\n\t\t\t{\"@context\":\"https:\\\/\\\/schema.org\",\"@graph\":[{\"@type\":\"BreadcrumbList\",\"@id\":\"https:\\\/\\\/www.claret.cat\\\/es\\\/libro\\\/observaciones-acerca-del-sentimiento-de-lo-bello-y-de-lo-sublime-9788491041009\\\/#breadcrumblist\",\"itemListElement\":[{\"@type\":\"ListItem\",\"@id\":\"https:\\\/\\\/www.claret.cat\\\/es\\\/#listItem\",\"position\":1,\"name\":\"Home\",\"item\":\"https:\\\/\\\/www.claret.cat\\\/es\\\/\",\"nextItem\":{\"@type\":\"ListItem\",\"@id\":\"https:\\\/\\\/www.claret.cat\\\/?page_id=16#listItem\",\"name\":\"Botiga\"}},{\"@type\":\"ListItem\",\"@id\":\"https:\\\/\\\/www.claret.cat\\\/?page_id=16#listItem\",\"position\":2,\"name\":\"Botiga\",\"item\":\"https:\\\/\\\/www.claret.cat\\\/?page_id=16\",\"nextItem\":{\"@type\":\"ListItem\",\"@id\":\"https:\\\/\\\/www.claret.cat\\\/categoria-producto\\\/cat\\\/#listItem\",\"name\":\"CAT\"},\"previousItem\":{\"@type\":\"ListItem\",\"@id\":\"https:\\\/\\\/www.claret.cat\\\/es\\\/#listItem\",\"name\":\"Home\"}},{\"@type\":\"ListItem\",\"@id\":\"https:\\\/\\\/www.claret.cat\\\/categoria-producto\\\/cat\\\/#listItem\",\"position\":3,\"name\":\"CAT\",\"item\":\"https:\\\/\\\/www.claret.cat\\\/categoria-producto\\\/cat\\\/\",\"nextItem\":{\"@type\":\"ListItem\",\"@id\":\"https:\\\/\\\/www.claret.cat\\\/categoria-producto\\\/cat\\\/2_humanitats\\\/#listItem\",\"name\":\"Humanitats\"},\"previousItem\":{\"@type\":\"ListItem\",\"@id\":\"https:\\\/\\\/www.claret.cat\\\/?page_id=16#listItem\",\"name\":\"Botiga\"}},{\"@type\":\"ListItem\",\"@id\":\"https:\\\/\\\/www.claret.cat\\\/categoria-producto\\\/cat\\\/2_humanitats\\\/#listItem\",\"position\":4,\"name\":\"Humanitats\",\"item\":\"https:\\\/\\\/www.claret.cat\\\/categoria-producto\\\/cat\\\/2_humanitats\\\/\",\"nextItem\":{\"@type\":\"ListItem\",\"@id\":\"https:\\\/\\\/www.claret.cat\\\/categoria-producto\\\/cat\\\/2_humanitats\\\/filosofia\\\/#listItem\",\"name\":\"Filosofia\"},\"previousItem\":{\"@type\":\"ListItem\",\"@id\":\"https:\\\/\\\/www.claret.cat\\\/categoria-producto\\\/cat\\\/#listItem\",\"name\":\"CAT\"}},{\"@type\":\"ListItem\",\"@id\":\"https:\\\/\\\/www.claret.cat\\\/categoria-producto\\\/cat\\\/2_humanitats\\\/filosofia\\\/#listItem\",\"position\":5,\"name\":\"Filosofia\",\"item\":\"https:\\\/\\\/www.claret.cat\\\/categoria-producto\\\/cat\\\/2_humanitats\\\/filosofia\\\/\",\"nextItem\":{\"@type\":\"ListItem\",\"@id\":\"https:\\\/\\\/www.claret.cat\\\/categoria-producto\\\/cat\\\/2_humanitats\\\/filosofia\\\/estetica\\\/#listItem\",\"name\":\"Est\\u00e9tica\"},\"previousItem\":{\"@type\":\"ListItem\",\"@id\":\"https:\\\/\\\/www.claret.cat\\\/categoria-producto\\\/cat\\\/2_humanitats\\\/#listItem\",\"name\":\"Humanitats\"}},{\"@type\":\"ListItem\",\"@id\":\"https:\\\/\\\/www.claret.cat\\\/categoria-producto\\\/cat\\\/2_humanitats\\\/filosofia\\\/estetica\\\/#listItem\",\"position\":6,\"name\":\"Est\\u00e9tica\",\"item\":\"https:\\\/\\\/www.claret.cat\\\/categoria-producto\\\/cat\\\/2_humanitats\\\/filosofia\\\/estetica\\\/\",\"nextItem\":{\"@type\":\"ListItem\",\"@id\":\"https:\\\/\\\/www.claret.cat\\\/es\\\/libro\\\/observaciones-acerca-del-sentimiento-de-lo-bello-y-de-lo-sublime-9788491041009\\\/#listItem\",\"name\":\"OBSERVACIONES ACERCA DEL SENTIMIENTO DE LO BELLO Y DE LO SUBLIME\"},\"previousItem\":{\"@type\":\"ListItem\",\"@id\":\"https:\\\/\\\/www.claret.cat\\\/categoria-producto\\\/cat\\\/2_humanitats\\\/filosofia\\\/#listItem\",\"name\":\"Filosofia\"}},{\"@type\":\"ListItem\",\"@id\":\"https:\\\/\\\/www.claret.cat\\\/es\\\/libro\\\/observaciones-acerca-del-sentimiento-de-lo-bello-y-de-lo-sublime-9788491041009\\\/#listItem\",\"position\":7,\"name\":\"OBSERVACIONES ACERCA DEL SENTIMIENTO DE LO BELLO Y DE LO SUBLIME\",\"previousItem\":{\"@type\":\"ListItem\",\"@id\":\"https:\\\/\\\/www.claret.cat\\\/categoria-producto\\\/cat\\\/2_humanitats\\\/filosofia\\\/estetica\\\/#listItem\",\"name\":\"Est\\u00e9tica\"}}]},{\"@type\":\"ItemPage\",\"@id\":\"https:\\\/\\\/www.claret.cat\\\/es\\\/libro\\\/observaciones-acerca-del-sentimiento-de-lo-bello-y-de-lo-sublime-9788491041009\\\/#itempage\",\"url\":\"https:\\\/\\\/www.claret.cat\\\/es\\\/libro\\\/observaciones-acerca-del-sentimiento-de-lo-bello-y-de-lo-sublime-9788491041009\\\/\",\"name\":\"OBSERVACIONES ACERCA DEL SENTIMIENTO DE LO BELLO Y DE LO SUBLIME - KANT, IMMANUEL 9788491041009 | Llibreria Claret\",\"description\":\"OBSERVACIONES ACERCA DEL SENTIMIENTO DE LO BELLO Y DE LO SUBLIME de KANT, IMMANUEL disponible a\\\/en Llibreria Claret.\",\"inLanguage\":\"es-ES\",\"isPartOf\":{\"@id\":\"https:\\\/\\\/www.claret.cat\\\/es\\\/#website\"},\"breadcrumb\":{\"@id\":\"https:\\\/\\\/www.claret.cat\\\/es\\\/libro\\\/observaciones-acerca-del-sentimiento-de-lo-bello-y-de-lo-sublime-9788491041009\\\/#breadcrumblist\"},\"image\":{\"@type\":\"ImageObject\",\"url\":\"https:\\\/\\\/www.claret.cat\\\/wp-content\\\/uploads\\\/.\\\/9788491041009.jpg\",\"@id\":\"https:\\\/\\\/www.claret.cat\\\/es\\\/libro\\\/observaciones-acerca-del-sentimiento-de-lo-bello-y-de-lo-sublime-9788491041009\\\/#mainImage\",\"width\":250,\"height\":375,\"caption\":\"9788491041009.jpg\"},\"primaryImageOfPage\":{\"@id\":\"https:\\\/\\\/www.claret.cat\\\/es\\\/libro\\\/observaciones-acerca-del-sentimiento-de-lo-bello-y-de-lo-sublime-9788491041009\\\/#mainImage\"},\"datePublished\":\"2024-09-27T10:30:02+02:00\",\"dateModified\":\"2024-10-04T10:10:16+02:00\"},{\"@type\":\"Organization\",\"@id\":\"https:\\\/\\\/www.claret.cat\\\/es\\\/#organization\",\"name\":\"Llibreria Claret\",\"description\":\"Llibreria religiosa a Barcelona\",\"url\":\"https:\\\/\\\/www.claret.cat\\\/es\\\/\",\"email\":\"comunicacio@claret.cat\",\"telephone\":\"+34933010887\",\"logo\":{\"@type\":\"ImageObject\",\"url\":\"https:\\\/\\\/www.claret.cat\\\/wp-content\\\/uploads\\\/.\\\/logo-claret-es.png\",\"@id\":\"https:\\\/\\\/www.claret.cat\\\/es\\\/libro\\\/observaciones-acerca-del-sentimiento-de-lo-bello-y-de-lo-sublime-9788491041009\\\/#organizationLogo\",\"width\":195,\"height\":79},\"image\":{\"@id\":\"https:\\\/\\\/www.claret.cat\\\/es\\\/libro\\\/observaciones-acerca-del-sentimiento-de-lo-bello-y-de-lo-sublime-9788491041009\\\/#organizationLogo\"},\"sameAs\":[\"https:\\\/\\\/www.facebook.com\\\/LlibreriaClaret\",\"https:\\\/\\\/twitter.com\\\/LlibreriaClaret\",\"https:\\\/\\\/www.instagram.com\\\/llibreriaclaret\\\/\",\"https:\\\/\\\/www.tiktok.com\\\/@llibreriaclaret\",\"https:\\\/\\\/www.youtube.com\\\/@llibreriaclaret\",\"https:\\\/\\\/ca.wikipedia.org\\\/wiki\\\/Editorial_Claret\"]},{\"@type\":\"WebPage\",\"@id\":\"https:\\\/\\\/www.claret.cat\\\/es\\\/libro\\\/observaciones-acerca-del-sentimiento-de-lo-bello-y-de-lo-sublime-9788491041009\\\/#webpage\",\"url\":\"https:\\\/\\\/www.claret.cat\\\/es\\\/libro\\\/observaciones-acerca-del-sentimiento-de-lo-bello-y-de-lo-sublime-9788491041009\\\/\",\"name\":\"OBSERVACIONES ACERCA DEL SENTIMIENTO DE LO BELLO Y DE LO SUBLIME - KANT, IMMANUEL 9788491041009 | Llibreria Claret\",\"description\":\"OBSERVACIONES ACERCA DEL SENTIMIENTO DE LO BELLO Y DE LO SUBLIME de KANT, IMMANUEL disponible a\\\/en Llibreria Claret.\",\"inLanguage\":\"es-ES\",\"isPartOf\":{\"@id\":\"https:\\\/\\\/www.claret.cat\\\/es\\\/#website\"},\"breadcrumb\":{\"@id\":\"https:\\\/\\\/www.claret.cat\\\/es\\\/libro\\\/observaciones-acerca-del-sentimiento-de-lo-bello-y-de-lo-sublime-9788491041009\\\/#breadcrumblist\"},\"image\":{\"@type\":\"ImageObject\",\"url\":\"https:\\\/\\\/www.claret.cat\\\/wp-content\\\/uploads\\\/.\\\/9788491041009.jpg\",\"@id\":\"https:\\\/\\\/www.claret.cat\\\/es\\\/libro\\\/observaciones-acerca-del-sentimiento-de-lo-bello-y-de-lo-sublime-9788491041009\\\/#mainImage\",\"width\":250,\"height\":375,\"caption\":\"9788491041009.jpg\"},\"primaryImageOfPage\":{\"@id\":\"https:\\\/\\\/www.claret.cat\\\/es\\\/libro\\\/observaciones-acerca-del-sentimiento-de-lo-bello-y-de-lo-sublime-9788491041009\\\/#mainImage\"},\"datePublished\":\"2024-09-27T10:30:02+02:00\",\"dateModified\":\"2024-10-04T10:10:16+02:00\"},{\"@type\":\"WebSite\",\"@id\":\"https:\\\/\\\/www.claret.cat\\\/es\\\/#website\",\"url\":\"https:\\\/\\\/www.claret.cat\\\/es\\\/\",\"name\":\"Llibreria Claret Barcelona\",\"alternateName\":\"Llibreria Claret\",\"description\":\"Llibreria religiosa a Barcelona\",\"inLanguage\":\"es-ES\",\"publisher\":{\"@id\":\"https:\\\/\\\/www.claret.cat\\\/es\\\/#organization\"}}]}\n\t\t<\/script>\n\t\t<!-- All in One SEO Pro -->\r\n\t\t<title>OBSERVACIONES ACERCA DEL SENTIMIENTO DE LO BELLO Y DE LO SUBLIME - KANT, IMMANUEL 9788491041009 | Llibreria Claret<\/title>\n\n","aioseo_head_json":{"title":"OBSERVACIONES ACERCA DEL SENTIMIENTO DE LO BELLO Y DE LO SUBLIME - KANT, IMMANUEL 9788491041009 | Llibreria Claret","description":"OBSERVACIONES ACERCA DEL SENTIMIENTO DE LO BELLO Y DE LO SUBLIME de KANT, IMMANUEL disponible a\/en Llibreria Claret.","canonical_url":"https:\/\/www.claret.cat\/es\/libro\/observaciones-acerca-del-sentimiento-de-lo-bello-y-de-lo-sublime-9788491041009\/","robots":"max-image-preview:large","keywords":"","webmasterTools":{"google-site-verification":"xVtlFxJ-TfkIu-D-lt7XeLobefg5EIQiXTuqcSf8Rf0","miscellaneous":""},"schema":{"@context":"https:\/\/schema.org","@graph":[{"@type":"BreadcrumbList","@id":"https:\/\/www.claret.cat\/es\/libro\/observaciones-acerca-del-sentimiento-de-lo-bello-y-de-lo-sublime-9788491041009\/#breadcrumblist","itemListElement":[{"@type":"ListItem","@id":"https:\/\/www.claret.cat\/es\/#listItem","position":1,"name":"Home","item":"https:\/\/www.claret.cat\/es\/","nextItem":{"@type":"ListItem","@id":"https:\/\/www.claret.cat\/?page_id=16#listItem","name":"Botiga"}},{"@type":"ListItem","@id":"https:\/\/www.claret.cat\/?page_id=16#listItem","position":2,"name":"Botiga","item":"https:\/\/www.claret.cat\/?page_id=16","nextItem":{"@type":"ListItem","@id":"https:\/\/www.claret.cat\/categoria-producto\/cat\/#listItem","name":"CAT"},"previousItem":{"@type":"ListItem","@id":"https:\/\/www.claret.cat\/es\/#listItem","name":"Home"}},{"@type":"ListItem","@id":"https:\/\/www.claret.cat\/categoria-producto\/cat\/#listItem","position":3,"name":"CAT","item":"https:\/\/www.claret.cat\/categoria-producto\/cat\/","nextItem":{"@type":"ListItem","@id":"https:\/\/www.claret.cat\/categoria-producto\/cat\/2_humanitats\/#listItem","name":"Humanitats"},"previousItem":{"@type":"ListItem","@id":"https:\/\/www.claret.cat\/?page_id=16#listItem","name":"Botiga"}},{"@type":"ListItem","@id":"https:\/\/www.claret.cat\/categoria-producto\/cat\/2_humanitats\/#listItem","position":4,"name":"Humanitats","item":"https:\/\/www.claret.cat\/categoria-producto\/cat\/2_humanitats\/","nextItem":{"@type":"ListItem","@id":"https:\/\/www.claret.cat\/categoria-producto\/cat\/2_humanitats\/filosofia\/#listItem","name":"Filosofia"},"previousItem":{"@type":"ListItem","@id":"https:\/\/www.claret.cat\/categoria-producto\/cat\/#listItem","name":"CAT"}},{"@type":"ListItem","@id":"https:\/\/www.claret.cat\/categoria-producto\/cat\/2_humanitats\/filosofia\/#listItem","position":5,"name":"Filosofia","item":"https:\/\/www.claret.cat\/categoria-producto\/cat\/2_humanitats\/filosofia\/","nextItem":{"@type":"ListItem","@id":"https:\/\/www.claret.cat\/categoria-producto\/cat\/2_humanitats\/filosofia\/estetica\/#listItem","name":"Est\u00e9tica"},"previousItem":{"@type":"ListItem","@id":"https:\/\/www.claret.cat\/categoria-producto\/cat\/2_humanitats\/#listItem","name":"Humanitats"}},{"@type":"ListItem","@id":"https:\/\/www.claret.cat\/categoria-producto\/cat\/2_humanitats\/filosofia\/estetica\/#listItem","position":6,"name":"Est\u00e9tica","item":"https:\/\/www.claret.cat\/categoria-producto\/cat\/2_humanitats\/filosofia\/estetica\/","nextItem":{"@type":"ListItem","@id":"https:\/\/www.claret.cat\/es\/libro\/observaciones-acerca-del-sentimiento-de-lo-bello-y-de-lo-sublime-9788491041009\/#listItem","name":"OBSERVACIONES ACERCA DEL SENTIMIENTO DE LO BELLO Y DE LO SUBLIME"},"previousItem":{"@type":"ListItem","@id":"https:\/\/www.claret.cat\/categoria-producto\/cat\/2_humanitats\/filosofia\/#listItem","name":"Filosofia"}},{"@type":"ListItem","@id":"https:\/\/www.claret.cat\/es\/libro\/observaciones-acerca-del-sentimiento-de-lo-bello-y-de-lo-sublime-9788491041009\/#listItem","position":7,"name":"OBSERVACIONES ACERCA DEL SENTIMIENTO DE LO BELLO Y DE LO SUBLIME","previousItem":{"@type":"ListItem","@id":"https:\/\/www.claret.cat\/categoria-producto\/cat\/2_humanitats\/filosofia\/estetica\/#listItem","name":"Est\u00e9tica"}}]},{"@type":"ItemPage","@id":"https:\/\/www.claret.cat\/es\/libro\/observaciones-acerca-del-sentimiento-de-lo-bello-y-de-lo-sublime-9788491041009\/#itempage","url":"https:\/\/www.claret.cat\/es\/libro\/observaciones-acerca-del-sentimiento-de-lo-bello-y-de-lo-sublime-9788491041009\/","name":"OBSERVACIONES ACERCA DEL SENTIMIENTO DE LO BELLO Y DE LO SUBLIME - KANT, IMMANUEL 9788491041009 | Llibreria Claret","description":"OBSERVACIONES ACERCA DEL SENTIMIENTO DE LO BELLO Y DE LO SUBLIME de KANT, IMMANUEL disponible a\/en Llibreria Claret.","inLanguage":"es-ES","isPartOf":{"@id":"https:\/\/www.claret.cat\/es\/#website"},"breadcrumb":{"@id":"https:\/\/www.claret.cat\/es\/libro\/observaciones-acerca-del-sentimiento-de-lo-bello-y-de-lo-sublime-9788491041009\/#breadcrumblist"},"image":{"@type":"ImageObject","url":"https:\/\/www.claret.cat\/wp-content\/uploads\/.\/9788491041009.jpg","@id":"https:\/\/www.claret.cat\/es\/libro\/observaciones-acerca-del-sentimiento-de-lo-bello-y-de-lo-sublime-9788491041009\/#mainImage","width":250,"height":375,"caption":"9788491041009.jpg"},"primaryImageOfPage":{"@id":"https:\/\/www.claret.cat\/es\/libro\/observaciones-acerca-del-sentimiento-de-lo-bello-y-de-lo-sublime-9788491041009\/#mainImage"},"datePublished":"2024-09-27T10:30:02+02:00","dateModified":"2024-10-04T10:10:16+02:00"},{"@type":"Organization","@id":"https:\/\/www.claret.cat\/es\/#organization","name":"Llibreria Claret","description":"Llibreria religiosa a Barcelona","url":"https:\/\/www.claret.cat\/es\/","email":"comunicacio@claret.cat","telephone":"+34933010887","logo":{"@type":"ImageObject","url":"https:\/\/www.claret.cat\/wp-content\/uploads\/.\/logo-claret-es.png","@id":"https:\/\/www.claret.cat\/es\/libro\/observaciones-acerca-del-sentimiento-de-lo-bello-y-de-lo-sublime-9788491041009\/#organizationLogo","width":195,"height":79},"image":{"@id":"https:\/\/www.claret.cat\/es\/libro\/observaciones-acerca-del-sentimiento-de-lo-bello-y-de-lo-sublime-9788491041009\/#organizationLogo"},"sameAs":["https:\/\/www.facebook.com\/LlibreriaClaret","https:\/\/twitter.com\/LlibreriaClaret","https:\/\/www.instagram.com\/llibreriaclaret\/","https:\/\/www.tiktok.com\/@llibreriaclaret","https:\/\/www.youtube.com\/@llibreriaclaret","https:\/\/ca.wikipedia.org\/wiki\/Editorial_Claret"]},{"@type":"WebPage","@id":"https:\/\/www.claret.cat\/es\/libro\/observaciones-acerca-del-sentimiento-de-lo-bello-y-de-lo-sublime-9788491041009\/#webpage","url":"https:\/\/www.claret.cat\/es\/libro\/observaciones-acerca-del-sentimiento-de-lo-bello-y-de-lo-sublime-9788491041009\/","name":"OBSERVACIONES ACERCA DEL SENTIMIENTO DE LO BELLO Y DE LO SUBLIME - KANT, IMMANUEL 9788491041009 | Llibreria Claret","description":"OBSERVACIONES ACERCA DEL SENTIMIENTO DE LO BELLO Y DE LO SUBLIME de KANT, IMMANUEL disponible a\/en Llibreria Claret.","inLanguage":"es-ES","isPartOf":{"@id":"https:\/\/www.claret.cat\/es\/#website"},"breadcrumb":{"@id":"https:\/\/www.claret.cat\/es\/libro\/observaciones-acerca-del-sentimiento-de-lo-bello-y-de-lo-sublime-9788491041009\/#breadcrumblist"},"image":{"@type":"ImageObject","url":"https:\/\/www.claret.cat\/wp-content\/uploads\/.\/9788491041009.jpg","@id":"https:\/\/www.claret.cat\/es\/libro\/observaciones-acerca-del-sentimiento-de-lo-bello-y-de-lo-sublime-9788491041009\/#mainImage","width":250,"height":375,"caption":"9788491041009.jpg"},"primaryImageOfPage":{"@id":"https:\/\/www.claret.cat\/es\/libro\/observaciones-acerca-del-sentimiento-de-lo-bello-y-de-lo-sublime-9788491041009\/#mainImage"},"datePublished":"2024-09-27T10:30:02+02:00","dateModified":"2024-10-04T10:10:16+02:00"},{"@type":"WebSite","@id":"https:\/\/www.claret.cat\/es\/#website","url":"https:\/\/www.claret.cat\/es\/","name":"Llibreria Claret Barcelona","alternateName":"Llibreria Claret","description":"Llibreria religiosa a Barcelona","inLanguage":"es-ES","publisher":{"@id":"https:\/\/www.claret.cat\/es\/#organization"}}]},"og:locale":"es_ES","og:site_name":"Llibreria Claret - Llibreria religiosa a Barcelona","og:type":"article","og:title":"OBSERVACIONES ACERCA DEL SENTIMIENTO DE LO BELLO Y DE LO SUBLIME - KANT, IMMANUEL 9788491041009 | Llibreria Claret","og:description":"OBSERVACIONES ACERCA DEL SENTIMIENTO DE LO BELLO Y DE LO SUBLIME de KANT, IMMANUEL disponible a\/en Llibreria Claret.","og:url":"https:\/\/www.claret.cat\/es\/libro\/observaciones-acerca-del-sentimiento-de-lo-bello-y-de-lo-sublime-9788491041009\/","og:image":"https:\/\/dev.claret.cat\/wp-content\/uploads\/logo-claret.svg","og:image:secure_url":"https:\/\/dev.claret.cat\/wp-content\/uploads\/logo-claret.svg","article:published_time":"2024-09-27T08:30:02+00:00","article:modified_time":"2024-10-04T08:10:16+00:00","article:publisher":"https:\/\/www.facebook.com\/LlibreriaClaret","twitter:card":"summary_large_image","twitter:site":"@LlibreriaClaret","twitter:title":"OBSERVACIONES ACERCA DEL SENTIMIENTO DE LO BELLO Y DE LO SUBLIME - KANT, IMMANUEL 9788491041009 | Llibreria Claret","twitter:description":"OBSERVACIONES ACERCA DEL SENTIMIENTO DE LO BELLO Y DE LO SUBLIME de KANT, IMMANUEL disponible a\/en Llibreria Claret.","twitter:image":"http:\/\/dev.claret.cat\/wp-content\/uploads\/logo-claret.svg"},"aioseo_meta_data":{"post_id":"982372","title":null,"description":null,"keywords":null,"keyphrases":null,"primary_term":null,"canonical_url":null,"og_title":null,"og_description":null,"og_object_type":"default","og_image_type":"default","og_image_url":null,"og_image_width":null,"og_image_height":null,"og_image_custom_url":null,"og_image_custom_fields":null,"og_video":null,"og_custom_url":null,"og_article_section":null,"og_article_tags":null,"twitter_use_og":false,"twitter_card":"default","twitter_image_type":"default","twitter_image_url":null,"twitter_image_custom_url":null,"twitter_image_custom_fields":null,"twitter_title":null,"twitter_description":null,"schema":{"blockGraphs":[],"customGraphs":[],"default":{"data":{"Article":[],"Course":[],"Dataset":[],"FAQPage":[],"Movie":[],"Person":[],"Product":[],"ProductReview":[],"Car":[],"Recipe":[],"Service":[],"SoftwareApplication":[],"WebPage":[]},"graphName":"","isEnabled":true},"graphs":[]},"schema_type":"default","schema_type_options":null,"pillar_content":false,"robots_default":true,"robots_noindex":false,"robots_noarchive":false,"robots_nosnippet":false,"robots_nofollow":false,"robots_noimageindex":false,"robots_noodp":false,"robots_notranslate":false,"robots_max_snippet":null,"robots_max_videopreview":null,"robots_max_imagepreview":"large","priority":null,"frequency":null,"local_seo":null,"seo_analyzer_scan_date":"2026-06-09 08:49:15","breadcrumb_settings":null,"limit_modified_date":false,"open_ai":null,"ai":null,"created":"2024-09-27 08:30:16","updated":"2026-06-09 08:49:15","focus_keyword":null,"additional_keywords":null,"truseo_locale":null},"aioseo_breadcrumb":"<div class=\"aioseo-breadcrumbs\"><span class=\"aioseo-breadcrumb\">\n\t<a href=\"https:\/\/www.claret.cat\/es\/\" title=\"Home\">Home<\/a>\n<\/span><span class=\"aioseo-breadcrumb-separator\">&raquo;<\/span><span class=\"aioseo-breadcrumb\">\n\t<a href=\"https:\/\/www.claret.cat\/?page_id=16\" title=\"Botiga\">Botiga<\/a>\n<\/span><span class=\"aioseo-breadcrumb-separator\">&raquo;<\/span><span class=\"aioseo-breadcrumb\">\n\t<a href=\"https:\/\/www.claret.cat\/categoria-producto\/cat\/\" title=\"CAT\">CAT<\/a>\n<\/span><span class=\"aioseo-breadcrumb-separator\">&raquo;<\/span><span class=\"aioseo-breadcrumb\">\n\t<a href=\"https:\/\/www.claret.cat\/categoria-producto\/cat\/2_humanitats\/\" title=\"Humanitats\">Humanitats<\/a>\n<\/span><span class=\"aioseo-breadcrumb-separator\">&raquo;<\/span><span class=\"aioseo-breadcrumb\">\n\t<a href=\"https:\/\/www.claret.cat\/categoria-producto\/cat\/2_humanitats\/filosofia\/\" title=\"Filosofia\">Filosofia<\/a>\n<\/span><span class=\"aioseo-breadcrumb-separator\">&raquo;<\/span><span class=\"aioseo-breadcrumb\">\n\t<a href=\"https:\/\/www.claret.cat\/categoria-producto\/cat\/2_humanitats\/filosofia\/estetica\/\" title=\"Est\u00e9tica\">Est\u00e9tica<\/a>\n<\/span><span class=\"aioseo-breadcrumb-separator\">&raquo;<\/span><span class=\"aioseo-breadcrumb\">\n\tOBSERVACIONES ACERCA DEL SENTIMIENTO DE LO BELLO Y DE LO SUBLIME\n<\/span><\/div>","aioseo_breadcrumb_json":[{"label":"Home","link":"https:\/\/www.claret.cat\/es\/"},{"label":"Botiga","link":"https:\/\/www.claret.cat\/?page_id=16"},{"label":"CAT","link":"https:\/\/www.claret.cat\/categoria-producto\/cat\/"},{"label":"Humanitats","link":"https:\/\/www.claret.cat\/categoria-producto\/cat\/2_humanitats\/"},{"label":"Filosofia","link":"https:\/\/www.claret.cat\/categoria-producto\/cat\/2_humanitats\/filosofia\/"},{"label":"Est\u00e9tica","link":"https:\/\/www.claret.cat\/categoria-producto\/cat\/2_humanitats\/filosofia\/estetica\/"},{"label":"OBSERVACIONES ACERCA DEL SENTIMIENTO DE LO BELLO Y DE LO SUBLIME","link":"https:\/\/www.claret.cat\/es\/libro\/observaciones-acerca-del-sentimiento-de-lo-bello-y-de-lo-sublime-9788491041009\/"}],"_links":{"self":[{"href":"https:\/\/www.claret.cat\/es\/wp-json\/wp\/v2\/product\/982372","targetHints":{"allow":["GET"]}}],"collection":[{"href":"https:\/\/www.claret.cat\/es\/wp-json\/wp\/v2\/product"}],"about":[{"href":"https:\/\/www.claret.cat\/es\/wp-json\/wp\/v2\/types\/product"}],"wp:featuredmedia":[{"embeddable":true,"href":"https:\/\/www.claret.cat\/es\/wp-json\/wp\/v2\/media\/982373"}],"wp:attachment":[{"href":"https:\/\/www.claret.cat\/es\/wp-json\/wp\/v2\/media?parent=982372"}],"wp:term":[{"taxonomy":"product_brand","embeddable":true,"href":"https:\/\/www.claret.cat\/es\/wp-json\/wp\/v2\/product_brand?post=982372"},{"taxonomy":"product_cat","embeddable":true,"href":"https:\/\/www.claret.cat\/es\/wp-json\/wp\/v2\/product_cat?post=982372"},{"taxonomy":"product_tag","embeddable":true,"href":"https:\/\/www.claret.cat\/es\/wp-json\/wp\/v2\/product_tag?post=982372"}],"curies":[{"name":"wp","href":"https:\/\/api.w.org\/{rel}","templated":true}]}}