{"id":983209,"date":"2024-10-01T19:05:32","date_gmt":"2024-10-01T17:05:32","guid":{"rendered":"https:\/\/www.claret.cat\/llibre\/le-llamaban-padre-9788411002929\/"},"modified":"2024-10-02T10:21:09","modified_gmt":"2024-10-02T08:21:09","slug":"le-llamaban-padre-9788411002929","status":"publish","type":"product","link":"https:\/\/www.claret.cat\/es\/libro\/le-llamaban-padre-9788411002929\/","title":{"rendered":"LE LLAMABAN PADRE"},"content":{"rendered":"<p>La perturbadora cr\u00f3nica de uno de los sucesos m\u00e1s estremecedores de los \u00faltimos tiempos, plasmado por Carles Porta.Le llamaban padre porque cre\u00edan que aquel era el precio a pagar por tener una familia. En un peque\u00f1o pueblo de Lleida, viv\u00edan David Donet y los adolescentes que ten\u00eda en acogida. All\u00ed se descubrieron decenas de im\u00e1genes y v\u00eddeos que demostraban que el responsable de los menores hab\u00eda abusado sexualmente de ellos durante 17 a\u00f1os. Carles Porta reconstruye un relato de los sucesos que, lejos de caer en el morbo, revelan c\u00f3mo el horror puede convertirse en normalidad. Un caso que permite poner este tema sobre la mesa para romper el tab\u00fa y el silencio social que genera.<\/p>\n","protected":false},"excerpt":{"rendered":"<p>PORTA, CARLES<\/p>\n","protected":false},"featured_media":983270,"template":"","meta":{"_acf_changed":false,"om_disable_all_campaigns":false,"rs_blank_template":"","rs_page_bg_color":"","slide_template_v7":"","inline_featured_image":false,"_monsterinsights_skip_tracking":false,"_monsterinsights_sitenote_active":false,"_monsterinsights_sitenote_note":"","_monsterinsights_sitenote_category":0},"product_brand":[],"product_cat":[90,540],"product_tag":[],"class_list":{"0":"post-983209","1":"product","2":"type-product","3":"status-publish","4":"has-post-thumbnail","6":"product_cat-altres","7":"product_cat-otros","9":"first","10":"instock","11":"taxable","12":"shipping-taxable","13":"purchasable","14":"product-type-simple"},"acf":{"autor":"PORTA, CARLES","codart":"841100292","libros-coleccion":"FORA DE COL.LECCI\u00d3","ediciones":"1","encuadernacion":"R\u00fastica","fecha_de_publicacion":"01\/10\/2024","novedad":"1","paginas":"217","subtitulo":"CUANDO EL HORROR SE DISFRAZA DE AMOR Y FAMILIA","orden":"0","portada":"0","idioma":"spa","editorial":[{"ID":6208,"post_author":"3","post_date":"2022-07-28 17:47:11","post_date_gmt":"2022-07-28 15:47:11","post_content":"","post_title":"Ediciones Pen\u00ednsula","post_excerpt":"","post_status":"publish","comment_status":"closed","ping_status":"closed","post_password":"","post_name":"ediciones-peninsula","to_ping":"","pinged":"","post_modified":"2022-07-28 17:47:11","post_modified_gmt":"2022-07-28 15:47:11","post_content_filtered":"","post_parent":0,"guid":"http:\/\/dev.claret.cat\/editorial\/ediciones-peninsula\/","menu_order":0,"post_type":"editorial","post_mime_type":"","comment_count":"0","filter":"raw"}]},"aioseo_notices":[],"_links":{"self":[{"href":"https:\/\/www.claret.cat\/es\/wp-json\/wp\/v2\/product\/983209","targetHints":{"allow":["GET"]}}],"collection":[{"href":"https:\/\/www.claret.cat\/es\/wp-json\/wp\/v2\/product"}],"about":[{"href":"https:\/\/www.claret.cat\/es\/wp-json\/wp\/v2\/types\/product"}],"wp:featuredmedia":[{"embeddable":true,"href":"https:\/\/www.claret.cat\/es\/wp-json\/wp\/v2\/media\/983270"}],"wp:attachment":[{"href":"https:\/\/www.claret.cat\/es\/wp-json\/wp\/v2\/media?parent=983209"}],"wp:term":[{"taxonomy":"product_brand","embeddable":true,"href":"https:\/\/www.claret.cat\/es\/wp-json\/wp\/v2\/product_brand?post=983209"},{"taxonomy":"product_cat","embeddable":true,"href":"https:\/\/www.claret.cat\/es\/wp-json\/wp\/v2\/product_cat?post=983209"},{"taxonomy":"product_tag","embeddable":true,"href":"https:\/\/www.claret.cat\/es\/wp-json\/wp\/v2\/product_tag?post=983209"}],"curies":[{"name":"wp","href":"https:\/\/api.w.org\/{rel}","templated":true}]}}