{"id":985169,"date":"2024-10-09T18:55:05","date_gmt":"2024-10-09T16:55:05","guid":{"rendered":"https:\/\/www.claret.cat\/llibre\/el-secreto-de-la-asistenta-la-asistenta-2-9788419835734\/"},"modified":"2026-04-28T18:05:35","modified_gmt":"2026-04-28T16:05:35","slug":"el-secreto-de-la-asistenta-la-asistenta-2-9788419835734","status":"publish","type":"product","link":"https:\/\/www.claret.cat\/es\/libro\/el-secreto-de-la-asistenta-la-asistenta-2-9788419835734\/","title":{"rendered":"EL SECRETO DE LA ASISTENTA (LA ASISTENTA 2)"},"content":{"rendered":"<p>LA ASISTENTA NO HA ACABADO DE LIMPIAR&#8230; La explosiva secuela del thriller que est\u00e1 arrasando en redes sociales. *Premio Goodreads a la mejor novela de suspense* Es dif\u00edcil encontrar a alguien que te d\u00e9 trabajo sin preguntar demasiado sobre tu pasado. As\u00ed que le agradezco al universo que, milagrosamente, los Garrick me hayan dado empleo limpiando su impresionante \u00e1tico con vistas a todo Manhattan y prepar\u00e1ndoles comidas sofisticadas en su inmensa cocina. Puedo trabajar aqu\u00ed durante un tiempo, ser discreta hasta conseguir lo que quiero. Es casi perfecto. Sin embargo, todav\u00eda no he conocido a la se\u00f1ora Garrick ni he podido ver lo que hay dentro de la habitaci\u00f3n de invitados. Estoy segura de que la oigo llorar. Veo las peque\u00f1as manchas de sangre en el cuello de sus camisones blancos cuando hago la colada. Y, un d\u00eda, no puedo evitar llamar a su puerta. Cuando esta se abre lentamente, lo que veo lo cambia todo&#8230; Es entonces cuando hago una promesa. Douglas Garrick se ha equivocado. Y va a pagar. Es todo una cuesti\u00f3n de hasta d\u00f3nde estoy dispuesta a llegar&#8230; ***Y, a partir del 11 de julio, aseg\u00farate de que no te pierdes La asistenta te vigila***<\/p>\n","protected":false},"excerpt":{"rendered":"<p>MCFADDEN, FREIDA<\/p>\n","protected":false},"featured_media":985170,"template":"","meta":{"_acf_changed":false,"om_disable_all_campaigns":false,"rs_blank_template":"","rs_page_bg_color":"","slide_template_v7":"","inline_featured_image":false,"_monsterinsights_skip_tracking":false,"_monsterinsights_sitenote_active":false,"_monsterinsights_sitenote_note":"","_monsterinsights_sitenote_category":0},"product_brand":[],"product_cat":[127,357],"product_tag":[],"class_list":{"0":"post-985169","1":"product","2":"type-product","3":"status-publish","4":"has-post-thumbnail","6":"product_cat-novella-contemporania","7":"product_cat-novela-contemporanea","9":"first","10":"instock","11":"taxable","12":"shipping-taxable","13":"purchasable","14":"product-type-simple"},"acf":{"autor":"MCFADDEN, FREIDA","codart":"841983573","libros-coleccion":"SUMA","ediciones":"1","encuadernacion":"R\u00fastica","fecha_de_publicacion":"01\/05\/2024","novedad":"1","paginas":"336","subtitulo":"","orden":"0","portada":"0","idioma":"spa","editorial":[{"ID":6370,"post_author":"3","post_date":"2022-07-28 17:50:44","post_date_gmt":"2022-07-28 15:50:44","post_content":"","post_title":"SUMA","post_excerpt":"","post_status":"publish","comment_status":"closed","ping_status":"closed","post_password":"","post_name":"suma","to_ping":"","pinged":"","post_modified":"2022-07-28 17:50:44","post_modified_gmt":"2022-07-28 15:50:44","post_content_filtered":"","post_parent":0,"guid":"http:\/\/dev.claret.cat\/editorial\/suma\/","menu_order":0,"post_type":"editorial","post_mime_type":"","comment_count":"0","filter":"raw"}],"booktrailer":"","resenas":""},"aioseo_notices":[],"_links":{"self":[{"href":"https:\/\/www.claret.cat\/es\/wp-json\/wp\/v2\/product\/985169","targetHints":{"allow":["GET"]}}],"collection":[{"href":"https:\/\/www.claret.cat\/es\/wp-json\/wp\/v2\/product"}],"about":[{"href":"https:\/\/www.claret.cat\/es\/wp-json\/wp\/v2\/types\/product"}],"wp:featuredmedia":[{"embeddable":true,"href":"https:\/\/www.claret.cat\/es\/wp-json\/wp\/v2\/media\/985170"}],"wp:attachment":[{"href":"https:\/\/www.claret.cat\/es\/wp-json\/wp\/v2\/media?parent=985169"}],"wp:term":[{"taxonomy":"product_brand","embeddable":true,"href":"https:\/\/www.claret.cat\/es\/wp-json\/wp\/v2\/product_brand?post=985169"},{"taxonomy":"product_cat","embeddable":true,"href":"https:\/\/www.claret.cat\/es\/wp-json\/wp\/v2\/product_cat?post=985169"},{"taxonomy":"product_tag","embeddable":true,"href":"https:\/\/www.claret.cat\/es\/wp-json\/wp\/v2\/product_tag?post=985169"}],"curies":[{"name":"wp","href":"https:\/\/api.w.org\/{rel}","templated":true}]}}