{"id":986921,"date":"2024-10-17T14:10:05","date_gmt":"2024-10-17T12:10:05","guid":{"rendered":"https:\/\/www.claret.cat\/llibre\/por-que-mahler-9788411487986\/"},"modified":"2024-10-17T16:21:00","modified_gmt":"2024-10-17T14:21:00","slug":"por-que-mahler-9788411487986","status":"publish","type":"product","link":"https:\/\/www.claret.cat\/es\/libro\/por-que-mahler-9788411487986\/","title":{"rendered":"\u00bfPOR QU\u00c9 MAHLER?"},"content":{"rendered":"<p>M\u00e1s de un siglo despu\u00e9s de su muerte, Gustav Mahler es el compositor m\u00e1s importante de los tiempos modernos. \u00bfPor qu\u00e9 Mahler? \u00bfPor qu\u00e9 su m\u00fasica nos afecta tanto? \u00bfPor qu\u00e9 un m\u00fasico jud\u00edo \u00abtres veces ap\u00e1trida\u00bb expresa tan cabalmente las a\u00f1oranzas y ansiedades de nuestra sociedad postindustrial?Despu\u00e9s de situar la relevancia actual de Mahler, Norman Lebrecht presenta un apasionante relato de su vida y su tiempo y, por \u00faltimo, ofrece al lector una gu\u00eda segura que le orienta entre las numerosas interpretaciones de Mahler. Ameno y cargado de erudici\u00f3n, biograf\u00eda y narraci\u00f3n de un viaje al mismo tiempo, el presente libro es una exploraci\u00f3n del papel que la m\u00fasica de Mahler desempe\u00f1a como banda sonora de nuestro mundo.<\/p>\n","protected":false},"excerpt":{"rendered":"<p>LEBRECHT, NORMAN<\/p>\n","protected":false},"featured_media":986968,"template":"","meta":{"_acf_changed":false,"om_disable_all_campaigns":false,"rs_blank_template":"","rs_page_bg_color":"","slide_template_v7":"","inline_featured_image":false,"_monsterinsights_skip_tracking":false,"_monsterinsights_sitenote_active":false,"_monsterinsights_sitenote_note":"","_monsterinsights_sitenote_category":0},"product_brand":[],"product_cat":[111,332],"product_tag":[],"class_list":{"0":"post-986921","1":"product","2":"type-product","3":"status-publish","4":"has-post-thumbnail","6":"product_cat-musica","7":"product_cat-musica-4_escolar-spa","9":"first","10":"instock","11":"taxable","12":"shipping-taxable","13":"purchasable","14":"product-type-simple"},"acf":{"autor":"LEBRECHT, NORMAN","codart":"841148798","libros-coleccion":"FORA DE COL.LECCI\u00d3","ediciones":"1","encuadernacion":"R\u00fastica","fecha_de_publicacion":"01\/10\/2024","novedad":"1","paginas":"441","subtitulo":"C\u00d3MO UN HOMBRE Y DIEZ SINFON\u00cdAS CAMBIARON EL MUNDO. NUEVA EDICI\u00d3N","orden":"0","portada":"0","idioma":"spa","editorial":[{"ID":6119,"post_author":"3","post_date":"2022-07-28 17:45:18","post_date_gmt":"2022-07-28 15:45:18","post_content":"","post_title":"Alianza Editorial","post_excerpt":"","post_status":"publish","comment_status":"closed","ping_status":"closed","post_password":"","post_name":"alianza-editorial","to_ping":"","pinged":"","post_modified":"2022-07-28 17:45:18","post_modified_gmt":"2022-07-28 15:45:18","post_content_filtered":"","post_parent":0,"guid":"http:\/\/dev.claret.cat\/editorial\/alianza-editorial\/","menu_order":0,"post_type":"editorial","post_mime_type":"","comment_count":"0","filter":"raw"}]},"aioseo_notices":[],"_links":{"self":[{"href":"https:\/\/www.claret.cat\/es\/wp-json\/wp\/v2\/product\/986921","targetHints":{"allow":["GET"]}}],"collection":[{"href":"https:\/\/www.claret.cat\/es\/wp-json\/wp\/v2\/product"}],"about":[{"href":"https:\/\/www.claret.cat\/es\/wp-json\/wp\/v2\/types\/product"}],"wp:featuredmedia":[{"embeddable":true,"href":"https:\/\/www.claret.cat\/es\/wp-json\/wp\/v2\/media\/986968"}],"wp:attachment":[{"href":"https:\/\/www.claret.cat\/es\/wp-json\/wp\/v2\/media?parent=986921"}],"wp:term":[{"taxonomy":"product_brand","embeddable":true,"href":"https:\/\/www.claret.cat\/es\/wp-json\/wp\/v2\/product_brand?post=986921"},{"taxonomy":"product_cat","embeddable":true,"href":"https:\/\/www.claret.cat\/es\/wp-json\/wp\/v2\/product_cat?post=986921"},{"taxonomy":"product_tag","embeddable":true,"href":"https:\/\/www.claret.cat\/es\/wp-json\/wp\/v2\/product_tag?post=986921"}],"curies":[{"name":"wp","href":"https:\/\/api.w.org\/{rel}","templated":true}]}}