{"id":987518,"date":"2024-10-22T13:20:16","date_gmt":"2024-10-22T11:20:16","guid":{"rendered":"https:\/\/www.claret.cat\/llibre\/lorigen-de-la-porta-dels-tres-panys-1-la-llavor-duna-revolucio-9788413899466\/"},"modified":"2026-01-27T15:56:32","modified_gmt":"2026-01-27T14:56:32","slug":"lorigen-de-la-porta-dels-tres-panys-1-la-llavor-duna-revolucio-9788413899466","status":"publish","type":"product","link":"https:\/\/www.claret.cat\/es\/libro\/lorigen-de-la-porta-dels-tres-panys-1-la-llavor-duna-revolucio-9788413899466\/","title":{"rendered":"L&#8217;ORIGEN DE LA PORTA DELS TRES PANYS 1. LA LLAVOR D&#8217;UNA REVOLUCI\u00d3"},"content":{"rendered":"<p>En un segle XX acabat d&#8217;estrenar, l&#8217;Ada lluita contra el dest\u00ed gris i avorrit que la seva vida a l&#8221;orfenat li depara. Quan la seva antiga mentora desapareix, es troba immersa en una aventura que la portar\u00e0 a terres d&#8217;estranys coneixements. Amb l&#8217;ajuda d&#8217;un enigm\u00e0tic elf aconseguir\u00e0 escapar-se de la clausura i no nom\u00e9s recuperar\u00e0 la llibertat sin\u00f3 que tamb\u00e9 obrir\u00e0 les portes als seus somnis: convertir-se en una gran cient\u00edfica. L&#8217;Ada i el seu nou amic tenen la missi\u00f3 de guiar els cient\u00edfics m\u00e9s brillants de la seva \u00e8poca fins al m\u00f3n qu\u00e0ntic. La f\u00edsica qu\u00e0ntica ha de n\u00e9ixer en el m\u00f3n cl\u00e0ssic. I, tot i que els seus somnis no estan lliures de perills, l&#8217;Ada far\u00e0 qualsevol cosa per descobrir els secrets de la que ser\u00e0 la revoluci\u00f3 cient\u00edfica m\u00e9s gran de la hist\u00f2ria.<br \/> Per fi ha arribat l&#8217;spin off de La porta dels tres panys. Un best-seller que ha enganxat les ments m\u00e9s curioses.<br \/> \u00a0<br \/> PER QU\u00c8 LA S\u00c8RIE DE LA PORTA DELS TRES PANYS ENCANTAR\u00c0 ALS JOVES LECTORS?<\/p>\n<p> Una s\u00e8rie plena d&#8217;aventures i fantasia que aconsegueix explicar amb senzillesa sorprenent els misteris de l&#8217;univers i la f\u00edsica qu\u00e0ntica.<br \/> Una s\u00e8rie perfecta per a un p\u00fablic crossover\u00a0interessat en les aventures, els misteris i la divulgaci\u00f3 cient\u00edfica.<br \/> La trilogia original s&#8217;ha convertit en un cl\u00e0ssic de la ficci\u00f3 divulgativa.<br \/> S\u00f2nia Fern\u00e1ndez-Vidal \u00e9s una divulgadora cient\u00edfica de gran prestigi i va ser elegida per la revista Forbes\u00a0com a una de les 100 persones m\u00e9s creatives del m\u00f3n.<\/p>\n<p> A m\u00e9s, el llibre porta magn\u00edfiques il\u00b7lustracions en blanc i negre de la m\u00e0 de David G. For\u00e9s.<\/p>\n","protected":false},"excerpt":{"rendered":"<p>FERN\u00c1NDEZ-VIDAL, S\u00d3NIA<\/p>\n","protected":false},"featured_media":1078612,"template":"","meta":{"_acf_changed":false,"om_disable_all_campaigns":false,"rs_blank_template":"","rs_page_bg_color":"","slide_template_v7":"","inline_featured_image":false,"_monsterinsights_skip_tracking":false,"_monsterinsights_sitenote_active":false,"_monsterinsights_sitenote_note":"","_monsterinsights_sitenote_category":0},"product_brand":[],"product_cat":[132,362],"product_tag":[],"class_list":{"0":"post-987518","1":"product","2":"type-product","3":"status-publish","4":"has-post-thumbnail","6":"product_cat-lectures-per-preadolescents-6-12-anys","7":"product_cat-libros-preadolescentes-6-12-anos","9":"first","10":"instock","11":"taxable","12":"shipping-taxable","13":"purchasable","14":"product-type-simple"},"acf":{"autor":"FERN\u00c1NDEZ-VIDAL, S\u00d3NIA","codart":"841389946","libros-coleccion":"FORA DE COL.LECCI\u00d3","ediciones":"1","encuadernacion":"Carton\u00e9","fecha_de_publicacion":"01\/10\/2024","novedad":"1","paginas":"352","subtitulo":"","orden":"0","portada":"0","idioma":"cat","editorial":[{"ID":6249,"post_author":"3","post_date":"2022-07-28 17:48:09","post_date_gmt":"2022-07-28 15:48:09","post_content":"","post_title":"Estrella Polar","post_excerpt":"","post_status":"publish","comment_status":"closed","ping_status":"closed","post_password":"","post_name":"estrella-polar","to_ping":"","pinged":"","post_modified":"2022-07-28 17:48:09","post_modified_gmt":"2022-07-28 15:48:09","post_content_filtered":"","post_parent":0,"guid":"http:\/\/dev.claret.cat\/editorial\/estrella-polar\/","menu_order":0,"post_type":"editorial","post_mime_type":"","comment_count":"0","filter":"raw"}],"booktrailer":"","resenas":""},"aioseo_notices":[],"_links":{"self":[{"href":"https:\/\/www.claret.cat\/es\/wp-json\/wp\/v2\/product\/987518","targetHints":{"allow":["GET"]}}],"collection":[{"href":"https:\/\/www.claret.cat\/es\/wp-json\/wp\/v2\/product"}],"about":[{"href":"https:\/\/www.claret.cat\/es\/wp-json\/wp\/v2\/types\/product"}],"wp:featuredmedia":[{"embeddable":true,"href":"https:\/\/www.claret.cat\/es\/wp-json\/wp\/v2\/media\/1078612"}],"wp:attachment":[{"href":"https:\/\/www.claret.cat\/es\/wp-json\/wp\/v2\/media?parent=987518"}],"wp:term":[{"taxonomy":"product_brand","embeddable":true,"href":"https:\/\/www.claret.cat\/es\/wp-json\/wp\/v2\/product_brand?post=987518"},{"taxonomy":"product_cat","embeddable":true,"href":"https:\/\/www.claret.cat\/es\/wp-json\/wp\/v2\/product_cat?post=987518"},{"taxonomy":"product_tag","embeddable":true,"href":"https:\/\/www.claret.cat\/es\/wp-json\/wp\/v2\/product_tag?post=987518"}],"curies":[{"name":"wp","href":"https:\/\/api.w.org\/{rel}","templated":true}]}}