{"id":987587,"date":"2024-10-22T15:40:10","date_gmt":"2024-10-22T13:40:10","guid":{"rendered":"https:\/\/www.claret.cat\/llibre\/una-vida-a-les-muntanyes-ed-2024-9788411730990\/"},"modified":"2025-03-28T13:10:34","modified_gmt":"2025-03-28T12:10:34","slug":"una-vida-a-les-muntanyes-ed-2024-9788411730990","status":"publish","type":"product","link":"https:\/\/www.claret.cat\/es\/libro\/una-vida-a-les-muntanyes-ed-2024-9788411730990\/","title":{"rendered":"UNA VIDA A LES MUNTANYES. ED 2024"},"content":{"rendered":"<p>A Bruguera, un petit poble al peu del Taga, hi viu la pastora m\u00e9s vella de Catalunya. Amb quasi cent anys, la Marina Vilalta segueix exercint un ofici que estima, per\u00f2 que t\u00e9 un futur incert. Un ofici sacrificat que requereix dedicaci\u00f3 i paci\u00e8ncia i que est\u00e0 \u00edntimament lligat a la terra. La hist\u00f2ria de la Marina, que cobreix un segle, ens permet mirar a la muntanya amb tota la seva immensitat i con\u00e8ixer els que la treballen, els que s\u2019hi han amagat o escapat i els animals que hi viuen salvatges. Ens presenta la for\u00e7a de la natura sobre l\u2019home i com aquest, amb els anys, ha apr\u00e8s a entendre-la, preveure-la i conviure-hi. La hist\u00f2ria de la Marina ens amplia la mirada sobre el m\u00f3n rural i la saviesa popular del nostre pa\u00eds.<\/p>\n","protected":false},"excerpt":{"rendered":"<p>ORRIOLS GARCIA, ABRAHAM<\/p>\n","protected":false},"featured_media":990772,"template":"","meta":{"_acf_changed":false,"om_disable_all_campaigns":false,"rs_blank_template":"","rs_page_bg_color":"","slide_template_v7":"","inline_featured_image":false,"_monsterinsights_skip_tracking":false,"_monsterinsights_sitenote_active":false,"_monsterinsights_sitenote_note":"","_monsterinsights_sitenote_category":0},"product_brand":[],"product_cat":[90,540],"product_tag":[],"class_list":{"0":"post-987587","1":"product","2":"type-product","3":"status-publish","4":"has-post-thumbnail","6":"product_cat-altres","7":"product_cat-otros","9":"first","10":"instock","11":"taxable","12":"shipping-taxable","13":"purchasable","14":"product-type-simple"},"acf":{"autor":"ORRIOLS GARCIA, ABRAHAM","codart":"841173099","libros-coleccion":"CATALAN","ediciones":"1","encuadernacion":"Carton\u00e9","fecha_de_publicacion":"01\/09\/2024","novedad":"1","paginas":"206","subtitulo":"LA PASTORA MIARINA VILALTA, UN SEGLE ARRELADA A LA TERRA","orden":"0","portada":"0","idioma":"cat","editorial":[{"ID":147453,"post_author":"3","post_date":"2022-10-14 11:50:42","post_date_gmt":"2022-10-14 09:50:42","post_content":"","post_title":"ARA LLIBRES","post_excerpt":"","post_status":"publish","comment_status":"closed","ping_status":"closed","post_password":"","post_name":"ara-llibres","to_ping":"","pinged":"","post_modified":"2022-10-14 11:50:42","post_modified_gmt":"2022-10-14 09:50:42","post_content_filtered":"","post_parent":0,"guid":"http:\/\/dev.claret.cat\/editorial\/ara-llibres\/","menu_order":0,"post_type":"editorial","post_mime_type":"","comment_count":"0","filter":"raw"}]},"aioseo_notices":[],"_links":{"self":[{"href":"https:\/\/www.claret.cat\/es\/wp-json\/wp\/v2\/product\/987587","targetHints":{"allow":["GET"]}}],"collection":[{"href":"https:\/\/www.claret.cat\/es\/wp-json\/wp\/v2\/product"}],"about":[{"href":"https:\/\/www.claret.cat\/es\/wp-json\/wp\/v2\/types\/product"}],"wp:featuredmedia":[{"embeddable":true,"href":"https:\/\/www.claret.cat\/es\/wp-json\/wp\/v2\/media\/990772"}],"wp:attachment":[{"href":"https:\/\/www.claret.cat\/es\/wp-json\/wp\/v2\/media?parent=987587"}],"wp:term":[{"taxonomy":"product_brand","embeddable":true,"href":"https:\/\/www.claret.cat\/es\/wp-json\/wp\/v2\/product_brand?post=987587"},{"taxonomy":"product_cat","embeddable":true,"href":"https:\/\/www.claret.cat\/es\/wp-json\/wp\/v2\/product_cat?post=987587"},{"taxonomy":"product_tag","embeddable":true,"href":"https:\/\/www.claret.cat\/es\/wp-json\/wp\/v2\/product_tag?post=987587"}],"curies":[{"name":"wp","href":"https:\/\/api.w.org\/{rel}","templated":true}]}}