{"id":988810,"date":"2024-10-30T13:50:19","date_gmt":"2024-10-30T12:50:19","guid":{"rendered":"https:\/\/www.claret.cat\/llibre\/la-terrible-adele-al-pais-dels-contes-de-buffades-9788419183743\/"},"modified":"2026-04-24T10:32:48","modified_gmt":"2026-04-24T08:32:48","slug":"la-terrible-adele-al-pais-dels-contes-de-buffades-9788419183743","status":"publish","type":"product","link":"https:\/\/www.claret.cat\/es\/libro\/la-terrible-adele-al-pais-dels-contes-de-buffades-9788419183743\/","title":{"rendered":"LA TERRIBLE AD\u00c8LE AL PA\u00cdS DELS CONTES DE BUFFADES"},"content":{"rendered":"<p>La terrible Ad\u00e8le se ha visto transportada al Pa\u00eds de los Cuentos de Bobhadas, un lugar maravilloso donde todo el mundo puede realizar sus sue\u00f1os. Pero la que todos llaman ya princesa Barbacoa, por su car\u00e1cter explosivo, choca claramente con la aparente tranquilidad de los habitantes del reino de Encantamiento&#8230; Su temperamento puede ayudarla a sobrevivir a la cursiler\u00eda de ese extra\u00f1o mundo, en el que los pr\u00edncipes se dan la gran vida, mientras que las princesas compiten entre s\u00ed para acumular \u00abpuntos sonrisa\u00bb y conseguir ser protagonistas de su propio cuento<\/p>\n","protected":false},"excerpt":{"rendered":"<p>MR TAN<\/p>\n","protected":false},"featured_media":988859,"template":"","meta":{"_acf_changed":false,"om_disable_all_campaigns":false,"rs_blank_template":"","rs_page_bg_color":"","slide_template_v7":"","inline_featured_image":false,"_monsterinsights_skip_tracking":false,"_monsterinsights_sitenote_active":false,"_monsterinsights_sitenote_note":"","_monsterinsights_sitenote_category":0},"product_brand":[],"product_cat":[131,361],"product_tag":[],"class_list":{"0":"post-988810","1":"product","2":"type-product","3":"status-publish","4":"has-post-thumbnail","6":"product_cat-contes-per-infants-0-6-anys","7":"product_cat-cuentos-para-ninos-0-6-anos","9":"first","10":"instock","11":"taxable","12":"shipping-taxable","13":"purchasable","14":"product-type-simple"},"acf":{"autor":"MR TAN","codart":"841918374","libros-coleccion":"FORA DE COL.LECCI\u00d3","ediciones":"1","encuadernacion":"Carton\u00e9","fecha_de_publicacion":"01\/10\/2024","novedad":"1","paginas":"107","subtitulo":"","orden":"0","portada":"0","idioma":"cat","editorial":[{"ID":148339,"post_author":"3","post_date":"2022-10-14 11:57:28","post_date_gmt":"2022-10-14 09:57:28","post_content":"","post_title":"K\u00f3mikids","post_excerpt":"","post_status":"publish","comment_status":"closed","ping_status":"closed","post_password":"","post_name":"komikids","to_ping":"","pinged":"","post_modified":"2022-10-14 11:57:28","post_modified_gmt":"2022-10-14 09:57:28","post_content_filtered":"","post_parent":0,"guid":"http:\/\/dev.claret.cat\/editorial\/komikids\/","menu_order":0,"post_type":"editorial","post_mime_type":"","comment_count":"0","filter":"raw"}],"booktrailer":"","resenas":""},"aioseo_notices":[],"_links":{"self":[{"href":"https:\/\/www.claret.cat\/es\/wp-json\/wp\/v2\/product\/988810","targetHints":{"allow":["GET"]}}],"collection":[{"href":"https:\/\/www.claret.cat\/es\/wp-json\/wp\/v2\/product"}],"about":[{"href":"https:\/\/www.claret.cat\/es\/wp-json\/wp\/v2\/types\/product"}],"wp:featuredmedia":[{"embeddable":true,"href":"https:\/\/www.claret.cat\/es\/wp-json\/wp\/v2\/media\/988859"}],"wp:attachment":[{"href":"https:\/\/www.claret.cat\/es\/wp-json\/wp\/v2\/media?parent=988810"}],"wp:term":[{"taxonomy":"product_brand","embeddable":true,"href":"https:\/\/www.claret.cat\/es\/wp-json\/wp\/v2\/product_brand?post=988810"},{"taxonomy":"product_cat","embeddable":true,"href":"https:\/\/www.claret.cat\/es\/wp-json\/wp\/v2\/product_cat?post=988810"},{"taxonomy":"product_tag","embeddable":true,"href":"https:\/\/www.claret.cat\/es\/wp-json\/wp\/v2\/product_tag?post=988810"}],"curies":[{"name":"wp","href":"https:\/\/api.w.org\/{rel}","templated":true}]}}