{"id":989450,"date":"2024-11-04T12:20:19","date_gmt":"2024-11-04T11:20:19","guid":{"rendered":"https:\/\/www.claret.cat\/llibre\/lectio-divina-para-tiempos-fuertes-adviento-y-navidad-2024-9788479668037\/"},"modified":"2025-01-02T18:00:15","modified_gmt":"2025-01-02T17:00:15","slug":"lectio-divina-para-tiempos-fuertes-adviento-y-navidad-2024-9788479668037","status":"publish","type":"product","link":"https:\/\/www.claret.cat\/es\/libro\/lectio-divina-para-tiempos-fuertes-adviento-y-navidad-2024-9788479668037\/","title":{"rendered":"LECTIO DIVINA PARA TIEMPOS FUERTES : ADVIENTO Y NAVIDAD 2024"},"content":{"rendered":"<p>Adviento y Navidad son tiempos muy propicios para meditar y dejar que la Palabra de Dios inspire nuestras vidas. La \u00ablectura orante\u00bb del Evangelio de cada d\u00eda para estos tiempos lit\u00fargicos tan importantes nos llega de la mano de Pablo Largo Dom\u00ednguez.<\/p>\n","protected":false},"excerpt":{"rendered":"<p>LARGO DOM\u00cdNGUEZ, PABLO <\/p>\n","protected":false},"featured_media":989451,"template":"","meta":{"_acf_changed":false,"om_disable_all_campaigns":false,"rs_blank_template":"","rs_page_bg_color":"","slide_template_v7":"","inline_featured_image":false,"_monsterinsights_skip_tracking":false},"product_brand":[],"product_cat":[542,92],"product_tag":[],"class_list":["post-989450","product","type-product","status-publish","has-post-thumbnail","product_cat-vida-religiosa-1_espiritualidad-spa","product_cat-vida-religiosa","first","instock","taxable","shipping-taxable","purchasable","product-type-simple"],"acf":{"autor":"LARGO DOM\u00cdNGUEZ, PABLO ","codart":"847966803","libros-coleccion":"FUERA DE COLECCI\u00d3N","ediciones":"1","encuadernacion":"R\u00fastica","fecha_de_publicacion":"04\/11\/2024","novedad":"1","paginas":"112","subtitulo":"LA ALEGR\u00cdA DE LA ESPERA ","orden":"0","portada":"0","idioma":"spa","editorial":[{"ID":6337,"post_author":"3","post_date":"2022-07-28 17:50:01","post_date_gmt":"2022-07-28 15:50:01","post_content":"","post_title":"Publicaciones Claretianas","post_excerpt":"","post_status":"publish","comment_status":"closed","ping_status":"closed","post_password":"","post_name":"publicaciones-claretianas","to_ping":"","pinged":"","post_modified":"2022-07-28 17:50:01","post_modified_gmt":"2022-07-28 15:50:01","post_content_filtered":"","post_parent":0,"guid":"http:\/\/dev.claret.cat\/editorial\/publicaciones-claretianas\/","menu_order":0,"post_type":"editorial","post_mime_type":"","comment_count":"0","filter":"raw"}]},"aioseo_notices":[],"aioseo_head":"\n\t\t<!-- All in One SEO Pro 5.0.1.1 - aioseo.com -->\n\t<meta name=\"description\" content=\"LECTIO DIVINA PARA TIEMPOS FUERTES : ADVIENTO Y NAVIDAD 2024 de LARGO DOM\u00cdNGUEZ, PABLO disponible a\/en Llibreria Claret.\" \/>\n\t<meta name=\"robots\" content=\"max-image-preview:large\" \/>\n\t<meta name=\"google-site-verification\" content=\"xVtlFxJ-TfkIu-D-lt7XeLobefg5EIQiXTuqcSf8Rf0\" \/>\n\t<link rel=\"canonical\" href=\"https:\/\/www.claret.cat\/es\/libro\/lectio-divina-para-tiempos-fuertes-adviento-y-navidad-2024-9788479668037\/\" \/>\n\t<meta name=\"generator\" content=\"All in One SEO Pro (AIOSEO) 5.0.1.1\" \/>\n\t\t<meta property=\"og:locale\" content=\"es_ES\" \/>\n\t\t<meta property=\"og:site_name\" content=\"Llibreria Claret - Llibreria religiosa a Barcelona\" \/>\n\t\t<meta property=\"og:type\" content=\"article\" \/>\n\t\t<meta property=\"og:title\" content=\"LECTIO DIVINA PARA TIEMPOS FUERTES : ADVIENTO Y NAVIDAD 2024 - LARGO DOM\u00cdNGUEZ, PABLO 9788479668037 | Llibreria Claret\" \/>\n\t\t<meta property=\"og:description\" content=\"LECTIO DIVINA PARA TIEMPOS FUERTES : ADVIENTO Y NAVIDAD 2024 de LARGO DOM\u00cdNGUEZ, PABLO disponible a\/en Llibreria Claret.\" \/>\n\t\t<meta property=\"og:url\" content=\"https:\/\/www.claret.cat\/es\/libro\/lectio-divina-para-tiempos-fuertes-adviento-y-navidad-2024-9788479668037\/\" \/>\n\t\t<meta property=\"og:image\" content=\"https:\/\/dev.claret.cat\/wp-content\/uploads\/logo-claret.svg\" \/>\n\t\t<meta property=\"og:image:secure_url\" content=\"https:\/\/dev.claret.cat\/wp-content\/uploads\/logo-claret.svg\" \/>\n\t\t<meta property=\"article:published_time\" content=\"2024-11-04T11:20:19+00:00\" \/>\n\t\t<meta property=\"article:modified_time\" content=\"2025-01-02T17:00:15+00:00\" \/>\n\t\t<meta property=\"article:publisher\" content=\"https:\/\/www.facebook.com\/LlibreriaClaret\" \/>\n\t\t<meta name=\"twitter:card\" content=\"summary_large_image\" \/>\n\t\t<meta name=\"twitter:site\" content=\"@LlibreriaClaret\" \/>\n\t\t<meta name=\"twitter:title\" content=\"LECTIO DIVINA PARA TIEMPOS FUERTES : ADVIENTO Y NAVIDAD 2024 - LARGO DOM\u00cdNGUEZ, PABLO 9788479668037 | Llibreria Claret\" \/>\n\t\t<meta name=\"twitter:description\" content=\"LECTIO DIVINA PARA TIEMPOS FUERTES : ADVIENTO Y NAVIDAD 2024 de LARGO DOM\u00cdNGUEZ, PABLO disponible a\/en Llibreria Claret.\" \/>\n\t\t<meta name=\"twitter:image\" content=\"http:\/\/dev.claret.cat\/wp-content\/uploads\/logo-claret.svg\" \/>\n\t\t<script type=\"application\/ld+json\" class=\"aioseo-schema\">\n\t\t\t{\"@context\":\"https:\\\/\\\/schema.org\",\"@graph\":[{\"@type\":\"BreadcrumbList\",\"@id\":\"https:\\\/\\\/www.claret.cat\\\/es\\\/libro\\\/lectio-divina-para-tiempos-fuertes-adviento-y-navidad-2024-9788479668037\\\/#breadcrumblist\",\"itemListElement\":[{\"@type\":\"ListItem\",\"@id\":\"https:\\\/\\\/www.claret.cat\\\/es\\\/#listItem\",\"position\":1,\"name\":\"Home\",\"item\":\"https:\\\/\\\/www.claret.cat\\\/es\\\/\",\"nextItem\":{\"@type\":\"ListItem\",\"@id\":\"https:\\\/\\\/www.claret.cat\\\/?page_id=16#listItem\",\"name\":\"Botiga\"}},{\"@type\":\"ListItem\",\"@id\":\"https:\\\/\\\/www.claret.cat\\\/?page_id=16#listItem\",\"position\":2,\"name\":\"Botiga\",\"item\":\"https:\\\/\\\/www.claret.cat\\\/?page_id=16\",\"nextItem\":{\"@type\":\"ListItem\",\"@id\":\"https:\\\/\\\/www.claret.cat\\\/categoria-producto\\\/cat\\\/#listItem\",\"name\":\"CAT\"},\"previousItem\":{\"@type\":\"ListItem\",\"@id\":\"https:\\\/\\\/www.claret.cat\\\/es\\\/#listItem\",\"name\":\"Home\"}},{\"@type\":\"ListItem\",\"@id\":\"https:\\\/\\\/www.claret.cat\\\/categoria-producto\\\/cat\\\/#listItem\",\"position\":3,\"name\":\"CAT\",\"item\":\"https:\\\/\\\/www.claret.cat\\\/categoria-producto\\\/cat\\\/\",\"nextItem\":{\"@type\":\"ListItem\",\"@id\":\"https:\\\/\\\/www.claret.cat\\\/categoria-producto\\\/cat\\\/1_espiritualitat\\\/#listItem\",\"name\":\"Espiritualitat\"},\"previousItem\":{\"@type\":\"ListItem\",\"@id\":\"https:\\\/\\\/www.claret.cat\\\/?page_id=16#listItem\",\"name\":\"Botiga\"}},{\"@type\":\"ListItem\",\"@id\":\"https:\\\/\\\/www.claret.cat\\\/categoria-producto\\\/cat\\\/1_espiritualitat\\\/#listItem\",\"position\":4,\"name\":\"Espiritualitat\",\"item\":\"https:\\\/\\\/www.claret.cat\\\/categoria-producto\\\/cat\\\/1_espiritualitat\\\/\",\"nextItem\":{\"@type\":\"ListItem\",\"@id\":\"https:\\\/\\\/www.claret.cat\\\/categoria-producto\\\/cat\\\/1_espiritualitat\\\/vida-religiosa\\\/#listItem\",\"name\":\"Vida religiosa\"},\"previousItem\":{\"@type\":\"ListItem\",\"@id\":\"https:\\\/\\\/www.claret.cat\\\/categoria-producto\\\/cat\\\/#listItem\",\"name\":\"CAT\"}},{\"@type\":\"ListItem\",\"@id\":\"https:\\\/\\\/www.claret.cat\\\/categoria-producto\\\/cat\\\/1_espiritualitat\\\/vida-religiosa\\\/#listItem\",\"position\":5,\"name\":\"Vida religiosa\",\"item\":\"https:\\\/\\\/www.claret.cat\\\/categoria-producto\\\/cat\\\/1_espiritualitat\\\/vida-religiosa\\\/\",\"nextItem\":{\"@type\":\"ListItem\",\"@id\":\"https:\\\/\\\/www.claret.cat\\\/es\\\/libro\\\/lectio-divina-para-tiempos-fuertes-adviento-y-navidad-2024-9788479668037\\\/#listItem\",\"name\":\"LECTIO DIVINA PARA TIEMPOS FUERTES : ADVIENTO Y NAVIDAD 2024\"},\"previousItem\":{\"@type\":\"ListItem\",\"@id\":\"https:\\\/\\\/www.claret.cat\\\/categoria-producto\\\/cat\\\/1_espiritualitat\\\/#listItem\",\"name\":\"Espiritualitat\"}},{\"@type\":\"ListItem\",\"@id\":\"https:\\\/\\\/www.claret.cat\\\/es\\\/libro\\\/lectio-divina-para-tiempos-fuertes-adviento-y-navidad-2024-9788479668037\\\/#listItem\",\"position\":6,\"name\":\"LECTIO DIVINA PARA TIEMPOS FUERTES : ADVIENTO Y NAVIDAD 2024\",\"previousItem\":{\"@type\":\"ListItem\",\"@id\":\"https:\\\/\\\/www.claret.cat\\\/categoria-producto\\\/cat\\\/1_espiritualitat\\\/vida-religiosa\\\/#listItem\",\"name\":\"Vida religiosa\"}}]},{\"@type\":\"ItemPage\",\"@id\":\"https:\\\/\\\/www.claret.cat\\\/es\\\/libro\\\/lectio-divina-para-tiempos-fuertes-adviento-y-navidad-2024-9788479668037\\\/#itempage\",\"url\":\"https:\\\/\\\/www.claret.cat\\\/es\\\/libro\\\/lectio-divina-para-tiempos-fuertes-adviento-y-navidad-2024-9788479668037\\\/\",\"name\":\"LECTIO DIVINA PARA TIEMPOS FUERTES : ADVIENTO Y NAVIDAD 2024 - LARGO DOM\\u00cdNGUEZ, PABLO 9788479668037 | Llibreria Claret\",\"description\":\"LECTIO DIVINA PARA TIEMPOS FUERTES : ADVIENTO Y NAVIDAD 2024 de LARGO DOM\\u00cdNGUEZ, PABLO disponible a\\\/en Llibreria Claret.\",\"inLanguage\":\"es-ES\",\"isPartOf\":{\"@id\":\"https:\\\/\\\/www.claret.cat\\\/es\\\/#website\"},\"breadcrumb\":{\"@id\":\"https:\\\/\\\/www.claret.cat\\\/es\\\/libro\\\/lectio-divina-para-tiempos-fuertes-adviento-y-navidad-2024-9788479668037\\\/#breadcrumblist\"},\"image\":{\"@type\":\"ImageObject\",\"url\":\"https:\\\/\\\/www.claret.cat\\\/wp-content\\\/uploads\\\/.\\\/9788479668037.png\",\"@id\":\"https:\\\/\\\/www.claret.cat\\\/es\\\/libro\\\/lectio-divina-para-tiempos-fuertes-adviento-y-navidad-2024-9788479668037\\\/#mainImage\",\"width\":160,\"height\":253,\"caption\":\"9788479668037.png\"},\"primaryImageOfPage\":{\"@id\":\"https:\\\/\\\/www.claret.cat\\\/es\\\/libro\\\/lectio-divina-para-tiempos-fuertes-adviento-y-navidad-2024-9788479668037\\\/#mainImage\"},\"datePublished\":\"2024-11-04T12:20:19+01:00\",\"dateModified\":\"2025-01-02T18:00:15+01:00\"},{\"@type\":\"Organization\",\"@id\":\"https:\\\/\\\/www.claret.cat\\\/es\\\/#organization\",\"name\":\"Llibreria Claret\",\"description\":\"Llibreria religiosa a Barcelona\",\"url\":\"https:\\\/\\\/www.claret.cat\\\/es\\\/\",\"email\":\"comunicacio@claret.cat\",\"telephone\":\"+34933010887\",\"logo\":{\"@type\":\"ImageObject\",\"url\":\"https:\\\/\\\/www.claret.cat\\\/wp-content\\\/uploads\\\/.\\\/logo-claret-es.png\",\"@id\":\"https:\\\/\\\/www.claret.cat\\\/es\\\/libro\\\/lectio-divina-para-tiempos-fuertes-adviento-y-navidad-2024-9788479668037\\\/#organizationLogo\",\"width\":195,\"height\":79},\"image\":{\"@id\":\"https:\\\/\\\/www.claret.cat\\\/es\\\/libro\\\/lectio-divina-para-tiempos-fuertes-adviento-y-navidad-2024-9788479668037\\\/#organizationLogo\"},\"sameAs\":[\"https:\\\/\\\/www.facebook.com\\\/LlibreriaClaret\",\"https:\\\/\\\/twitter.com\\\/LlibreriaClaret\",\"https:\\\/\\\/www.instagram.com\\\/llibreriaclaret\\\/\",\"https:\\\/\\\/www.tiktok.com\\\/@llibreriaclaret\",\"https:\\\/\\\/www.youtube.com\\\/@llibreriaclaret\",\"https:\\\/\\\/ca.wikipedia.org\\\/wiki\\\/Editorial_Claret\"]},{\"@type\":\"WebPage\",\"@id\":\"https:\\\/\\\/www.claret.cat\\\/es\\\/libro\\\/lectio-divina-para-tiempos-fuertes-adviento-y-navidad-2024-9788479668037\\\/#webpage\",\"url\":\"https:\\\/\\\/www.claret.cat\\\/es\\\/libro\\\/lectio-divina-para-tiempos-fuertes-adviento-y-navidad-2024-9788479668037\\\/\",\"name\":\"LECTIO DIVINA PARA TIEMPOS FUERTES : ADVIENTO Y NAVIDAD 2024 - LARGO DOM\\u00cdNGUEZ, PABLO 9788479668037 | Llibreria Claret\",\"description\":\"LECTIO DIVINA PARA TIEMPOS FUERTES : ADVIENTO Y NAVIDAD 2024 de LARGO DOM\\u00cdNGUEZ, PABLO disponible a\\\/en Llibreria Claret.\",\"inLanguage\":\"es-ES\",\"isPartOf\":{\"@id\":\"https:\\\/\\\/www.claret.cat\\\/es\\\/#website\"},\"breadcrumb\":{\"@id\":\"https:\\\/\\\/www.claret.cat\\\/es\\\/libro\\\/lectio-divina-para-tiempos-fuertes-adviento-y-navidad-2024-9788479668037\\\/#breadcrumblist\"},\"image\":{\"@type\":\"ImageObject\",\"url\":\"https:\\\/\\\/www.claret.cat\\\/wp-content\\\/uploads\\\/.\\\/9788479668037.png\",\"@id\":\"https:\\\/\\\/www.claret.cat\\\/es\\\/libro\\\/lectio-divina-para-tiempos-fuertes-adviento-y-navidad-2024-9788479668037\\\/#mainImage\",\"width\":160,\"height\":253,\"caption\":\"9788479668037.png\"},\"primaryImageOfPage\":{\"@id\":\"https:\\\/\\\/www.claret.cat\\\/es\\\/libro\\\/lectio-divina-para-tiempos-fuertes-adviento-y-navidad-2024-9788479668037\\\/#mainImage\"},\"datePublished\":\"2024-11-04T12:20:19+01:00\",\"dateModified\":\"2025-01-02T18:00:15+01:00\"},{\"@type\":\"WebSite\",\"@id\":\"https:\\\/\\\/www.claret.cat\\\/es\\\/#website\",\"url\":\"https:\\\/\\\/www.claret.cat\\\/es\\\/\",\"name\":\"Llibreria Claret Barcelona\",\"alternateName\":\"Llibreria Claret\",\"description\":\"Llibreria religiosa a Barcelona\",\"inLanguage\":\"es-ES\",\"publisher\":{\"@id\":\"https:\\\/\\\/www.claret.cat\\\/es\\\/#organization\"}}]}\n\t\t<\/script>\n\t\t<!-- All in One SEO Pro -->\r\n\t\t<title>LECTIO DIVINA PARA TIEMPOS FUERTES : ADVIENTO Y NAVIDAD 2024 - LARGO DOM\u00cdNGUEZ, PABLO 9788479668037 | Llibreria Claret<\/title>\n\n","aioseo_head_json":{"title":"LECTIO DIVINA PARA TIEMPOS FUERTES : ADVIENTO Y NAVIDAD 2024 - LARGO DOM\u00cdNGUEZ, PABLO 9788479668037 | Llibreria Claret","description":"LECTIO DIVINA PARA TIEMPOS FUERTES : ADVIENTO Y NAVIDAD 2024 de LARGO DOM\u00cdNGUEZ, PABLO disponible a\/en Llibreria Claret.","canonical_url":"https:\/\/www.claret.cat\/es\/libro\/lectio-divina-para-tiempos-fuertes-adviento-y-navidad-2024-9788479668037\/","robots":"max-image-preview:large","keywords":"","webmasterTools":{"google-site-verification":"xVtlFxJ-TfkIu-D-lt7XeLobefg5EIQiXTuqcSf8Rf0","miscellaneous":""},"schema":{"@context":"https:\/\/schema.org","@graph":[{"@type":"BreadcrumbList","@id":"https:\/\/www.claret.cat\/es\/libro\/lectio-divina-para-tiempos-fuertes-adviento-y-navidad-2024-9788479668037\/#breadcrumblist","itemListElement":[{"@type":"ListItem","@id":"https:\/\/www.claret.cat\/es\/#listItem","position":1,"name":"Home","item":"https:\/\/www.claret.cat\/es\/","nextItem":{"@type":"ListItem","@id":"https:\/\/www.claret.cat\/?page_id=16#listItem","name":"Botiga"}},{"@type":"ListItem","@id":"https:\/\/www.claret.cat\/?page_id=16#listItem","position":2,"name":"Botiga","item":"https:\/\/www.claret.cat\/?page_id=16","nextItem":{"@type":"ListItem","@id":"https:\/\/www.claret.cat\/categoria-producto\/cat\/#listItem","name":"CAT"},"previousItem":{"@type":"ListItem","@id":"https:\/\/www.claret.cat\/es\/#listItem","name":"Home"}},{"@type":"ListItem","@id":"https:\/\/www.claret.cat\/categoria-producto\/cat\/#listItem","position":3,"name":"CAT","item":"https:\/\/www.claret.cat\/categoria-producto\/cat\/","nextItem":{"@type":"ListItem","@id":"https:\/\/www.claret.cat\/categoria-producto\/cat\/1_espiritualitat\/#listItem","name":"Espiritualitat"},"previousItem":{"@type":"ListItem","@id":"https:\/\/www.claret.cat\/?page_id=16#listItem","name":"Botiga"}},{"@type":"ListItem","@id":"https:\/\/www.claret.cat\/categoria-producto\/cat\/1_espiritualitat\/#listItem","position":4,"name":"Espiritualitat","item":"https:\/\/www.claret.cat\/categoria-producto\/cat\/1_espiritualitat\/","nextItem":{"@type":"ListItem","@id":"https:\/\/www.claret.cat\/categoria-producto\/cat\/1_espiritualitat\/vida-religiosa\/#listItem","name":"Vida religiosa"},"previousItem":{"@type":"ListItem","@id":"https:\/\/www.claret.cat\/categoria-producto\/cat\/#listItem","name":"CAT"}},{"@type":"ListItem","@id":"https:\/\/www.claret.cat\/categoria-producto\/cat\/1_espiritualitat\/vida-religiosa\/#listItem","position":5,"name":"Vida religiosa","item":"https:\/\/www.claret.cat\/categoria-producto\/cat\/1_espiritualitat\/vida-religiosa\/","nextItem":{"@type":"ListItem","@id":"https:\/\/www.claret.cat\/es\/libro\/lectio-divina-para-tiempos-fuertes-adviento-y-navidad-2024-9788479668037\/#listItem","name":"LECTIO DIVINA PARA TIEMPOS FUERTES : ADVIENTO Y NAVIDAD 2024"},"previousItem":{"@type":"ListItem","@id":"https:\/\/www.claret.cat\/categoria-producto\/cat\/1_espiritualitat\/#listItem","name":"Espiritualitat"}},{"@type":"ListItem","@id":"https:\/\/www.claret.cat\/es\/libro\/lectio-divina-para-tiempos-fuertes-adviento-y-navidad-2024-9788479668037\/#listItem","position":6,"name":"LECTIO DIVINA PARA TIEMPOS FUERTES : ADVIENTO Y NAVIDAD 2024","previousItem":{"@type":"ListItem","@id":"https:\/\/www.claret.cat\/categoria-producto\/cat\/1_espiritualitat\/vida-religiosa\/#listItem","name":"Vida religiosa"}}]},{"@type":"ItemPage","@id":"https:\/\/www.claret.cat\/es\/libro\/lectio-divina-para-tiempos-fuertes-adviento-y-navidad-2024-9788479668037\/#itempage","url":"https:\/\/www.claret.cat\/es\/libro\/lectio-divina-para-tiempos-fuertes-adviento-y-navidad-2024-9788479668037\/","name":"LECTIO DIVINA PARA TIEMPOS FUERTES : ADVIENTO Y NAVIDAD 2024 - LARGO DOM\u00cdNGUEZ, PABLO 9788479668037 | Llibreria Claret","description":"LECTIO DIVINA PARA TIEMPOS FUERTES : ADVIENTO Y NAVIDAD 2024 de LARGO DOM\u00cdNGUEZ, PABLO disponible a\/en Llibreria Claret.","inLanguage":"es-ES","isPartOf":{"@id":"https:\/\/www.claret.cat\/es\/#website"},"breadcrumb":{"@id":"https:\/\/www.claret.cat\/es\/libro\/lectio-divina-para-tiempos-fuertes-adviento-y-navidad-2024-9788479668037\/#breadcrumblist"},"image":{"@type":"ImageObject","url":"https:\/\/www.claret.cat\/wp-content\/uploads\/.\/9788479668037.png","@id":"https:\/\/www.claret.cat\/es\/libro\/lectio-divina-para-tiempos-fuertes-adviento-y-navidad-2024-9788479668037\/#mainImage","width":160,"height":253,"caption":"9788479668037.png"},"primaryImageOfPage":{"@id":"https:\/\/www.claret.cat\/es\/libro\/lectio-divina-para-tiempos-fuertes-adviento-y-navidad-2024-9788479668037\/#mainImage"},"datePublished":"2024-11-04T12:20:19+01:00","dateModified":"2025-01-02T18:00:15+01:00"},{"@type":"Organization","@id":"https:\/\/www.claret.cat\/es\/#organization","name":"Llibreria Claret","description":"Llibreria religiosa a Barcelona","url":"https:\/\/www.claret.cat\/es\/","email":"comunicacio@claret.cat","telephone":"+34933010887","logo":{"@type":"ImageObject","url":"https:\/\/www.claret.cat\/wp-content\/uploads\/.\/logo-claret-es.png","@id":"https:\/\/www.claret.cat\/es\/libro\/lectio-divina-para-tiempos-fuertes-adviento-y-navidad-2024-9788479668037\/#organizationLogo","width":195,"height":79},"image":{"@id":"https:\/\/www.claret.cat\/es\/libro\/lectio-divina-para-tiempos-fuertes-adviento-y-navidad-2024-9788479668037\/#organizationLogo"},"sameAs":["https:\/\/www.facebook.com\/LlibreriaClaret","https:\/\/twitter.com\/LlibreriaClaret","https:\/\/www.instagram.com\/llibreriaclaret\/","https:\/\/www.tiktok.com\/@llibreriaclaret","https:\/\/www.youtube.com\/@llibreriaclaret","https:\/\/ca.wikipedia.org\/wiki\/Editorial_Claret"]},{"@type":"WebPage","@id":"https:\/\/www.claret.cat\/es\/libro\/lectio-divina-para-tiempos-fuertes-adviento-y-navidad-2024-9788479668037\/#webpage","url":"https:\/\/www.claret.cat\/es\/libro\/lectio-divina-para-tiempos-fuertes-adviento-y-navidad-2024-9788479668037\/","name":"LECTIO DIVINA PARA TIEMPOS FUERTES : ADVIENTO Y NAVIDAD 2024 - LARGO DOM\u00cdNGUEZ, PABLO 9788479668037 | Llibreria Claret","description":"LECTIO DIVINA PARA TIEMPOS FUERTES : ADVIENTO Y NAVIDAD 2024 de LARGO DOM\u00cdNGUEZ, PABLO disponible a\/en Llibreria Claret.","inLanguage":"es-ES","isPartOf":{"@id":"https:\/\/www.claret.cat\/es\/#website"},"breadcrumb":{"@id":"https:\/\/www.claret.cat\/es\/libro\/lectio-divina-para-tiempos-fuertes-adviento-y-navidad-2024-9788479668037\/#breadcrumblist"},"image":{"@type":"ImageObject","url":"https:\/\/www.claret.cat\/wp-content\/uploads\/.\/9788479668037.png","@id":"https:\/\/www.claret.cat\/es\/libro\/lectio-divina-para-tiempos-fuertes-adviento-y-navidad-2024-9788479668037\/#mainImage","width":160,"height":253,"caption":"9788479668037.png"},"primaryImageOfPage":{"@id":"https:\/\/www.claret.cat\/es\/libro\/lectio-divina-para-tiempos-fuertes-adviento-y-navidad-2024-9788479668037\/#mainImage"},"datePublished":"2024-11-04T12:20:19+01:00","dateModified":"2025-01-02T18:00:15+01:00"},{"@type":"WebSite","@id":"https:\/\/www.claret.cat\/es\/#website","url":"https:\/\/www.claret.cat\/es\/","name":"Llibreria Claret Barcelona","alternateName":"Llibreria Claret","description":"Llibreria religiosa a Barcelona","inLanguage":"es-ES","publisher":{"@id":"https:\/\/www.claret.cat\/es\/#organization"}}]},"og:locale":"es_ES","og:site_name":"Llibreria Claret - Llibreria religiosa a Barcelona","og:type":"article","og:title":"LECTIO DIVINA PARA TIEMPOS FUERTES : ADVIENTO Y NAVIDAD 2024 - LARGO DOM\u00cdNGUEZ, PABLO 9788479668037 | Llibreria Claret","og:description":"LECTIO DIVINA PARA TIEMPOS FUERTES : ADVIENTO Y NAVIDAD 2024 de LARGO DOM\u00cdNGUEZ, PABLO disponible a\/en Llibreria Claret.","og:url":"https:\/\/www.claret.cat\/es\/libro\/lectio-divina-para-tiempos-fuertes-adviento-y-navidad-2024-9788479668037\/","og:image":"https:\/\/dev.claret.cat\/wp-content\/uploads\/logo-claret.svg","og:image:secure_url":"https:\/\/dev.claret.cat\/wp-content\/uploads\/logo-claret.svg","article:published_time":"2024-11-04T11:20:19+00:00","article:modified_time":"2025-01-02T17:00:15+00:00","article:publisher":"https:\/\/www.facebook.com\/LlibreriaClaret","twitter:card":"summary_large_image","twitter:site":"@LlibreriaClaret","twitter:title":"LECTIO DIVINA PARA TIEMPOS FUERTES : ADVIENTO Y NAVIDAD 2024 - LARGO DOM\u00cdNGUEZ, PABLO 9788479668037 | Llibreria Claret","twitter:description":"LECTIO DIVINA PARA TIEMPOS FUERTES : ADVIENTO Y NAVIDAD 2024 de LARGO DOM\u00cdNGUEZ, PABLO disponible a\/en Llibreria Claret.","twitter:image":"http:\/\/dev.claret.cat\/wp-content\/uploads\/logo-claret.svg"},"aioseo_meta_data":{"post_id":"989450","title":null,"description":null,"keywords":null,"keyphrases":null,"primary_term":null,"canonical_url":null,"og_title":null,"og_description":null,"og_object_type":"default","og_image_type":"default","og_image_url":null,"og_image_width":null,"og_image_height":null,"og_image_custom_url":null,"og_image_custom_fields":null,"og_video":null,"og_custom_url":null,"og_article_section":null,"og_article_tags":null,"twitter_use_og":false,"twitter_card":"default","twitter_image_type":"default","twitter_image_url":null,"twitter_image_custom_url":null,"twitter_image_custom_fields":null,"twitter_title":null,"twitter_description":null,"schema":{"blockGraphs":[],"customGraphs":[],"default":{"data":{"Article":[],"Course":[],"Dataset":[],"FAQPage":[],"Movie":[],"Person":[],"Product":[],"ProductReview":[],"Car":[],"Recipe":[],"Service":[],"SoftwareApplication":[],"WebPage":[]},"graphName":"","isEnabled":true},"graphs":[]},"schema_type":"default","schema_type_options":null,"pillar_content":false,"robots_default":true,"robots_noindex":false,"robots_noarchive":false,"robots_nosnippet":false,"robots_nofollow":false,"robots_noimageindex":false,"robots_noodp":false,"robots_notranslate":false,"robots_max_snippet":null,"robots_max_videopreview":null,"robots_max_imagepreview":"large","priority":null,"frequency":null,"local_seo":null,"seo_analyzer_scan_date":"2026-06-09 14:39:52","breadcrumb_settings":null,"limit_modified_date":false,"open_ai":null,"ai":null,"created":"2024-11-04 11:28:19","updated":"2026-06-09 14:39:52","focus_keyword":null,"additional_keywords":null,"truseo_locale":null},"aioseo_breadcrumb":"<div class=\"aioseo-breadcrumbs\"><span class=\"aioseo-breadcrumb\">\n\t<a href=\"https:\/\/www.claret.cat\/es\/\" title=\"Home\">Home<\/a>\n<\/span><span class=\"aioseo-breadcrumb-separator\">&raquo;<\/span><span class=\"aioseo-breadcrumb\">\n\t<a href=\"https:\/\/www.claret.cat\/?page_id=16\" title=\"Botiga\">Botiga<\/a>\n<\/span><span class=\"aioseo-breadcrumb-separator\">&raquo;<\/span><span class=\"aioseo-breadcrumb\">\n\t<a href=\"https:\/\/www.claret.cat\/categoria-producto\/cat\/\" title=\"CAT\">CAT<\/a>\n<\/span><span class=\"aioseo-breadcrumb-separator\">&raquo;<\/span><span class=\"aioseo-breadcrumb\">\n\t<a href=\"https:\/\/www.claret.cat\/categoria-producto\/cat\/1_espiritualitat\/\" title=\"Espiritualitat\">Espiritualitat<\/a>\n<\/span><span class=\"aioseo-breadcrumb-separator\">&raquo;<\/span><span class=\"aioseo-breadcrumb\">\n\t<a href=\"https:\/\/www.claret.cat\/categoria-producto\/cat\/1_espiritualitat\/vida-religiosa\/\" title=\"Vida religiosa\">Vida religiosa<\/a>\n<\/span><span class=\"aioseo-breadcrumb-separator\">&raquo;<\/span><span class=\"aioseo-breadcrumb\">\n\tLECTIO DIVINA PARA TIEMPOS FUERTES : ADVIENTO Y NAVIDAD 2024\n<\/span><\/div>","aioseo_breadcrumb_json":[{"label":"Home","link":"https:\/\/www.claret.cat\/es\/"},{"label":"Botiga","link":"https:\/\/www.claret.cat\/?page_id=16"},{"label":"CAT","link":"https:\/\/www.claret.cat\/categoria-producto\/cat\/"},{"label":"Espiritualitat","link":"https:\/\/www.claret.cat\/categoria-producto\/cat\/1_espiritualitat\/"},{"label":"Vida religiosa","link":"https:\/\/www.claret.cat\/categoria-producto\/cat\/1_espiritualitat\/vida-religiosa\/"},{"label":"LECTIO DIVINA PARA TIEMPOS FUERTES : ADVIENTO Y NAVIDAD 2024","link":"https:\/\/www.claret.cat\/es\/libro\/lectio-divina-para-tiempos-fuertes-adviento-y-navidad-2024-9788479668037\/"}],"_links":{"self":[{"href":"https:\/\/www.claret.cat\/es\/wp-json\/wp\/v2\/product\/989450","targetHints":{"allow":["GET"]}}],"collection":[{"href":"https:\/\/www.claret.cat\/es\/wp-json\/wp\/v2\/product"}],"about":[{"href":"https:\/\/www.claret.cat\/es\/wp-json\/wp\/v2\/types\/product"}],"wp:featuredmedia":[{"embeddable":true,"href":"https:\/\/www.claret.cat\/es\/wp-json\/wp\/v2\/media\/989451"}],"wp:attachment":[{"href":"https:\/\/www.claret.cat\/es\/wp-json\/wp\/v2\/media?parent=989450"}],"wp:term":[{"taxonomy":"product_brand","embeddable":true,"href":"https:\/\/www.claret.cat\/es\/wp-json\/wp\/v2\/product_brand?post=989450"},{"taxonomy":"product_cat","embeddable":true,"href":"https:\/\/www.claret.cat\/es\/wp-json\/wp\/v2\/product_cat?post=989450"},{"taxonomy":"product_tag","embeddable":true,"href":"https:\/\/www.claret.cat\/es\/wp-json\/wp\/v2\/product_tag?post=989450"}],"curies":[{"name":"wp","href":"https:\/\/api.w.org\/{rel}","templated":true}]}}