{"id":990149,"date":"2024-11-06T12:55:10","date_gmt":"2024-11-06T11:55:10","guid":{"rendered":"https:\/\/www.claret.cat\/llibre\/algo-habremos-hecho-9788410180253\/"},"modified":"2025-01-31T22:32:40","modified_gmt":"2025-01-31T21:32:40","slug":"algo-habremos-hecho-9788410180253","status":"publish","type":"product","link":"https:\/\/www.claret.cat\/es\/libro\/algo-habremos-hecho-9788410180253\/","title":{"rendered":"ALGO HABREMOS HECHO"},"content":{"rendered":"<p>\u00abAlgo habr\u00e1s hecho\u00bb es una frase que se ha dirigido un sinf\u00edn de veces contra las mujeres para criminalizarnos por ejercer nuestra libertad. Hacerla nuestra es una forma de conjurarnos frente a quienes se oponen a una sociedad m\u00e1s democr\u00e1tica, m\u00e1s justa y m\u00e1s feminista. <br \/> Irene Montero reivindica en este libro la necesidad de seguir avanzando en derechos a pesar de la violencia pol\u00edtica y personal recibida. Porque, efectivamente, algo se ha hecho para conseguir lo que algunos dec\u00edan que era imposible.<br \/> A partir de conversaciones con su responsable de comunicaci\u00f3n, la periodista Lidia Rubio, mediante las cuales repasa en primera persona sus \u00faltimos diez a\u00f1os de experiencia pol\u00edtica, la segunda ministra de Igualdad de la democracia, impulsora de la ley solo s\u00ed es s\u00ed, la ley trans y de derechos LGTBI y la reforma de la ley del aborto, recuerda al lector que \u00abla esperanza es el motor de cambio\u00bb y que \u00abresignarse y conformarse solo sirve para que las injusticias sean cada vez m\u00e1s insoportables\u00bb. <br \/> Un texto cr\u00edtico e \u00edntimo a partes iguales en el que Irene Montero asegura a todos aquellos que quieren cambiar las cosas que tienen razones para cambiarlas, derecho a cambiarlas y que conseguirlo es posible.<\/p>\n","protected":false},"excerpt":{"rendered":"<p>MONTERO GIL, IRENE<\/p>\n","protected":false},"featured_media":990163,"template":"","meta":{"_acf_changed":false,"om_disable_all_campaigns":false,"rs_blank_template":"","rs_page_bg_color":"","slide_template_v7":"","inline_featured_image":false,"_monsterinsights_skip_tracking":false,"_monsterinsights_sitenote_active":false,"_monsterinsights_sitenote_note":"","_monsterinsights_sitenote_category":0},"product_brand":[],"product_cat":[162,436],"product_tag":[],"class_list":{"0":"post-990149","1":"product","2":"type-product","3":"status-publish","4":"has-post-thumbnail","6":"product_cat-economica-i-politica","7":"product_cat-economica-y-politica","9":"first","10":"instock","11":"taxable","12":"shipping-taxable","13":"purchasable","14":"product-type-simple"},"acf":{"autor":"MONTERO GIL, IRENE","codart":"841018025","libros-coleccion":"FORA DE COL.LECCI\u00d3","ediciones":"1","encuadernacion":"R\u00fastica","fecha_de_publicacion":"01\/11\/2024","novedad":"1","paginas":"330","subtitulo":"","orden":"0","portada":"0","idioma":"spa","editorial":[{"ID":977081,"post_author":"3","post_date":"2024-09-02 11:45:31","post_date_gmt":"2024-09-02 09:45:31","post_content":"","post_title":"NAVONA","post_excerpt":"","post_status":"publish","comment_status":"closed","ping_status":"closed","post_password":"","post_name":"navona","to_ping":"","pinged":"","post_modified":"2024-09-02 11:45:31","post_modified_gmt":"2024-09-02 09:45:31","post_content_filtered":"","post_parent":0,"guid":"https:\/\/www.claret.cat\/editorial\/navona\/","menu_order":0,"post_type":"editorial","post_mime_type":"","comment_count":"0","filter":"raw"}]},"aioseo_notices":[],"_links":{"self":[{"href":"https:\/\/www.claret.cat\/es\/wp-json\/wp\/v2\/product\/990149","targetHints":{"allow":["GET"]}}],"collection":[{"href":"https:\/\/www.claret.cat\/es\/wp-json\/wp\/v2\/product"}],"about":[{"href":"https:\/\/www.claret.cat\/es\/wp-json\/wp\/v2\/types\/product"}],"wp:featuredmedia":[{"embeddable":true,"href":"https:\/\/www.claret.cat\/es\/wp-json\/wp\/v2\/media\/990163"}],"wp:attachment":[{"href":"https:\/\/www.claret.cat\/es\/wp-json\/wp\/v2\/media?parent=990149"}],"wp:term":[{"taxonomy":"product_brand","embeddable":true,"href":"https:\/\/www.claret.cat\/es\/wp-json\/wp\/v2\/product_brand?post=990149"},{"taxonomy":"product_cat","embeddable":true,"href":"https:\/\/www.claret.cat\/es\/wp-json\/wp\/v2\/product_cat?post=990149"},{"taxonomy":"product_tag","embeddable":true,"href":"https:\/\/www.claret.cat\/es\/wp-json\/wp\/v2\/product_tag?post=990149"}],"curies":[{"name":"wp","href":"https:\/\/api.w.org\/{rel}","templated":true}]}}