{"id":990723,"date":"2024-11-08T19:20:02","date_gmt":"2024-11-08T18:20:02","guid":{"rendered":"https:\/\/www.claret.cat\/llibre\/si-naciste-en-1953-de-1953-a-1970-9789493373433\/"},"modified":"2025-05-07T12:40:06","modified_gmt":"2025-05-07T10:40:06","slug":"si-naciste-en-1953-de-1953-a-1970-9789493373433","status":"publish","type":"product","link":"https:\/\/www.claret.cat\/es\/libro\/si-naciste-en-1953-de-1953-a-1970-9789493373433\/","title":{"rendered":"SI NACISTE EN 1953: DE 1953 A 1970"},"content":{"rendered":"<p>\u00bfColeccionabas tazos de las bolsas de patatas cuando eras peque\u00f1o? \u00bfRecuerdas la primera vez que usaste un ordenador? \u00bfSol\u00edas estar pegado a la televisi\u00f3n durante los partidos hist\u00f3ricos del FC Barcelona y el Real Madrid? \u00bfY de qu\u00e9 grupos musicales compraste tu primer \u00e1lbum? Mis Primeros 18 A\u00f1os es la serie de libros que devuelve la infancia a todos. Cada libro se centra en los momentos m\u00e1s importantes, como los \u00e9xitos deportivos, las noticias nacionales e internacionales y el entretenimiento. Adem\u00e1s, Mis Primeros 18 A\u00f1os se detiene en tendencias, modas y objetos antiguos que son tan reconocibles, pero que pueden haberse olvidado un poco con el paso de los a\u00f1os. Cada libro contiene 18 cap\u00edtulos que describen los primeros 18 a\u00f1os de nuestra vida. Al final de cada cap\u00edtulo, encontrar\u00e1s un resumen de los diez mejores \u00e9xitos musicales de ese a\u00f1o. Puedes descargarlos y escucharlos f\u00e1cilmente a trav\u00e9s de Spotify. En total, el libro ofrece 180 hits deslumbrantes, todos los cuales probablemente te traer\u00e1n recuerdos de tu infancia. La serie consta de decenas de libros. T\u00fa eliges el que coincida con tu a\u00f1o de nacimiento. Por ejemplo, el libro Mis Primeros 18 A\u00f1os (1957) es espec\u00edficamente para cualquiera nacido en 1957. El libro describe todas las cosas importantes de cada a\u00f1o hasta 1974. Mis Primeros 18 A\u00f1os es un regalo ideal, incluso para cumplea\u00f1os, Reyes y D\u00eda del Padre y D\u00eda de la Madre.<\/p>\n","protected":false},"excerpt":{"rendered":"<p>AA.VV.<\/p>\n","protected":false},"featured_media":990724,"template":"","meta":{"_acf_changed":false,"om_disable_all_campaigns":false,"rs_blank_template":"","rs_page_bg_color":"","slide_template_v7":"","inline_featured_image":false,"_monsterinsights_skip_tracking":false,"_monsterinsights_sitenote_active":false,"_monsterinsights_sitenote_note":"","_monsterinsights_sitenote_category":0},"product_brand":[],"product_cat":[105,555],"product_tag":[],"class_list":{"0":"post-990723","1":"product","2":"type-product","3":"status-publish","4":"has-post-thumbnail","6":"product_cat-regal","7":"product_cat-regalo","9":"first","10":"instock","11":"taxable","12":"shipping-taxable","13":"purchasable","14":"product-type-simple"},"acf":{"autor":"AA.VV.","codart":"949337343","libros-coleccion":"FORA DE COL.LECCI\u00d3","ediciones":"1","encuadernacion":"Carton\u00e9","fecha_de_publicacion":"01\/10\/2024","novedad":"1","paginas":"182","subtitulo":"","orden":"0","portada":"0","idioma":"spa","editorial":[{"ID":990716,"post_author":"3","post_date":"2024-11-08 19:15:25","post_date_gmt":"2024-11-08 18:15:25","post_content":"","post_title":"TDM PUBLISHING","post_excerpt":"","post_status":"publish","comment_status":"closed","ping_status":"closed","post_password":"","post_name":"tdm-publishing","to_ping":"","pinged":"","post_modified":"2024-11-08 19:15:25","post_modified_gmt":"2024-11-08 18:15:25","post_content_filtered":"","post_parent":0,"guid":"https:\/\/www.claret.cat\/editorial\/tdm-publishing\/","menu_order":0,"post_type":"editorial","post_mime_type":"","comment_count":"0","filter":"raw"}],"booktrailer":"","resenas":""},"aioseo_notices":[],"_links":{"self":[{"href":"https:\/\/www.claret.cat\/es\/wp-json\/wp\/v2\/product\/990723","targetHints":{"allow":["GET"]}}],"collection":[{"href":"https:\/\/www.claret.cat\/es\/wp-json\/wp\/v2\/product"}],"about":[{"href":"https:\/\/www.claret.cat\/es\/wp-json\/wp\/v2\/types\/product"}],"wp:featuredmedia":[{"embeddable":true,"href":"https:\/\/www.claret.cat\/es\/wp-json\/wp\/v2\/media\/990724"}],"wp:attachment":[{"href":"https:\/\/www.claret.cat\/es\/wp-json\/wp\/v2\/media?parent=990723"}],"wp:term":[{"taxonomy":"product_brand","embeddable":true,"href":"https:\/\/www.claret.cat\/es\/wp-json\/wp\/v2\/product_brand?post=990723"},{"taxonomy":"product_cat","embeddable":true,"href":"https:\/\/www.claret.cat\/es\/wp-json\/wp\/v2\/product_cat?post=990723"},{"taxonomy":"product_tag","embeddable":true,"href":"https:\/\/www.claret.cat\/es\/wp-json\/wp\/v2\/product_tag?post=990723"}],"curies":[{"name":"wp","href":"https:\/\/api.w.org\/{rel}","templated":true}]}}