{"id":991022,"date":"2024-11-11T13:10:36","date_gmt":"2024-11-11T12:10:36","guid":{"rendered":"https:\/\/www.claret.cat\/llibre\/ada-trenza-roja-1-el-secreto-de-jon-garfio-9788419975010\/"},"modified":"2024-11-11T13:29:18","modified_gmt":"2024-11-11T12:29:18","slug":"ada-trenza-roja-1-el-secreto-de-jon-garfio-9788419975010","status":"publish","type":"product","link":"https:\/\/www.claret.cat\/es\/libro\/ada-trenza-roja-1-el-secreto-de-jon-garfio-9788419975010\/","title":{"rendered":"ADA TRENZA ROJA 1 &#8211; EL SECRETO DE JON GARFIO"},"content":{"rendered":"<p>Cuando la destinan a un colegio de ni\u00f1as rebeldes, Ada Trenza Roja decide que ha llegado la hora de coger el tim\u00f3n de su vida. Esta es la historia de una joven pirata en busca de respuestas. De una isla embrujada, una terrible maldici\u00f3n y un grupo de amigos que deja atr\u00e1s el miedo y se enfrenta a lo desconocido. De un destino por escribir. \u00a1EMB\u00c1RCATE EN LA MAYOR AVENTURA PIRATA DE TODOS LOS TIEMPOS! \u00bfPor qu\u00e9 destaca este libro? -La primera novela gr\u00e1fica de Raquel D\u00edaz Reguera, autora de Julia y los Mortimort, con preciosas ilustraciones de Andrea Cuesta. -Una aventura imprescindible para j\u00f3venes piratas en un libro \u00fanico con vi\u00f1etas y p\u00e1ginas especiales. -Los mejores ingredientes: aventura, misterio, acci\u00f3n trepidante y amistad incondicional. -Ideal para iniciarse a la lectura de manera \u00e1gil, divertida, atractiva y visual, y tambi\u00e9n para afianzar el h\u00e1bito lector, fomentando la imaginaci\u00f3n y la creatividad. -Una protagonista valiente que inspira a los lectores a ser lo que se propongan y a elegir su propio camino.<\/p>\n","protected":false},"excerpt":{"rendered":"<p>D\u00cdAZ REGUERA, RAQUEL<\/p>\n","protected":false},"featured_media":991023,"template":"","meta":{"_acf_changed":false,"om_disable_all_campaigns":false,"rs_blank_template":"","rs_page_bg_color":"","slide_template_v7":"","inline_featured_image":false,"_monsterinsights_skip_tracking":false,"_monsterinsights_sitenote_active":false,"_monsterinsights_sitenote_note":"","_monsterinsights_sitenote_category":0},"product_brand":[],"product_cat":[131,364,134,361],"product_tag":[],"class_list":{"0":"post-991022","1":"product","2":"type-product","3":"status-publish","4":"has-post-thumbnail","6":"product_cat-contes-per-infants-0-6-anys","7":"product_cat-comics-infantil-3_infantil-juvenil-spa","8":"product_cat-comics","9":"product_cat-cuentos-para-ninos-0-6-anos","11":"first","12":"instock","13":"taxable","14":"shipping-taxable","15":"purchasable","16":"product-type-simple"},"acf":{"autor":"D\u00cdAZ REGUERA, RAQUEL","codart":"841997501","libros-coleccion":"Montena","ediciones":"1","encuadernacion":"Carton\u00e9","fecha_de_publicacion":"01\/11\/2024","novedad":"1","paginas":"72","subtitulo":"","orden":"0","portada":"0","idioma":"spa","editorial":[{"ID":6310,"post_author":"3","post_date":"2022-07-28 17:49:26","post_date_gmt":"2022-07-28 15:49:26","post_content":"","post_title":"MONTENA","post_excerpt":"","post_status":"publish","comment_status":"closed","ping_status":"closed","post_password":"","post_name":"montena","to_ping":"","pinged":"","post_modified":"2022-07-28 17:49:26","post_modified_gmt":"2022-07-28 15:49:26","post_content_filtered":"","post_parent":0,"guid":"http:\/\/dev.claret.cat\/editorial\/montena\/","menu_order":0,"post_type":"editorial","post_mime_type":"","comment_count":"0","filter":"raw"}]},"aioseo_notices":[],"_links":{"self":[{"href":"https:\/\/www.claret.cat\/es\/wp-json\/wp\/v2\/product\/991022","targetHints":{"allow":["GET"]}}],"collection":[{"href":"https:\/\/www.claret.cat\/es\/wp-json\/wp\/v2\/product"}],"about":[{"href":"https:\/\/www.claret.cat\/es\/wp-json\/wp\/v2\/types\/product"}],"wp:featuredmedia":[{"embeddable":true,"href":"https:\/\/www.claret.cat\/es\/wp-json\/wp\/v2\/media\/991023"}],"wp:attachment":[{"href":"https:\/\/www.claret.cat\/es\/wp-json\/wp\/v2\/media?parent=991022"}],"wp:term":[{"taxonomy":"product_brand","embeddable":true,"href":"https:\/\/www.claret.cat\/es\/wp-json\/wp\/v2\/product_brand?post=991022"},{"taxonomy":"product_cat","embeddable":true,"href":"https:\/\/www.claret.cat\/es\/wp-json\/wp\/v2\/product_cat?post=991022"},{"taxonomy":"product_tag","embeddable":true,"href":"https:\/\/www.claret.cat\/es\/wp-json\/wp\/v2\/product_tag?post=991022"}],"curies":[{"name":"wp","href":"https:\/\/api.w.org\/{rel}","templated":true}]}}