{"id":99232,"date":"2022-10-12T07:36:38","date_gmt":"2022-10-12T05:36:38","guid":{"rendered":"http:\/\/dev.claret.cat\/producte\/afganistan-4\/"},"modified":"2023-01-28T06:03:16","modified_gmt":"2023-01-28T05:03:16","slug":"afganistan-9788418292170","status":"publish","type":"product","link":"https:\/\/www.claret.cat\/es\/libro\/afganistan-9788418292170\/","title":{"rendered":"AFGANIST\u00c1N"},"content":{"rendered":"<p>Esta narraci\u00f3n consta de espacios bien delimitados, comenzando por el relato pormenorizado de la historia de Afganist\u00e1n para seguir con el de la guerra consecuencia de la invasi\u00f3n sovi\u00e9tica, el de la lucha y posterior triunfo de los muyahidines, de los combates fratricidas entre las diferentes fracciones que dieron pie a que los interesados \u2014Pakist\u00e1n, Arabia Saudita, Emiratos y las petroleras norteamericanas\u2014 se comprometieran en la construcci\u00f3n de gasoductos para transportar las riquezas de Turkmenist\u00e1n, aportando los medios para la creaci\u00f3n del movimiento talib\u00e1n que facilitar\u00eda dicha construcci\u00f3n.<br \/> Se describen las penurias sufridas por la poblaci\u00f3n afgana durante la dictadura<br \/> de la milicia religiosa. Y se analiza la actuaci\u00f3n de Al Qaeda y las andanzas de Bin<br \/> Laden, en Afganist\u00e1n y en Sud\u00e1n, y las complicidades para su fuga de<br \/> Tora Bora, se\u00f1alando a los responsables de dicha fuga y la protecci\u00f3n de Pakist\u00e1n,<br \/> haciendo especial menci\u00f3n a la intenci\u00f3n de los estadounidenses de no involucrar<br \/> al gobierno de Pakist\u00e1n en la detecci\u00f3n y ejecuci\u00f3n de Bin Laden. La mayor parte<br \/> de lo relatado ha sido vivido y testificado como periodista por el autor merced a sus<br \/> veinticinco a\u00f1os de experiencia e incursi\u00f3n en el largo conflicto afgano.<\/p>\n","protected":false},"excerpt":{"rendered":"<p>MELGAREJO AMARILLA, JORGE HUGO<\/p>\n","protected":false},"featured_media":99233,"template":"","meta":{"_acf_changed":false,"om_disable_all_campaigns":false,"rs_blank_template":"","rs_page_bg_color":"","slide_template_v7":"","inline_featured_image":false,"_monsterinsights_skip_tracking":false,"_monsterinsights_sitenote_active":false,"_monsterinsights_sitenote_note":"","_monsterinsights_sitenote_category":0},"product_brand":[],"product_cat":[148,151],"product_tag":[],"class_list":{"0":"post-99232","1":"product","2":"type-product","3":"status-publish","4":"has-post-thumbnail","6":"product_cat-antiga","7":"product_cat-contemporania","9":"first","10":"instock","11":"taxable","12":"shipping-taxable","13":"purchasable","14":"product-type-simple"},"acf":{"editorial":[{"ID":6282,"post_author":"3","post_date":"2022-07-28 17:48:51","post_date_gmt":"2022-07-28 15:48:51","post_content":"","post_title":"Laertes editorial","post_excerpt":"","post_status":"publish","comment_status":"closed","ping_status":"closed","post_password":"","post_name":"laertes-editorial","to_ping":"","pinged":"","post_modified":"2022-07-28 17:48:51","post_modified_gmt":"2022-07-28 15:48:51","post_content_filtered":"","post_parent":0,"guid":"http:\/\/dev.claret.cat\/editorial\/laertes-editorial\/","menu_order":0,"post_type":"editorial","post_mime_type":"","comment_count":"0","filter":"raw"}],"autor":"MELGAREJO AMARILLA, JORGE HUGO","codart":"841829217","libros-coleccion":"FORA DE COL.LECCI\u00d3","ediciones":"1","encuadernacion":"R\u00fastica","fecha_de_publicacion":"01\/11\/2020","novedad":"1","paginas":"234","subtitulo":"LA GUERRA ENQUISTADA","orden":"0","portada":"0","idioma":"spa","autores-libros":[{"ID":160076,"post_author":"3","post_date":"2022-10-14 15:50:06","post_date_gmt":"2022-10-14 13:50:06","post_content":"","post_title":"JORGE HUGO MELGAREJO AMARILLA","post_excerpt":"","post_status":"publish","comment_status":"closed","ping_status":"closed","post_password":"","post_name":"jorge-hugo-melgarejo-amarilla","to_ping":"","pinged":"","post_modified":"2022-10-14 15:50:06","post_modified_gmt":"2022-10-14 13:50:06","post_content_filtered":"","post_parent":0,"guid":"http:\/\/dev.claret.cat\/autor\/jorge-hugo-melgarejo-amarilla\/","menu_order":0,"post_type":"autor","post_mime_type":"","comment_count":"0","filter":"raw"}]},"aioseo_notices":[],"_links":{"self":[{"href":"https:\/\/www.claret.cat\/es\/wp-json\/wp\/v2\/product\/99232","targetHints":{"allow":["GET"]}}],"collection":[{"href":"https:\/\/www.claret.cat\/es\/wp-json\/wp\/v2\/product"}],"about":[{"href":"https:\/\/www.claret.cat\/es\/wp-json\/wp\/v2\/types\/product"}],"wp:featuredmedia":[{"embeddable":true,"href":"https:\/\/www.claret.cat\/es\/wp-json\/wp\/v2\/media\/99233"}],"wp:attachment":[{"href":"https:\/\/www.claret.cat\/es\/wp-json\/wp\/v2\/media?parent=99232"}],"wp:term":[{"taxonomy":"product_brand","embeddable":true,"href":"https:\/\/www.claret.cat\/es\/wp-json\/wp\/v2\/product_brand?post=99232"},{"taxonomy":"product_cat","embeddable":true,"href":"https:\/\/www.claret.cat\/es\/wp-json\/wp\/v2\/product_cat?post=99232"},{"taxonomy":"product_tag","embeddable":true,"href":"https:\/\/www.claret.cat\/es\/wp-json\/wp\/v2\/product_tag?post=99232"}],"curies":[{"name":"wp","href":"https:\/\/api.w.org\/{rel}","templated":true}]}}