{"id":99549,"date":"2022-10-12T07:41:02","date_gmt":"2022-10-12T05:41:02","guid":{"rendered":"http:\/\/dev.claret.cat\/producte\/comercos-emblematics-de-barcelona\/"},"modified":"2023-01-28T11:29:29","modified_gmt":"2023-01-28T10:29:29","slug":"comercos-emblematics-de-barcelona","status":"publish","type":"product","link":"https:\/\/www.claret.cat\/es\/libro\/comercos-emblematics-de-barcelona\/","title":{"rendered":"COMER\u00c7OS EMBLEM\u00c0TICS DE BARCELONA"},"content":{"rendered":"<p>Barcelona ha anat creant al llarg dels segles un teixit comercial molt important que ha perdurat fins als nostres dies permetent que la ciutat gaudeixi encara avui dia d\u2019un important nombre d\u2019establiments que han sabut v\u00e8ncer el pas del temps i que actualment s\u00f3n un testimoni del nostre passat alhora que un valu\u00f3s patrimoni que cal preservar i difondre.<\/p>\n<p>Aquest llibre vol ser una eina \u00fatil que formi part de la ruta tur\u00edstica i cultural de la ciutat i ajudi a incrementar el seu coneixement tant per part de les persones que la visiten com dels mateixos residents. Per aquest motiu s\u2019ha fet un ampli treball de recerca per tal de documentar-ne la hist\u00f2ria amb dades actualitzades i contrastades basades en els anuaris comercials de l\u2019\u00e8poca.<\/p>\n<p>Amb un disseny clarament funcional i una imatge gr\u00e0fica molt potent, el llibre s\u2019organitza en sis cap\u00edtols: Alimentaci\u00f3, Moda i complements, Oci i cultura, Restauraci\u00f3, Salut i un cap\u00edtol dedicat a activitats vinculades a Oficis o a la Ind\u00fastria. En total, 100 establiments hist\u00f2rics representatius del teixit comercial incloent al final de cada cap\u00edtol els ja desapareguts per\u00f2 que segueixen vius en la nostra mem\u00f2ria col\u00b7lectiva, com ara El Indio, la Cereria Codina o Musical Emporium per esmentar-ne nom\u00e9s alguns.<\/p>\n<p>Els comer\u00e7os emblem\u00e0tics s\u00f3n s\u00edmbol i expressi\u00f3 de la identitat de Barcelona i la seva preservaci\u00f3 ens interpel\u00b7la a tots.<\/p>\n","protected":false},"excerpt":{"rendered":"<p>VILARRUBIES, ESTEVE<\/p>\n","protected":false},"featured_media":99550,"template":"","meta":{"_acf_changed":false,"om_disable_all_campaigns":false,"rs_blank_template":"","rs_page_bg_color":"","slide_template_v7":"","inline_featured_image":false,"_monsterinsights_skip_tracking":false},"product_brand":[],"product_cat":[105,555],"product_tag":[],"class_list":["post-99549","product","type-product","status-publish","has-post-thumbnail","product_cat-regal","product_cat-regalo","first","instock","taxable","shipping-taxable","purchasable","product-type-simple"],"acf":{"autor":"VILARRUBIES, ESTEVE","codart":"841824315","libros-coleccion":"","ediciones":"1","encuadernacion":"R\u00fastica","fecha_de_publicacion":"18\/12\/2020","novedad":"1","paginas":"240","subtitulo":"","orden":"0","portada":"0","idioma":"cat","editorial":[{"ID":148055,"post_author":"3","post_date":"2022-10-14 11:55:17","post_date_gmt":"2022-10-14 09:55:17","post_content":"","post_title":"EFADOS EDICIONS","post_excerpt":"","post_status":"publish","comment_status":"closed","ping_status":"closed","post_password":"","post_name":"efados-edicions","to_ping":"","pinged":"","post_modified":"2022-10-14 11:55:17","post_modified_gmt":"2022-10-14 09:55:17","post_content_filtered":"","post_parent":0,"guid":"http:\/\/dev.claret.cat\/editorial\/efados-edicions\/","menu_order":0,"post_type":"editorial","post_mime_type":"","comment_count":"0","filter":"raw"}],"autores-libros":[{"ID":155420,"post_author":"3","post_date":"2022-10-14 15:12:41","post_date_gmt":"2022-10-14 13:12:41","post_content":"","post_title":"ESTEVE VILARRUBIES","post_excerpt":"","post_status":"publish","comment_status":"closed","ping_status":"closed","post_password":"","post_name":"esteve-vilarrubies","to_ping":"","pinged":"","post_modified":"2022-10-14 15:12:41","post_modified_gmt":"2022-10-14 13:12:41","post_content_filtered":"","post_parent":0,"guid":"http:\/\/dev.claret.cat\/autor\/esteve-vilarrubies\/","menu_order":0,"post_type":"autor","post_mime_type":"","comment_count":"0","filter":"raw"}]},"aioseo_notices":[],"aioseo_head":"\n\t\t<!-- All in One SEO Pro 5.0.1.1 - aioseo.com -->\n\t<meta name=\"description\" content=\"COMER\u00c7OS EMBLEM\u00c0TICS DE BARCELONA de VILARRUBIES, ESTEVE disponible a\/en Llibreria Claret.\" \/>\n\t<meta name=\"robots\" content=\"max-image-preview:large\" \/>\n\t<meta name=\"google-site-verification\" content=\"xVtlFxJ-TfkIu-D-lt7XeLobefg5EIQiXTuqcSf8Rf0\" \/>\n\t<link rel=\"canonical\" href=\"https:\/\/www.claret.cat\/es\/libro\/comercos-emblematics-de-barcelona\/\" \/>\n\t<meta name=\"generator\" content=\"All in One SEO Pro (AIOSEO) 5.0.1.1\" \/>\n\t\t<meta property=\"og:locale\" content=\"es_ES\" \/>\n\t\t<meta property=\"og:site_name\" content=\"Llibreria Claret - Llibreria religiosa a Barcelona\" \/>\n\t\t<meta property=\"og:type\" content=\"article\" \/>\n\t\t<meta property=\"og:title\" content=\"COMER\u00c7OS EMBLEM\u00c0TICS DE BARCELONA - VILARRUBIES, ESTEVE 9788418243158 | Llibreria Claret\" \/>\n\t\t<meta property=\"og:description\" content=\"COMER\u00c7OS EMBLEM\u00c0TICS DE BARCELONA de VILARRUBIES, ESTEVE disponible a\/en Llibreria Claret.\" \/>\n\t\t<meta property=\"og:url\" content=\"https:\/\/www.claret.cat\/es\/libro\/comercos-emblematics-de-barcelona\/\" \/>\n\t\t<meta property=\"og:image\" content=\"https:\/\/dev.claret.cat\/wp-content\/uploads\/logo-claret.svg\" \/>\n\t\t<meta property=\"og:image:secure_url\" content=\"https:\/\/dev.claret.cat\/wp-content\/uploads\/logo-claret.svg\" \/>\n\t\t<meta property=\"article:published_time\" content=\"2022-10-12T05:41:02+00:00\" \/>\n\t\t<meta property=\"article:modified_time\" content=\"2023-01-28T10:29:29+00:00\" \/>\n\t\t<meta property=\"article:publisher\" content=\"https:\/\/www.facebook.com\/LlibreriaClaret\" \/>\n\t\t<meta name=\"twitter:card\" content=\"summary_large_image\" \/>\n\t\t<meta name=\"twitter:site\" content=\"@LlibreriaClaret\" \/>\n\t\t<meta name=\"twitter:title\" content=\"COMER\u00c7OS EMBLEM\u00c0TICS DE BARCELONA - VILARRUBIES, ESTEVE 9788418243158 | Llibreria Claret\" \/>\n\t\t<meta name=\"twitter:description\" content=\"COMER\u00c7OS EMBLEM\u00c0TICS DE BARCELONA de VILARRUBIES, ESTEVE disponible a\/en Llibreria Claret.\" \/>\n\t\t<meta name=\"twitter:image\" content=\"http:\/\/dev.claret.cat\/wp-content\/uploads\/logo-claret.svg\" \/>\n\t\t<script type=\"application\/ld+json\" class=\"aioseo-schema\">\n\t\t\t{\"@context\":\"https:\\\/\\\/schema.org\",\"@graph\":[{\"@type\":\"BreadcrumbList\",\"@id\":\"https:\\\/\\\/www.claret.cat\\\/es\\\/libro\\\/comercos-emblematics-de-barcelona\\\/#breadcrumblist\",\"itemListElement\":[{\"@type\":\"ListItem\",\"@id\":\"https:\\\/\\\/www.claret.cat\\\/es\\\/#listItem\",\"position\":1,\"name\":\"Home\",\"item\":\"https:\\\/\\\/www.claret.cat\\\/es\\\/\",\"nextItem\":{\"@type\":\"ListItem\",\"@id\":\"https:\\\/\\\/www.claret.cat\\\/?page_id=16#listItem\",\"name\":\"Botiga\"}},{\"@type\":\"ListItem\",\"@id\":\"https:\\\/\\\/www.claret.cat\\\/?page_id=16#listItem\",\"position\":2,\"name\":\"Botiga\",\"item\":\"https:\\\/\\\/www.claret.cat\\\/?page_id=16\",\"nextItem\":{\"@type\":\"ListItem\",\"@id\":\"https:\\\/\\\/www.claret.cat\\\/categoria-producto\\\/cat\\\/#listItem\",\"name\":\"CAT\"},\"previousItem\":{\"@type\":\"ListItem\",\"@id\":\"https:\\\/\\\/www.claret.cat\\\/es\\\/#listItem\",\"name\":\"Home\"}},{\"@type\":\"ListItem\",\"@id\":\"https:\\\/\\\/www.claret.cat\\\/categoria-producto\\\/cat\\\/#listItem\",\"position\":3,\"name\":\"CAT\",\"item\":\"https:\\\/\\\/www.claret.cat\\\/categoria-producto\\\/cat\\\/\",\"nextItem\":{\"@type\":\"ListItem\",\"@id\":\"https:\\\/\\\/www.claret.cat\\\/categoria-producto\\\/cat\\\/5_altres\\\/#listItem\",\"name\":\"Altres\"},\"previousItem\":{\"@type\":\"ListItem\",\"@id\":\"https:\\\/\\\/www.claret.cat\\\/?page_id=16#listItem\",\"name\":\"Botiga\"}},{\"@type\":\"ListItem\",\"@id\":\"https:\\\/\\\/www.claret.cat\\\/categoria-producto\\\/cat\\\/5_altres\\\/#listItem\",\"position\":4,\"name\":\"Altres\",\"item\":\"https:\\\/\\\/www.claret.cat\\\/categoria-producto\\\/cat\\\/5_altres\\\/\",\"nextItem\":{\"@type\":\"ListItem\",\"@id\":\"https:\\\/\\\/www.claret.cat\\\/categoria-producto\\\/cat\\\/5_altres\\\/regal\\\/#listItem\",\"name\":\"Regal\"},\"previousItem\":{\"@type\":\"ListItem\",\"@id\":\"https:\\\/\\\/www.claret.cat\\\/categoria-producto\\\/cat\\\/#listItem\",\"name\":\"CAT\"}},{\"@type\":\"ListItem\",\"@id\":\"https:\\\/\\\/www.claret.cat\\\/categoria-producto\\\/cat\\\/5_altres\\\/regal\\\/#listItem\",\"position\":5,\"name\":\"Regal\",\"item\":\"https:\\\/\\\/www.claret.cat\\\/categoria-producto\\\/cat\\\/5_altres\\\/regal\\\/\",\"nextItem\":{\"@type\":\"ListItem\",\"@id\":\"https:\\\/\\\/www.claret.cat\\\/es\\\/libro\\\/comercos-emblematics-de-barcelona\\\/#listItem\",\"name\":\"COMER\\u00c7OS EMBLEM\\u00c0TICS DE BARCELONA\"},\"previousItem\":{\"@type\":\"ListItem\",\"@id\":\"https:\\\/\\\/www.claret.cat\\\/categoria-producto\\\/cat\\\/5_altres\\\/#listItem\",\"name\":\"Altres\"}},{\"@type\":\"ListItem\",\"@id\":\"https:\\\/\\\/www.claret.cat\\\/es\\\/libro\\\/comercos-emblematics-de-barcelona\\\/#listItem\",\"position\":6,\"name\":\"COMER\\u00c7OS EMBLEM\\u00c0TICS DE BARCELONA\",\"previousItem\":{\"@type\":\"ListItem\",\"@id\":\"https:\\\/\\\/www.claret.cat\\\/categoria-producto\\\/cat\\\/5_altres\\\/regal\\\/#listItem\",\"name\":\"Regal\"}}]},{\"@type\":\"ItemPage\",\"@id\":\"https:\\\/\\\/www.claret.cat\\\/es\\\/libro\\\/comercos-emblematics-de-barcelona\\\/#itempage\",\"url\":\"https:\\\/\\\/www.claret.cat\\\/es\\\/libro\\\/comercos-emblematics-de-barcelona\\\/\",\"name\":\"COMER\\u00c7OS EMBLEM\\u00c0TICS DE BARCELONA - VILARRUBIES, ESTEVE 9788418243158 | Llibreria Claret\",\"description\":\"COMER\\u00c7OS EMBLEM\\u00c0TICS DE BARCELONA de VILARRUBIES, ESTEVE disponible a\\\/en Llibreria Claret.\",\"inLanguage\":\"es-ES\",\"isPartOf\":{\"@id\":\"https:\\\/\\\/www.claret.cat\\\/es\\\/#website\"},\"breadcrumb\":{\"@id\":\"https:\\\/\\\/www.claret.cat\\\/es\\\/libro\\\/comercos-emblematics-de-barcelona\\\/#breadcrumblist\"},\"image\":{\"@type\":\"ImageObject\",\"url\":\"https:\\\/\\\/www.claret.cat\\\/wp-content\\\/uploads\\\/.\\\/9788418243158.jpg\",\"@id\":\"https:\\\/\\\/www.claret.cat\\\/es\\\/libro\\\/comercos-emblematics-de-barcelona\\\/#mainImage\",\"width\":225,\"height\":266,\"caption\":\"9788418243158.jpg\"},\"primaryImageOfPage\":{\"@id\":\"https:\\\/\\\/www.claret.cat\\\/es\\\/libro\\\/comercos-emblematics-de-barcelona\\\/#mainImage\"},\"datePublished\":\"2022-10-12T07:41:02+02:00\",\"dateModified\":\"2023-01-28T11:29:29+01:00\"},{\"@type\":\"Organization\",\"@id\":\"https:\\\/\\\/www.claret.cat\\\/es\\\/#organization\",\"name\":\"Llibreria Claret\",\"description\":\"Llibreria religiosa a Barcelona\",\"url\":\"https:\\\/\\\/www.claret.cat\\\/es\\\/\",\"email\":\"comunicacio@claret.cat\",\"telephone\":\"+34933010887\",\"logo\":{\"@type\":\"ImageObject\",\"url\":\"https:\\\/\\\/www.claret.cat\\\/wp-content\\\/uploads\\\/.\\\/logo-claret-es.png\",\"@id\":\"https:\\\/\\\/www.claret.cat\\\/es\\\/libro\\\/comercos-emblematics-de-barcelona\\\/#organizationLogo\",\"width\":195,\"height\":79},\"image\":{\"@id\":\"https:\\\/\\\/www.claret.cat\\\/es\\\/libro\\\/comercos-emblematics-de-barcelona\\\/#organizationLogo\"},\"sameAs\":[\"https:\\\/\\\/www.facebook.com\\\/LlibreriaClaret\",\"https:\\\/\\\/twitter.com\\\/LlibreriaClaret\",\"https:\\\/\\\/www.instagram.com\\\/llibreriaclaret\\\/\",\"https:\\\/\\\/www.tiktok.com\\\/@llibreriaclaret\",\"https:\\\/\\\/www.youtube.com\\\/@llibreriaclaret\",\"https:\\\/\\\/ca.wikipedia.org\\\/wiki\\\/Editorial_Claret\"]},{\"@type\":\"WebPage\",\"@id\":\"https:\\\/\\\/www.claret.cat\\\/es\\\/libro\\\/comercos-emblematics-de-barcelona\\\/#webpage\",\"url\":\"https:\\\/\\\/www.claret.cat\\\/es\\\/libro\\\/comercos-emblematics-de-barcelona\\\/\",\"name\":\"COMER\\u00c7OS EMBLEM\\u00c0TICS DE BARCELONA - VILARRUBIES, ESTEVE 9788418243158 | Llibreria Claret\",\"description\":\"COMER\\u00c7OS EMBLEM\\u00c0TICS DE BARCELONA de VILARRUBIES, ESTEVE disponible a\\\/en Llibreria Claret.\",\"inLanguage\":\"es-ES\",\"isPartOf\":{\"@id\":\"https:\\\/\\\/www.claret.cat\\\/es\\\/#website\"},\"breadcrumb\":{\"@id\":\"https:\\\/\\\/www.claret.cat\\\/es\\\/libro\\\/comercos-emblematics-de-barcelona\\\/#breadcrumblist\"},\"image\":{\"@type\":\"ImageObject\",\"url\":\"https:\\\/\\\/www.claret.cat\\\/wp-content\\\/uploads\\\/.\\\/9788418243158.jpg\",\"@id\":\"https:\\\/\\\/www.claret.cat\\\/es\\\/libro\\\/comercos-emblematics-de-barcelona\\\/#mainImage\",\"width\":225,\"height\":266,\"caption\":\"9788418243158.jpg\"},\"primaryImageOfPage\":{\"@id\":\"https:\\\/\\\/www.claret.cat\\\/es\\\/libro\\\/comercos-emblematics-de-barcelona\\\/#mainImage\"},\"datePublished\":\"2022-10-12T07:41:02+02:00\",\"dateModified\":\"2023-01-28T11:29:29+01:00\"},{\"@type\":\"WebSite\",\"@id\":\"https:\\\/\\\/www.claret.cat\\\/es\\\/#website\",\"url\":\"https:\\\/\\\/www.claret.cat\\\/es\\\/\",\"name\":\"Llibreria Claret Barcelona\",\"alternateName\":\"Llibreria Claret\",\"description\":\"Llibreria religiosa a Barcelona\",\"inLanguage\":\"es-ES\",\"publisher\":{\"@id\":\"https:\\\/\\\/www.claret.cat\\\/es\\\/#organization\"}}]}\n\t\t<\/script>\n\t\t<!-- All in One SEO Pro -->\r\n\t\t<title>COMER\u00c7OS EMBLEM\u00c0TICS DE BARCELONA - VILARRUBIES, ESTEVE 9788418243158 | Llibreria Claret<\/title>\n\n","aioseo_head_json":{"title":"COMER\u00c7OS EMBLEM\u00c0TICS DE BARCELONA - VILARRUBIES, ESTEVE 9788418243158 | Llibreria Claret","description":"COMER\u00c7OS EMBLEM\u00c0TICS DE BARCELONA de VILARRUBIES, ESTEVE disponible a\/en Llibreria Claret.","canonical_url":"https:\/\/www.claret.cat\/es\/libro\/comercos-emblematics-de-barcelona\/","robots":"max-image-preview:large","keywords":"","webmasterTools":{"google-site-verification":"xVtlFxJ-TfkIu-D-lt7XeLobefg5EIQiXTuqcSf8Rf0","miscellaneous":""},"schema":{"@context":"https:\/\/schema.org","@graph":[{"@type":"BreadcrumbList","@id":"https:\/\/www.claret.cat\/es\/libro\/comercos-emblematics-de-barcelona\/#breadcrumblist","itemListElement":[{"@type":"ListItem","@id":"https:\/\/www.claret.cat\/es\/#listItem","position":1,"name":"Home","item":"https:\/\/www.claret.cat\/es\/","nextItem":{"@type":"ListItem","@id":"https:\/\/www.claret.cat\/?page_id=16#listItem","name":"Botiga"}},{"@type":"ListItem","@id":"https:\/\/www.claret.cat\/?page_id=16#listItem","position":2,"name":"Botiga","item":"https:\/\/www.claret.cat\/?page_id=16","nextItem":{"@type":"ListItem","@id":"https:\/\/www.claret.cat\/categoria-producto\/cat\/#listItem","name":"CAT"},"previousItem":{"@type":"ListItem","@id":"https:\/\/www.claret.cat\/es\/#listItem","name":"Home"}},{"@type":"ListItem","@id":"https:\/\/www.claret.cat\/categoria-producto\/cat\/#listItem","position":3,"name":"CAT","item":"https:\/\/www.claret.cat\/categoria-producto\/cat\/","nextItem":{"@type":"ListItem","@id":"https:\/\/www.claret.cat\/categoria-producto\/cat\/5_altres\/#listItem","name":"Altres"},"previousItem":{"@type":"ListItem","@id":"https:\/\/www.claret.cat\/?page_id=16#listItem","name":"Botiga"}},{"@type":"ListItem","@id":"https:\/\/www.claret.cat\/categoria-producto\/cat\/5_altres\/#listItem","position":4,"name":"Altres","item":"https:\/\/www.claret.cat\/categoria-producto\/cat\/5_altres\/","nextItem":{"@type":"ListItem","@id":"https:\/\/www.claret.cat\/categoria-producto\/cat\/5_altres\/regal\/#listItem","name":"Regal"},"previousItem":{"@type":"ListItem","@id":"https:\/\/www.claret.cat\/categoria-producto\/cat\/#listItem","name":"CAT"}},{"@type":"ListItem","@id":"https:\/\/www.claret.cat\/categoria-producto\/cat\/5_altres\/regal\/#listItem","position":5,"name":"Regal","item":"https:\/\/www.claret.cat\/categoria-producto\/cat\/5_altres\/regal\/","nextItem":{"@type":"ListItem","@id":"https:\/\/www.claret.cat\/es\/libro\/comercos-emblematics-de-barcelona\/#listItem","name":"COMER\u00c7OS EMBLEM\u00c0TICS DE BARCELONA"},"previousItem":{"@type":"ListItem","@id":"https:\/\/www.claret.cat\/categoria-producto\/cat\/5_altres\/#listItem","name":"Altres"}},{"@type":"ListItem","@id":"https:\/\/www.claret.cat\/es\/libro\/comercos-emblematics-de-barcelona\/#listItem","position":6,"name":"COMER\u00c7OS EMBLEM\u00c0TICS DE BARCELONA","previousItem":{"@type":"ListItem","@id":"https:\/\/www.claret.cat\/categoria-producto\/cat\/5_altres\/regal\/#listItem","name":"Regal"}}]},{"@type":"ItemPage","@id":"https:\/\/www.claret.cat\/es\/libro\/comercos-emblematics-de-barcelona\/#itempage","url":"https:\/\/www.claret.cat\/es\/libro\/comercos-emblematics-de-barcelona\/","name":"COMER\u00c7OS EMBLEM\u00c0TICS DE BARCELONA - VILARRUBIES, ESTEVE 9788418243158 | Llibreria Claret","description":"COMER\u00c7OS EMBLEM\u00c0TICS DE BARCELONA de VILARRUBIES, ESTEVE disponible a\/en Llibreria Claret.","inLanguage":"es-ES","isPartOf":{"@id":"https:\/\/www.claret.cat\/es\/#website"},"breadcrumb":{"@id":"https:\/\/www.claret.cat\/es\/libro\/comercos-emblematics-de-barcelona\/#breadcrumblist"},"image":{"@type":"ImageObject","url":"https:\/\/www.claret.cat\/wp-content\/uploads\/.\/9788418243158.jpg","@id":"https:\/\/www.claret.cat\/es\/libro\/comercos-emblematics-de-barcelona\/#mainImage","width":225,"height":266,"caption":"9788418243158.jpg"},"primaryImageOfPage":{"@id":"https:\/\/www.claret.cat\/es\/libro\/comercos-emblematics-de-barcelona\/#mainImage"},"datePublished":"2022-10-12T07:41:02+02:00","dateModified":"2023-01-28T11:29:29+01:00"},{"@type":"Organization","@id":"https:\/\/www.claret.cat\/es\/#organization","name":"Llibreria Claret","description":"Llibreria religiosa a Barcelona","url":"https:\/\/www.claret.cat\/es\/","email":"comunicacio@claret.cat","telephone":"+34933010887","logo":{"@type":"ImageObject","url":"https:\/\/www.claret.cat\/wp-content\/uploads\/.\/logo-claret-es.png","@id":"https:\/\/www.claret.cat\/es\/libro\/comercos-emblematics-de-barcelona\/#organizationLogo","width":195,"height":79},"image":{"@id":"https:\/\/www.claret.cat\/es\/libro\/comercos-emblematics-de-barcelona\/#organizationLogo"},"sameAs":["https:\/\/www.facebook.com\/LlibreriaClaret","https:\/\/twitter.com\/LlibreriaClaret","https:\/\/www.instagram.com\/llibreriaclaret\/","https:\/\/www.tiktok.com\/@llibreriaclaret","https:\/\/www.youtube.com\/@llibreriaclaret","https:\/\/ca.wikipedia.org\/wiki\/Editorial_Claret"]},{"@type":"WebPage","@id":"https:\/\/www.claret.cat\/es\/libro\/comercos-emblematics-de-barcelona\/#webpage","url":"https:\/\/www.claret.cat\/es\/libro\/comercos-emblematics-de-barcelona\/","name":"COMER\u00c7OS EMBLEM\u00c0TICS DE BARCELONA - VILARRUBIES, ESTEVE 9788418243158 | Llibreria Claret","description":"COMER\u00c7OS EMBLEM\u00c0TICS DE BARCELONA de VILARRUBIES, ESTEVE disponible a\/en Llibreria Claret.","inLanguage":"es-ES","isPartOf":{"@id":"https:\/\/www.claret.cat\/es\/#website"},"breadcrumb":{"@id":"https:\/\/www.claret.cat\/es\/libro\/comercos-emblematics-de-barcelona\/#breadcrumblist"},"image":{"@type":"ImageObject","url":"https:\/\/www.claret.cat\/wp-content\/uploads\/.\/9788418243158.jpg","@id":"https:\/\/www.claret.cat\/es\/libro\/comercos-emblematics-de-barcelona\/#mainImage","width":225,"height":266,"caption":"9788418243158.jpg"},"primaryImageOfPage":{"@id":"https:\/\/www.claret.cat\/es\/libro\/comercos-emblematics-de-barcelona\/#mainImage"},"datePublished":"2022-10-12T07:41:02+02:00","dateModified":"2023-01-28T11:29:29+01:00"},{"@type":"WebSite","@id":"https:\/\/www.claret.cat\/es\/#website","url":"https:\/\/www.claret.cat\/es\/","name":"Llibreria Claret Barcelona","alternateName":"Llibreria Claret","description":"Llibreria religiosa a Barcelona","inLanguage":"es-ES","publisher":{"@id":"https:\/\/www.claret.cat\/es\/#organization"}}]},"og:locale":"es_ES","og:site_name":"Llibreria Claret - Llibreria religiosa a Barcelona","og:type":"article","og:title":"COMER\u00c7OS EMBLEM\u00c0TICS DE BARCELONA - VILARRUBIES, ESTEVE 9788418243158 | Llibreria Claret","og:description":"COMER\u00c7OS EMBLEM\u00c0TICS DE BARCELONA de VILARRUBIES, ESTEVE disponible a\/en Llibreria Claret.","og:url":"https:\/\/www.claret.cat\/es\/libro\/comercos-emblematics-de-barcelona\/","og:image":"https:\/\/dev.claret.cat\/wp-content\/uploads\/logo-claret.svg","og:image:secure_url":"https:\/\/dev.claret.cat\/wp-content\/uploads\/logo-claret.svg","article:published_time":"2022-10-12T05:41:02+00:00","article:modified_time":"2023-01-28T10:29:29+00:00","article:publisher":"https:\/\/www.facebook.com\/LlibreriaClaret","twitter:card":"summary_large_image","twitter:site":"@LlibreriaClaret","twitter:title":"COMER\u00c7OS EMBLEM\u00c0TICS DE BARCELONA - VILARRUBIES, ESTEVE 9788418243158 | Llibreria Claret","twitter:description":"COMER\u00c7OS EMBLEM\u00c0TICS DE BARCELONA de VILARRUBIES, ESTEVE disponible a\/en Llibreria Claret.","twitter:image":"http:\/\/dev.claret.cat\/wp-content\/uploads\/logo-claret.svg"},"aioseo_meta_data":{"post_id":"99549","title":null,"description":null,"keywords":null,"keyphrases":null,"primary_term":null,"canonical_url":null,"og_title":null,"og_description":null,"og_object_type":"default","og_image_type":"default","og_image_url":null,"og_image_width":null,"og_image_height":null,"og_image_custom_url":null,"og_image_custom_fields":null,"og_video":null,"og_custom_url":null,"og_article_section":null,"og_article_tags":null,"twitter_use_og":false,"twitter_card":"default","twitter_image_type":"default","twitter_image_url":null,"twitter_image_custom_url":null,"twitter_image_custom_fields":null,"twitter_title":null,"twitter_description":null,"schema":{"blockGraphs":[],"customGraphs":[],"default":{"data":{"Article":[],"Course":[],"Dataset":[],"FAQPage":[],"Movie":[],"Person":[],"Product":[],"ProductReview":[],"Car":[],"Recipe":[],"Service":[],"SoftwareApplication":[],"WebPage":[]},"graphName":"","isEnabled":true},"graphs":[]},"schema_type":"default","schema_type_options":null,"pillar_content":false,"robots_default":true,"robots_noindex":false,"robots_noarchive":false,"robots_nosnippet":false,"robots_nofollow":false,"robots_noimageindex":false,"robots_noodp":false,"robots_notranslate":false,"robots_max_snippet":null,"robots_max_videopreview":null,"robots_max_imagepreview":"large","priority":null,"frequency":null,"local_seo":null,"seo_analyzer_scan_date":"2025-11-27 17:12:08","breadcrumb_settings":null,"limit_modified_date":false,"open_ai":null,"ai":null,"created":"2022-12-19 08:23:40","updated":"2025-11-27 17:12:08","focus_keyword":null,"additional_keywords":null,"truseo_locale":null},"aioseo_breadcrumb":"<div class=\"aioseo-breadcrumbs\"><span class=\"aioseo-breadcrumb\">\n\t<a href=\"https:\/\/www.claret.cat\/es\/\" title=\"Home\">Home<\/a>\n<\/span><span class=\"aioseo-breadcrumb-separator\">&raquo;<\/span><span class=\"aioseo-breadcrumb\">\n\t<a href=\"https:\/\/www.claret.cat\/?page_id=16\" title=\"Botiga\">Botiga<\/a>\n<\/span><span class=\"aioseo-breadcrumb-separator\">&raquo;<\/span><span class=\"aioseo-breadcrumb\">\n\t<a href=\"https:\/\/www.claret.cat\/categoria-producto\/cat\/\" title=\"CAT\">CAT<\/a>\n<\/span><span class=\"aioseo-breadcrumb-separator\">&raquo;<\/span><span class=\"aioseo-breadcrumb\">\n\t<a href=\"https:\/\/www.claret.cat\/categoria-producto\/cat\/5_altres\/\" title=\"Altres\">Altres<\/a>\n<\/span><span class=\"aioseo-breadcrumb-separator\">&raquo;<\/span><span class=\"aioseo-breadcrumb\">\n\t<a href=\"https:\/\/www.claret.cat\/categoria-producto\/cat\/5_altres\/regal\/\" title=\"Regal\">Regal<\/a>\n<\/span><span class=\"aioseo-breadcrumb-separator\">&raquo;<\/span><span class=\"aioseo-breadcrumb\">\n\tCOMER\u00c7OS EMBLEM\u00c0TICS DE BARCELONA\n<\/span><\/div>","aioseo_breadcrumb_json":[{"label":"Home","link":"https:\/\/www.claret.cat\/es\/"},{"label":"Botiga","link":"https:\/\/www.claret.cat\/?page_id=16"},{"label":"CAT","link":"https:\/\/www.claret.cat\/categoria-producto\/cat\/"},{"label":"Altres","link":"https:\/\/www.claret.cat\/categoria-producto\/cat\/5_altres\/"},{"label":"Regal","link":"https:\/\/www.claret.cat\/categoria-producto\/cat\/5_altres\/regal\/"},{"label":"COMER\u00c7OS EMBLEM\u00c0TICS DE BARCELONA","link":"https:\/\/www.claret.cat\/es\/libro\/comercos-emblematics-de-barcelona\/"}],"_links":{"self":[{"href":"https:\/\/www.claret.cat\/es\/wp-json\/wp\/v2\/product\/99549","targetHints":{"allow":["GET"]}}],"collection":[{"href":"https:\/\/www.claret.cat\/es\/wp-json\/wp\/v2\/product"}],"about":[{"href":"https:\/\/www.claret.cat\/es\/wp-json\/wp\/v2\/types\/product"}],"wp:featuredmedia":[{"embeddable":true,"href":"https:\/\/www.claret.cat\/es\/wp-json\/wp\/v2\/media\/99550"}],"wp:attachment":[{"href":"https:\/\/www.claret.cat\/es\/wp-json\/wp\/v2\/media?parent=99549"}],"wp:term":[{"taxonomy":"product_brand","embeddable":true,"href":"https:\/\/www.claret.cat\/es\/wp-json\/wp\/v2\/product_brand?post=99549"},{"taxonomy":"product_cat","embeddable":true,"href":"https:\/\/www.claret.cat\/es\/wp-json\/wp\/v2\/product_cat?post=99549"},{"taxonomy":"product_tag","embeddable":true,"href":"https:\/\/www.claret.cat\/es\/wp-json\/wp\/v2\/product_tag?post=99549"}],"curies":[{"name":"wp","href":"https:\/\/api.w.org\/{rel}","templated":true}]}}