{"id":995937,"date":"2024-12-13T18:25:36","date_gmt":"2024-12-13T17:25:36","guid":{"rendered":"https:\/\/www.claret.cat\/llibre\/cuentos-feroces-9788415305804\/"},"modified":"2025-12-18T16:26:18","modified_gmt":"2025-12-18T15:26:18","slug":"cuentos-feroces-9788415305804","status":"publish","type":"product","link":"https:\/\/www.claret.cat\/es\/libro\/cuentos-feroces-9788415305804\/","title":{"rendered":"CUENTOS FEROCES"},"content":{"rendered":"<p>En Cuentos feroces, el escritor franc\u00e9s L\u00e9on Bloy recoge, literariamente reelaborados, episodios crueles hasta el l\u00edmite vividos u o\u00eddos en la guerra francoprusiana (1870-1871), en la que el autor combati\u00f3 como voluntario del Ej\u00e9rcito del Loira. Para Bloy, la guerra no es una maldici\u00f3n, sino un principio de liberaci\u00f3n, una repetici\u00f3n del Armaged\u00f3n del Apocalipsis que, al precipitar la historia, traer\u00e1 necesariamente la consumaci\u00f3n de los tiempos y el anhelado Reino de Dios. Pero m\u00e1s all\u00e1 de la materia b\u00e9lica, omnipresente, todos los cuentos de esta selecci\u00f3n est\u00e1n presididos por las obsesiones de Bloy, que otros, que \u00e9l mismo, llamaban fe: la interpretaci\u00f3n en clave sobrenatural de sucesos hist\u00f3ricos, la convicci\u00f3n religiosa inconmovible, la diatriba virulenta, el ejercicio fan\u00e1tico del nacionalismo franc\u00e9s, el tono prof\u00e9tico, de dureza extrema, el desprecio absoluto por lo burgu\u00e9s, identificado con lo demon\u00edaco, etc.<\/p>\n<p> Todos los componentes tem\u00e1ticos de la obra, antip\u00e1ticos o, cuando menos, inc\u00f3modos a primera vista, se combinan, con la argamasa de una prosa refulgente, incendiaria, dando como resultado una obra de arte abrasiva, que quema las manos y los ojos de quien la lee.<\/p>\n","protected":false},"excerpt":{"rendered":"<p>BLOY, L\u00c9ON<\/p>\n","protected":false},"featured_media":995938,"template":"","meta":{"_acf_changed":false,"om_disable_all_campaigns":false,"rs_blank_template":"","rs_page_bg_color":"","slide_template_v7":"","inline_featured_image":false,"_monsterinsights_skip_tracking":false,"_monsterinsights_sitenote_active":false,"_monsterinsights_sitenote_note":"","_monsterinsights_sitenote_category":0},"product_brand":[],"product_cat":[354,123,127,357],"product_tag":[],"class_list":{"0":"post-995937","1":"product","2":"type-product","3":"status-publish","4":"has-post-thumbnail","6":"product_cat-clasica","7":"product_cat-classica","8":"product_cat-novella-contemporania","9":"product_cat-novela-contemporanea","11":"first","12":"instock","13":"taxable","14":"shipping-taxable","15":"purchasable","16":"product-type-simple"},"acf":{"autor":"BLOY, L\u00c9ON","codart":"841530580","libros-coleccion":"FORA DE COL.LECCI\u00d3","ediciones":"1","encuadernacion":"R\u00fastica","fecha_de_publicacion":"01\/01\/2015","novedad":"1","paginas":"208","subtitulo":"","orden":"0","portada":"0","idioma":"spa","booktrailer":"","resenas":"","editorial":[{"ID":1000332,"post_author":"3","post_date":"2025-01-20 08:45:01","post_date_gmt":"2025-01-20 07:45:01","post_content":"","post_title":"Ediciones Cinca","post_excerpt":"","post_status":"publish","comment_status":"closed","ping_status":"closed","post_password":"","post_name":"ediciones-cinca","to_ping":"","pinged":"","post_modified":"2025-01-20 08:45:01","post_modified_gmt":"2025-01-20 07:45:01","post_content_filtered":"","post_parent":0,"guid":"https:\/\/www.claret.cat\/editorial\/ediciones-cinca\/","menu_order":0,"post_type":"editorial","post_mime_type":"","comment_count":"0","filter":"raw"}]},"aioseo_notices":[],"_links":{"self":[{"href":"https:\/\/www.claret.cat\/es\/wp-json\/wp\/v2\/product\/995937","targetHints":{"allow":["GET"]}}],"collection":[{"href":"https:\/\/www.claret.cat\/es\/wp-json\/wp\/v2\/product"}],"about":[{"href":"https:\/\/www.claret.cat\/es\/wp-json\/wp\/v2\/types\/product"}],"wp:featuredmedia":[{"embeddable":true,"href":"https:\/\/www.claret.cat\/es\/wp-json\/wp\/v2\/media\/995938"}],"wp:attachment":[{"href":"https:\/\/www.claret.cat\/es\/wp-json\/wp\/v2\/media?parent=995937"}],"wp:term":[{"taxonomy":"product_brand","embeddable":true,"href":"https:\/\/www.claret.cat\/es\/wp-json\/wp\/v2\/product_brand?post=995937"},{"taxonomy":"product_cat","embeddable":true,"href":"https:\/\/www.claret.cat\/es\/wp-json\/wp\/v2\/product_cat?post=995937"},{"taxonomy":"product_tag","embeddable":true,"href":"https:\/\/www.claret.cat\/es\/wp-json\/wp\/v2\/product_tag?post=995937"}],"curies":[{"name":"wp","href":"https:\/\/api.w.org\/{rel}","templated":true}]}}